{"id":18340,"date":"2018-04-15T12:00:40","date_gmt":"2018-04-15T10:00:40","guid":{"rendered":"https:\/\/casa-interior.com\/?post_type=avada_portfolio&#038;p=18340"},"modified":"2019-03-17T12:47:49","modified_gmt":"2019-03-17T11:47:49","slug":"arredo3-cloe-alfaz-del-pi","status":"publish","type":"avada_portfolio","link":"https:\/\/casa-interior.com\/es\/portfolio-items\/arredo3-cloe-alfaz-del-pi\/","title":{"rendered":"Arredo3 Cloe &#8211; Alfaz del Pi"},"content":{"rendered":"<p><div class=\"fusion-fullwidth fullwidth-box fusion-builder-row-1 nonhundred-percent-fullwidth non-hundred-percent-height-scrolling\" style=\"--awb-border-radius-top-left:0px;--awb-border-radius-top-right:0px;--awb-border-radius-bottom-right:0px;--awb-border-radius-bottom-left:0px;--awb-flex-wrap:wrap;\" ><div class=\"fusion-builder-row fusion-row\"><div class=\"fusion-layout-column fusion_builder_column fusion-builder-column-0 fusion_builder_column_1_1 1_1 fusion-one-full fusion-column-first fusion-column-last\" style=\"--awb-bg-size:cover;\"><div class=\"fusion-column-wrapper fusion-flex-column-wrapper-legacy\"><div class=\"fusion-title title fusion-title-1 fusion-sep-none fusion-title-center fusion-title-text fusion-title-size-two\" style=\"--awb-margin-top-small:0px;--awb-margin-right-small:0px;--awb-margin-bottom-small:20px;--awb-margin-left-small:0px;\"><h2 class=\"fusion-title-heading title-heading-center fusion-responsive-typography-calculated\" style=\"margin:0;--fontSize:60;line-height:1.17;\"><h2>Cocina Arredo3 Cloe en Alfaz del Pi<\/h2><\/h2><\/div><div class=\"fusion-sep-clear\"><\/div><div class=\"fusion-separator fusion-full-width-sep\" style=\"margin-left: auto;margin-right: auto;width:100%;\"><\/div><div class=\"fusion-sep-clear\"><\/div><div class=\"fusion-content-boxes content-boxes columns row fusion-columns-4 fusion-columns-total-4 fusion-content-boxes-1 content-boxes-icon-with-title content-left\" style=\"--awb-backgroundcolor:#f6f6f6;--awb-iconcolor:#cb2128;--awb-hover-accent-color:#cb2128;--awb-circle-hover-accent-color:#cb2128;\" data-animationOffset=\"top-into-view\"><div style=\"--awb-backgroundcolor:#f6f6f6;--awb-iconcolor:#cb2128;\" class=\"fusion-column content-box-column content-box-column content-box-column-1 col-lg-3 col-md-3 col-sm-3 fusion-content-box-hover content-box-column-first-in-row\"><div class=\"col content-box-wrapper content-wrapper-background link-area-box icon-hover-animation-slide\" data-animationOffset=\"top-into-view\"><div class=\"heading icon-left\"><h2 class=\"content-box-heading fusion-responsive-typography-calculated\" style=\"--h2_typography-font-size:20px;--fontSize:20;line-height:3.5;\">MARCA<\/h2><\/div><div class=\"fusion-clearfix\"><\/div><div class=\"content-container\">\n<p>Arredo3<\/p>\n<\/div><\/div><\/div><div style=\"--awb-backgroundcolor:#f6f6f6;--awb-iconcolor:#cb2128;\" class=\"fusion-column content-box-column content-box-column content-box-column-2 col-lg-3 col-md-3 col-sm-3 fusion-content-box-hover \"><div class=\"col content-box-wrapper content-wrapper-background link-area-box icon-hover-animation-slide\" data-animationOffset=\"top-into-view\"><div class=\"heading icon-left\"><h2 class=\"content-box-heading fusion-responsive-typography-calculated\" style=\"--h2_typography-font-size:20px;--fontSize:20;line-height:3.5;\">COLOR<\/h2><\/div><div class=\"fusion-clearfix\"><\/div><div class=\"content-container\">\n<p>Perla<\/p>\n<\/div><\/div><\/div><div style=\"--awb-backgroundcolor:#f6f6f6;--awb-iconcolor:#cb2128;\" class=\"fusion-column content-box-column content-box-column content-box-column-3 col-lg-3 col-md-3 col-sm-3 fusion-content-box-hover \"><div class=\"col content-box-wrapper content-wrapper-background link-area-box icon-hover-animation-slide\" data-animationOffset=\"top-into-view\"><div class=\"heading icon-left\"><h2 class=\"content-box-heading fusion-responsive-typography-calculated\" style=\"--h2_typography-font-size:20px;--fontSize:20;line-height:3.5;\">TIRADOR<\/h2><\/div><div class=\"fusion-clearfix\"><\/div><div class=\"content-container\">\n<p>753 Inox<\/p>\n<\/div><\/div><\/div><div style=\"--awb-backgroundcolor:#f6f6f6;--awb-iconcolor:#cb2128;\" class=\"fusion-column content-box-column content-box-column content-box-column-4 col-lg-3 col-md-3 col-sm-3 fusion-content-box-hover content-box-column-last content-box-column-last-in-row\"><div class=\"col content-box-wrapper content-wrapper-background link-area-box icon-hover-animation-slide\" data-animationOffset=\"top-into-view\"><div class=\"heading icon-left\"><h2 class=\"content-box-heading fusion-responsive-typography-calculated\" style=\"--h2_typography-font-size:20px;--fontSize:20;line-height:3.5;\">ENCIMERA<\/h2><\/div><div class=\"fusion-clearfix\"><\/div><div class=\"content-container\">\n<p>Silestone Coral Clay<\/p>\n<\/div><\/div><\/div><div class=\"fusion-clearfix\"><\/div><\/div><div class=\"fusion-sep-clear\"><\/div><div class=\"fusion-separator fusion-full-width-sep\" style=\"margin-left: auto;margin-right: auto;width:100%;\"><\/div><div class=\"fusion-sep-clear\"><\/div><div class=\"fusion-clearfix\"><\/div><\/div><\/div><\/div><\/div><div class=\"fusion-fullwidth fullwidth-box fusion-builder-row-2 nonhundred-percent-fullwidth non-hundred-percent-height-scrolling\" style=\"--awb-border-radius-top-left:0px;--awb-border-radius-top-right:0px;--awb-border-radius-bottom-right:0px;--awb-border-radius-bottom-left:0px;--awb-flex-wrap:wrap;\" ><div class=\"fusion-builder-row fusion-row\"><div class=\"fusion-layout-column fusion_builder_column fusion-builder-column-1 fusion_builder_column_2_3 2_3 fusion-two-third fusion-column-first\" style=\"--awb-bg-size:cover;width:66.666666666667%;width:calc(66.666666666667% - ( ( 4% ) * 0.66666666666667 ) );margin-right: 4%;\"><div class=\"fusion-column-wrapper fusion-flex-column-wrapper-legacy\"><div class=\"fusion-text fusion-text-1\"><p>Esta acogedora cocina que hemos hecho ha sido un peque\u00f1o desaf\u00edo por la forma y tama\u00f1o de la habitaci\u00f3n. Sin paredes rectas, sin \u00e1ngulos de 90\u00ba, con columnas y sin apenas espacio para trabajar. Pero estamos muy orgullosos del resultado de esta reforma de cocina. Nuestros clientes estaban buscando algo bonito y econ\u00f3mico y <a href=\"https:\/\/casa-interior.com\/es\/portfolio-items\/arredo3-cloe\/\">Arredo3 Cloe<\/a> en color <a href=\"https:\/\/casa-interior.com\/es\/?s=perla&amp;lang=es\">perla<\/a> fue su elecci\u00f3n. Una preciosa cocina, pr\u00e1ctica y brillante.<\/p>\n<p>La cocina est\u00e1 dividida entre dos paredes, una enfrente de la otra. En una parte est\u00e1 la parte de agua y limpieza y la otra la zona para cocinar. Las dos con el mismo tama\u00f1o, pero con algunas diferencias, obviamente.<\/p>\n<p>La zona de aguas se compone de un mueble fregadero de 60 cm de ancho con una protecci\u00f3n de aluminio en la base, como todos nuestros muebles para fregaderos. Adem\u00e1s se ha instalado un cubo de basura extra\u00edble con capacidad para dos bolsas de 21 litros. Al lado, un mueble de 15 cm de ancho, un mueble de 60 cm de ancho y otro mueble de 60 cm con 4 cajones. Encima de estos dos \u00faltimos hay un mueble alto de 90 cm de ancho con estanter\u00edas en el interior.<\/p>\n<p>En la zona caliente o de trabajo hay dos muebles bajos de 60 cm en los extremos con dos grandes cajones cada uno para la vajilla, sartenes y cacerolas. Tambi\u00e9n, hay un mueble extra\u00edble de 15 cm de ancho para botes y especias. Por \u00faltimo, un mueble para integrar el horno y la placa de inducci\u00f3n de la marca <a href=\"https:\/\/www.balay.es\/\">Balay<\/a>. Encima de esto muebles bajos hemos instalado un mueble alto de dos puertas de 80 cm de ancho, un mueble alto de 60 cm con el extractor extra\u00edble de Balay y otro mueble alto de 60 cm. Todos con estanter\u00edas en su interior.<\/p>\n<p>Los z\u00f3calos de la cocina tienen un z\u00f3calo con acabado en Inox, que casa perfectamente con el color Perla de la cocina Arredo3 Cloe y los tiradores en acero inoxidable.<\/p>\n<p>La encimera es de la marca <a href=\"https:\/\/www.silestone.es\">Silestone<\/a> modelo Coral Clay con un espesor de 2 cm de grosor y con regatas (surcos para el agua) pegadas al fregadero bajo encimera de la marca <a href=\"https:\/\/dake.es\/es\/blanco-es\/\">Blanco<\/a> modelo Supra. El grifo es abatible para permitir la apertura de la ventana de la marca <a href=\"https:\/\/grb.es\/\">GRB<\/a> y se ha a\u00f1adido un filtro de agua de la marca <a href=\"http:\/\/waterwaysproducts.com.au\/\">Waterways<\/a>.<\/p>\n<p>You can keep watching more projects <a href=\"https:\/\/casa-interior.com\/es\/proyectos\/\">here<\/a> or you can <a href=\"https:\/\/casa-interior.com\/es\/contacto-casa-interior\/\">contact us<\/a> to ask for a design.<\/p>\n<\/div><div class=\"fusion-clearfix\"><\/div><\/div><\/div><div class=\"fusion-layout-column fusion_builder_column fusion-builder-column-2 fusion_builder_column_1_3 1_3 fusion-one-third fusion-column-last\" style=\"--awb-bg-size:cover;width:33.333333333333%;width:calc(33.333333333333% - ( ( 4% ) * 0.33333333333333 ) );\"><div class=\"fusion-column-wrapper fusion-flex-column-wrapper-legacy\"><div class=\"fusion-image-carousel fusion-image-carousel-auto fusion-image-carousel-1 lightbox-enabled fusion-carousel-border\"><div class=\"awb-carousel awb-swiper awb-swiper-carousel awb-carousel--carousel awb-swiper-dots-position-bottom\" data-layout=\"carousel\" data-autoplay=\"yes\" data-autoplayspeed=\"2500\" data-autoplaypause=\"no\" data-columns=\"1\" data-columnsmedium=\"1\" data-columnssmall=\"1\" data-itemmargin=\"13\" data-itemwidth=\"180\" data-touchscroll=\"no\" data-freemode=\"no\" data-imagesize=\"auto\" data-scrollitems=\"0\" data-centeredslides=\"no\" data-rotationangle=\"50\" data-depth=\"100\" data-speed=\"500\" data-shadow=\"no\" data-pagination=\"bullets\" style=\"--awb-columns:1;--awb-border-width:1px;--awb-border-color:#e9eaee;\"><div class=\"swiper-wrapper awb-image-carousel-wrapper fusion-flex-align-items-center\"><div class=\"swiper-slide\"><div class=\"fusion-carousel-item-wrapper\"><div class=\"fusion-image-wrapper hover-type-none\"><a data-rel=\"iLightbox[image_carousel_1]\" data-title=\"Arredo3 Cloe Perla\" aria-label=\"Arredo3 Cloe Perla\" href=\"https:\/\/casa-interior.com\/wp-content\/uploads\/2019\/03\/Arredo3-Cloe-Perla-1-Espa\u00f1ol.jpg\" target=\"_self\"><img decoding=\"async\" width=\"3508\" height=\"2480\" src=\"https:\/\/casa-interior.com\/wp-content\/uploads\/2019\/03\/Arredo3-Cloe-Perla-1-Espa\u00f1ol.jpg\" class=\"attachment-full size-full\" alt=\"Arredo3 Cloe Pearl\" srcset=\"https:\/\/casa-interior.com\/wp-content\/uploads\/2019\/03\/Arredo3-Cloe-Perla-1-Espa\u00f1ol-200x141.jpg 200w, https:\/\/casa-interior.com\/wp-content\/uploads\/2019\/03\/Arredo3-Cloe-Perla-1-Espa\u00f1ol-300x212.jpg 300w, https:\/\/casa-interior.com\/wp-content\/uploads\/2019\/03\/Arredo3-Cloe-Perla-1-Espa\u00f1ol-400x283.jpg 400w, https:\/\/casa-interior.com\/wp-content\/uploads\/2019\/03\/Arredo3-Cloe-Perla-1-Espa\u00f1ol-600x424.jpg 600w, https:\/\/casa-interior.com\/wp-content\/uploads\/2019\/03\/Arredo3-Cloe-Perla-1-Espa\u00f1ol-768x543.jpg 768w, https:\/\/casa-interior.com\/wp-content\/uploads\/2019\/03\/Arredo3-Cloe-Perla-1-Espa\u00f1ol-800x566.jpg 800w, https:\/\/casa-interior.com\/wp-content\/uploads\/2019\/03\/Arredo3-Cloe-Perla-1-Espa\u00f1ol-1024x724.jpg 1024w, https:\/\/casa-interior.com\/wp-content\/uploads\/2019\/03\/Arredo3-Cloe-Perla-1-Espa\u00f1ol-1200x848.jpg 1200w, https:\/\/casa-interior.com\/wp-content\/uploads\/2019\/03\/Arredo3-Cloe-Perla-1-Espa\u00f1ol.jpg 3508w\" sizes=\"(max-width: 3508px) 100vw, 3508px\" \/><\/a><\/div><\/div><\/div><div class=\"swiper-slide\"><div class=\"fusion-carousel-item-wrapper\"><div class=\"fusion-image-wrapper hover-type-none\"><a data-rel=\"iLightbox[image_carousel_1]\" data-title=\"Arredo3 Cloe Perla\" aria-label=\"Arredo3 Cloe Perla\" href=\"https:\/\/casa-interior.com\/wp-content\/uploads\/2019\/03\/Arredo3-Cloe-Perla-2-Espa\u00f1ol.jpg\" target=\"_self\"><img decoding=\"async\" width=\"3508\" height=\"2480\" src=\"https:\/\/casa-interior.com\/wp-content\/uploads\/2019\/03\/Arredo3-Cloe-Perla-2-Espa\u00f1ol.jpg\" class=\"attachment-full size-full\" alt=\"Arredo3 Cloe Pearl\" srcset=\"https:\/\/casa-interior.com\/wp-content\/uploads\/2019\/03\/Arredo3-Cloe-Perla-2-Espa\u00f1ol-200x141.jpg 200w, https:\/\/casa-interior.com\/wp-content\/uploads\/2019\/03\/Arredo3-Cloe-Perla-2-Espa\u00f1ol-300x212.jpg 300w, https:\/\/casa-interior.com\/wp-content\/uploads\/2019\/03\/Arredo3-Cloe-Perla-2-Espa\u00f1ol-400x283.jpg 400w, https:\/\/casa-interior.com\/wp-content\/uploads\/2019\/03\/Arredo3-Cloe-Perla-2-Espa\u00f1ol-600x424.jpg 600w, https:\/\/casa-interior.com\/wp-content\/uploads\/2019\/03\/Arredo3-Cloe-Perla-2-Espa\u00f1ol-768x543.jpg 768w, https:\/\/casa-interior.com\/wp-content\/uploads\/2019\/03\/Arredo3-Cloe-Perla-2-Espa\u00f1ol-800x566.jpg 800w, https:\/\/casa-interior.com\/wp-content\/uploads\/2019\/03\/Arredo3-Cloe-Perla-2-Espa\u00f1ol-1024x724.jpg 1024w, https:\/\/casa-interior.com\/wp-content\/uploads\/2019\/03\/Arredo3-Cloe-Perla-2-Espa\u00f1ol-1200x848.jpg 1200w, https:\/\/casa-interior.com\/wp-content\/uploads\/2019\/03\/Arredo3-Cloe-Perla-2-Espa\u00f1ol.jpg 3508w\" sizes=\"(max-width: 3508px) 100vw, 3508px\" \/><\/a><\/div><\/div><\/div><div class=\"swiper-slide\"><div class=\"fusion-carousel-item-wrapper\"><div class=\"fusion-image-wrapper hover-type-none\"><a data-rel=\"iLightbox[image_carousel_1]\" data-title=\"Arredo3 Cloe Perla\" aria-label=\"Arredo3 Cloe Perla\" href=\"https:\/\/casa-interior.com\/wp-content\/uploads\/2019\/03\/Arredo3-Cloe-Perla-3-Espa\u00f1ol.jpg\" target=\"_self\"><img decoding=\"async\" width=\"3508\" height=\"2480\" src=\"https:\/\/casa-interior.com\/wp-content\/uploads\/2019\/03\/Arredo3-Cloe-Perla-3-Espa\u00f1ol.jpg\" class=\"attachment-full size-full\" alt=\"Arredo3 Cloe Pearl\" srcset=\"https:\/\/casa-interior.com\/wp-content\/uploads\/2019\/03\/Arredo3-Cloe-Perla-3-Espa\u00f1ol-200x141.jpg 200w, https:\/\/casa-interior.com\/wp-content\/uploads\/2019\/03\/Arredo3-Cloe-Perla-3-Espa\u00f1ol-300x212.jpg 300w, https:\/\/casa-interior.com\/wp-content\/uploads\/2019\/03\/Arredo3-Cloe-Perla-3-Espa\u00f1ol-400x283.jpg 400w, https:\/\/casa-interior.com\/wp-content\/uploads\/2019\/03\/Arredo3-Cloe-Perla-3-Espa\u00f1ol-600x424.jpg 600w, https:\/\/casa-interior.com\/wp-content\/uploads\/2019\/03\/Arredo3-Cloe-Perla-3-Espa\u00f1ol-768x543.jpg 768w, https:\/\/casa-interior.com\/wp-content\/uploads\/2019\/03\/Arredo3-Cloe-Perla-3-Espa\u00f1ol-800x566.jpg 800w, https:\/\/casa-interior.com\/wp-content\/uploads\/2019\/03\/Arredo3-Cloe-Perla-3-Espa\u00f1ol-1024x724.jpg 1024w, https:\/\/casa-interior.com\/wp-content\/uploads\/2019\/03\/Arredo3-Cloe-Perla-3-Espa\u00f1ol-1200x848.jpg 1200w, https:\/\/casa-interior.com\/wp-content\/uploads\/2019\/03\/Arredo3-Cloe-Perla-3-Espa\u00f1ol.jpg 3508w\" sizes=\"(max-width: 3508px) 100vw, 3508px\" \/><\/a><\/div><\/div><\/div><\/div><div class=\"awb-swiper-button awb-swiper-button-prev\"><i class=\"awb-icon-angle-left\" aria-hidden=\"true\"><\/i><\/div><div class=\"awb-swiper-button awb-swiper-button-next\"><i class=\"awb-icon-angle-right\" aria-hidden=\"true\"><\/i><\/div><\/div><\/div><div class=\"fusion-clearfix\"><\/div><\/div><\/div><\/div><\/div><\/p>\n","protected":false},"excerpt":{"rendered":"","protected":false},"author":1,"featured_media":18349,"menu_order":0,"comment_status":"open","ping_status":"closed","template":"","format":"standard","meta":{"footnotes":""},"portfolio_category":[717],"portfolio_skills":[],"portfolio_tags":[1143,897,1447,710,1091,1493,1492,1490,1491],"class_list":["post-18340","avada_portfolio","type-avada_portfolio","status-publish","format-standard","has-post-thumbnail","hentry","portfolio_category-proyectos","portfolio_tags-acero-inoxidable","portfolio_tags-arredo3-es","portfolio_tags-balay-es","portfolio_tags-blanco","portfolio_tags-cloe-es","portfolio_tags-coral-clay-es","portfolio_tags-grb-es","portfolio_tags-perla","portfolio_tags-waterways-es"],"yoast_head":"<!-- This site is optimized with the Yoast SEO plugin v27.3 - https:\/\/yoast.com\/product\/yoast-seo-wordpress\/ -->\n<title>Casa Interior - Proyectos -Antes y Despu\u00e9s - 4 -2018 - Arredo3 Cloe<\/title>\n<meta name=\"robots\" content=\"index, follow, max-snippet:-1, max-image-preview:large, max-video-preview:-1\" \/>\n<link rel=\"canonical\" href=\"https:\/\/casa-interior.com\/es\/portfolio-items\/arredo3-cloe-alfaz-del-pi\/\" \/>\n<meta property=\"og:locale\" content=\"es_ES\" \/>\n<meta property=\"og:type\" content=\"article\" \/>\n<meta property=\"og:title\" content=\"Casa Interior - Proyectos -Antes y Despu\u00e9s - 4 -2018 - Arredo3 Cloe\" \/>\n<meta property=\"og:url\" content=\"https:\/\/casa-interior.com\/es\/portfolio-items\/arredo3-cloe-alfaz-del-pi\/\" \/>\n<meta property=\"og:site_name\" content=\"Casa Interior\" \/>\n<meta property=\"article:publisher\" content=\"https:\/\/www.facebook.com\/kitchens.costa.blanca\/\" \/>\n<meta property=\"article:modified_time\" content=\"2019-03-17T11:47:49+00:00\" \/>\n<meta property=\"og:image\" content=\"https:\/\/casa-interior.com\/wp-content\/uploads\/2019\/03\/Arredo3-Cloe-Perla-Portada.jpg\" \/>\n\t<meta property=\"og:image:width\" content=\"1280\" \/>\n\t<meta property=\"og:image:height\" content=\"754\" \/>\n\t<meta property=\"og:image:type\" content=\"image\/jpeg\" \/>\n<meta name=\"twitter:card\" content=\"summary_large_image\" \/>\n<meta name=\"twitter:label1\" content=\"Tiempo de lectura\" \/>\n\t<meta name=\"twitter:data1\" content=\"7 minutos\" \/>\n<script type=\"application\/ld+json\" class=\"yoast-schema-graph\">{\"@context\":\"https:\\\/\\\/schema.org\",\"@graph\":[{\"@type\":\"WebPage\",\"@id\":\"https:\\\/\\\/casa-interior.com\\\/es\\\/portfolio-items\\\/arredo3-cloe-alfaz-del-pi\\\/\",\"url\":\"https:\\\/\\\/casa-interior.com\\\/es\\\/portfolio-items\\\/arredo3-cloe-alfaz-del-pi\\\/\",\"name\":\"Casa Interior - Proyectos -Antes y Despu\u00e9s - 4 -2018 - Arredo3 Cloe\",\"isPartOf\":{\"@id\":\"https:\\\/\\\/casa-interior.com\\\/es\\\/#website\"},\"primaryImageOfPage\":{\"@id\":\"https:\\\/\\\/casa-interior.com\\\/es\\\/portfolio-items\\\/arredo3-cloe-alfaz-del-pi\\\/#primaryimage\"},\"image\":{\"@id\":\"https:\\\/\\\/casa-interior.com\\\/es\\\/portfolio-items\\\/arredo3-cloe-alfaz-del-pi\\\/#primaryimage\"},\"thumbnailUrl\":\"https:\\\/\\\/casa-interior.com\\\/wp-content\\\/uploads\\\/2019\\\/03\\\/Arredo3-Cloe-Perla-Portada.jpg\",\"datePublished\":\"2018-04-15T10:00:40+00:00\",\"dateModified\":\"2019-03-17T11:47:49+00:00\",\"breadcrumb\":{\"@id\":\"https:\\\/\\\/casa-interior.com\\\/es\\\/portfolio-items\\\/arredo3-cloe-alfaz-del-pi\\\/#breadcrumb\"},\"inLanguage\":\"es\",\"potentialAction\":[{\"@type\":\"ReadAction\",\"target\":[\"https:\\\/\\\/casa-interior.com\\\/es\\\/portfolio-items\\\/arredo3-cloe-alfaz-del-pi\\\/\"]}]},{\"@type\":\"ImageObject\",\"inLanguage\":\"es\",\"@id\":\"https:\\\/\\\/casa-interior.com\\\/es\\\/portfolio-items\\\/arredo3-cloe-alfaz-del-pi\\\/#primaryimage\",\"url\":\"https:\\\/\\\/casa-interior.com\\\/wp-content\\\/uploads\\\/2019\\\/03\\\/Arredo3-Cloe-Perla-Portada.jpg\",\"contentUrl\":\"https:\\\/\\\/casa-interior.com\\\/wp-content\\\/uploads\\\/2019\\\/03\\\/Arredo3-Cloe-Perla-Portada.jpg\",\"width\":1280,\"height\":754,\"caption\":\"Arredo3 Cloe Pearl\"},{\"@type\":\"BreadcrumbList\",\"@id\":\"https:\\\/\\\/casa-interior.com\\\/es\\\/portfolio-items\\\/arredo3-cloe-alfaz-del-pi\\\/#breadcrumb\",\"itemListElement\":[{\"@type\":\"ListItem\",\"position\":1,\"name\":\"Portada\",\"item\":\"https:\\\/\\\/casa-interior.com\\\/es\\\/casa-interior\\\/\"},{\"@type\":\"ListItem\",\"position\":2,\"name\":\"Portfolio\",\"item\":\"https:\\\/\\\/casa-interior.com\\\/es\\\/portfolio-items\\\/\"},{\"@type\":\"ListItem\",\"position\":3,\"name\":\"Arredo3 Cloe &#8211; Alfaz del Pi\"}]},{\"@type\":\"WebSite\",\"@id\":\"https:\\\/\\\/casa-interior.com\\\/es\\\/#website\",\"url\":\"https:\\\/\\\/casa-interior.com\\\/es\\\/\",\"name\":\"Casa Interior\",\"description\":\"Kitchen Designers in Costa Blanca\",\"publisher\":{\"@id\":\"https:\\\/\\\/casa-interior.com\\\/es\\\/#organization\"},\"potentialAction\":[{\"@type\":\"SearchAction\",\"target\":{\"@type\":\"EntryPoint\",\"urlTemplate\":\"https:\\\/\\\/casa-interior.com\\\/es\\\/?s={search_term_string}\"},\"query-input\":{\"@type\":\"PropertyValueSpecification\",\"valueRequired\":true,\"valueName\":\"search_term_string\"}}],\"inLanguage\":\"es\"},{\"@type\":\"Organization\",\"@id\":\"https:\\\/\\\/casa-interior.com\\\/es\\\/#organization\",\"name\":\"Casa Interior\",\"url\":\"https:\\\/\\\/casa-interior.com\\\/es\\\/\",\"logo\":{\"@type\":\"ImageObject\",\"inLanguage\":\"es\",\"@id\":\"https:\\\/\\\/casa-interior.com\\\/es\\\/#\\\/schema\\\/logo\\\/image\\\/\",\"url\":\"https:\\\/\\\/casa-interior.com\\\/wp-content\\\/uploads\\\/2018\\\/03\\\/Logo-Casa-Interior-nuevo-150px.png\",\"contentUrl\":\"https:\\\/\\\/casa-interior.com\\\/wp-content\\\/uploads\\\/2018\\\/03\\\/Logo-Casa-Interior-nuevo-150px.png\",\"width\":150,\"height\":150,\"caption\":\"Casa Interior\"},\"image\":{\"@id\":\"https:\\\/\\\/casa-interior.com\\\/es\\\/#\\\/schema\\\/logo\\\/image\\\/\"},\"sameAs\":[\"https:\\\/\\\/www.facebook.com\\\/kitchens.costa.blanca\\\/\",\"https:\\\/\\\/www.instagram.com\\\/casainterioraltea\"]}]}<\/script>\n<!-- \/ Yoast SEO plugin. -->","yoast_head_json":{"title":"Casa Interior - Proyectos -Antes y Despu\u00e9s - 4 -2018 - Arredo3 Cloe","robots":{"index":"index","follow":"follow","max-snippet":"max-snippet:-1","max-image-preview":"max-image-preview:large","max-video-preview":"max-video-preview:-1"},"canonical":"https:\/\/casa-interior.com\/es\/portfolio-items\/arredo3-cloe-alfaz-del-pi\/","og_locale":"es_ES","og_type":"article","og_title":"Casa Interior - Proyectos -Antes y Despu\u00e9s - 4 -2018 - Arredo3 Cloe","og_url":"https:\/\/casa-interior.com\/es\/portfolio-items\/arredo3-cloe-alfaz-del-pi\/","og_site_name":"Casa Interior","article_publisher":"https:\/\/www.facebook.com\/kitchens.costa.blanca\/","article_modified_time":"2019-03-17T11:47:49+00:00","og_image":[{"width":1280,"height":754,"url":"https:\/\/casa-interior.com\/wp-content\/uploads\/2019\/03\/Arredo3-Cloe-Perla-Portada.jpg","type":"image\/jpeg"}],"twitter_card":"summary_large_image","twitter_misc":{"Tiempo de lectura":"7 minutos"},"schema":{"@context":"https:\/\/schema.org","@graph":[{"@type":"WebPage","@id":"https:\/\/casa-interior.com\/es\/portfolio-items\/arredo3-cloe-alfaz-del-pi\/","url":"https:\/\/casa-interior.com\/es\/portfolio-items\/arredo3-cloe-alfaz-del-pi\/","name":"Casa Interior - Proyectos -Antes y Despu\u00e9s - 4 -2018 - Arredo3 Cloe","isPartOf":{"@id":"https:\/\/casa-interior.com\/es\/#website"},"primaryImageOfPage":{"@id":"https:\/\/casa-interior.com\/es\/portfolio-items\/arredo3-cloe-alfaz-del-pi\/#primaryimage"},"image":{"@id":"https:\/\/casa-interior.com\/es\/portfolio-items\/arredo3-cloe-alfaz-del-pi\/#primaryimage"},"thumbnailUrl":"https:\/\/casa-interior.com\/wp-content\/uploads\/2019\/03\/Arredo3-Cloe-Perla-Portada.jpg","datePublished":"2018-04-15T10:00:40+00:00","dateModified":"2019-03-17T11:47:49+00:00","breadcrumb":{"@id":"https:\/\/casa-interior.com\/es\/portfolio-items\/arredo3-cloe-alfaz-del-pi\/#breadcrumb"},"inLanguage":"es","potentialAction":[{"@type":"ReadAction","target":["https:\/\/casa-interior.com\/es\/portfolio-items\/arredo3-cloe-alfaz-del-pi\/"]}]},{"@type":"ImageObject","inLanguage":"es","@id":"https:\/\/casa-interior.com\/es\/portfolio-items\/arredo3-cloe-alfaz-del-pi\/#primaryimage","url":"https:\/\/casa-interior.com\/wp-content\/uploads\/2019\/03\/Arredo3-Cloe-Perla-Portada.jpg","contentUrl":"https:\/\/casa-interior.com\/wp-content\/uploads\/2019\/03\/Arredo3-Cloe-Perla-Portada.jpg","width":1280,"height":754,"caption":"Arredo3 Cloe Pearl"},{"@type":"BreadcrumbList","@id":"https:\/\/casa-interior.com\/es\/portfolio-items\/arredo3-cloe-alfaz-del-pi\/#breadcrumb","itemListElement":[{"@type":"ListItem","position":1,"name":"Portada","item":"https:\/\/casa-interior.com\/es\/casa-interior\/"},{"@type":"ListItem","position":2,"name":"Portfolio","item":"https:\/\/casa-interior.com\/es\/portfolio-items\/"},{"@type":"ListItem","position":3,"name":"Arredo3 Cloe &#8211; Alfaz del Pi"}]},{"@type":"WebSite","@id":"https:\/\/casa-interior.com\/es\/#website","url":"https:\/\/casa-interior.com\/es\/","name":"Casa Interior","description":"Kitchen Designers in Costa Blanca","publisher":{"@id":"https:\/\/casa-interior.com\/es\/#organization"},"potentialAction":[{"@type":"SearchAction","target":{"@type":"EntryPoint","urlTemplate":"https:\/\/casa-interior.com\/es\/?s={search_term_string}"},"query-input":{"@type":"PropertyValueSpecification","valueRequired":true,"valueName":"search_term_string"}}],"inLanguage":"es"},{"@type":"Organization","@id":"https:\/\/casa-interior.com\/es\/#organization","name":"Casa Interior","url":"https:\/\/casa-interior.com\/es\/","logo":{"@type":"ImageObject","inLanguage":"es","@id":"https:\/\/casa-interior.com\/es\/#\/schema\/logo\/image\/","url":"https:\/\/casa-interior.com\/wp-content\/uploads\/2018\/03\/Logo-Casa-Interior-nuevo-150px.png","contentUrl":"https:\/\/casa-interior.com\/wp-content\/uploads\/2018\/03\/Logo-Casa-Interior-nuevo-150px.png","width":150,"height":150,"caption":"Casa Interior"},"image":{"@id":"https:\/\/casa-interior.com\/es\/#\/schema\/logo\/image\/"},"sameAs":["https:\/\/www.facebook.com\/kitchens.costa.blanca\/","https:\/\/www.instagram.com\/casainterioraltea"]}]}},"_links":{"self":[{"href":"https:\/\/casa-interior.com\/es\/wp-json\/wp\/v2\/avada_portfolio\/18340","targetHints":{"allow":["GET"]}}],"collection":[{"href":"https:\/\/casa-interior.com\/es\/wp-json\/wp\/v2\/avada_portfolio"}],"about":[{"href":"https:\/\/casa-interior.com\/es\/wp-json\/wp\/v2\/types\/avada_portfolio"}],"author":[{"embeddable":true,"href":"https:\/\/casa-interior.com\/es\/wp-json\/wp\/v2\/users\/1"}],"replies":[{"embeddable":true,"href":"https:\/\/casa-interior.com\/es\/wp-json\/wp\/v2\/comments?post=18340"}],"version-history":[{"count":0,"href":"https:\/\/casa-interior.com\/es\/wp-json\/wp\/v2\/avada_portfolio\/18340\/revisions"}],"wp:featuredmedia":[{"embeddable":true,"href":"https:\/\/casa-interior.com\/es\/wp-json\/wp\/v2\/media\/18349"}],"wp:attachment":[{"href":"https:\/\/casa-interior.com\/es\/wp-json\/wp\/v2\/media?parent=18340"}],"wp:term":[{"taxonomy":"portfolio_category","embeddable":true,"href":"https:\/\/casa-interior.com\/es\/wp-json\/wp\/v2\/portfolio_category?post=18340"},{"taxonomy":"portfolio_skills","embeddable":true,"href":"https:\/\/casa-interior.com\/es\/wp-json\/wp\/v2\/portfolio_skills?post=18340"},{"taxonomy":"portfolio_tags","embeddable":true,"href":"https:\/\/casa-interior.com\/es\/wp-json\/wp\/v2\/portfolio_tags?post=18340"}],"curies":[{"name":"wp","href":"https:\/\/api.w.org\/{rel}","templated":true}]}}