{"id":22520,"date":"2019-12-15T12:00:36","date_gmt":"2019-12-15T11:00:36","guid":{"rendered":"https:\/\/casa-interior.com\/?post_type=avada_portfolio&#038;p=22520"},"modified":"2020-03-21T11:10:01","modified_gmt":"2020-03-21T10:10:01","slug":"arredo3-gioiosa-finestrat","status":"publish","type":"avada_portfolio","link":"https:\/\/casa-interior.com\/es\/portfolio-items\/arredo3-gioiosa-finestrat\/","title":{"rendered":"Arredo3 Gioiosa &#8211; Finestrat"},"content":{"rendered":"<p><div class=\"fusion-fullwidth fullwidth-box fusion-builder-row-1 nonhundred-percent-fullwidth non-hundred-percent-height-scrolling\" style=\"--awb-border-radius-top-left:0px;--awb-border-radius-top-right:0px;--awb-border-radius-bottom-right:0px;--awb-border-radius-bottom-left:0px;--awb-flex-wrap:wrap;\" ><div class=\"fusion-builder-row fusion-row\"><div class=\"fusion-layout-column fusion_builder_column fusion-builder-column-0 fusion_builder_column_1_1 1_1 fusion-one-full fusion-column-first fusion-column-last\" style=\"--awb-bg-size:cover;\"><div class=\"fusion-column-wrapper fusion-flex-column-wrapper-legacy\"><div class=\"fusion-title title fusion-title-1 fusion-sep-none fusion-title-center fusion-title-text fusion-title-size-two\" style=\"--awb-margin-top-small:0px;--awb-margin-right-small:0px;--awb-margin-bottom-small:20px;--awb-margin-left-small:0px;\"><h2 class=\"fusion-title-heading title-heading-center fusion-responsive-typography-calculated\" style=\"margin:0;--fontSize:60;line-height:1.17;\"><h2>Cocina Arredo3 Gioiosa Moro en Finestrat<\/h2><\/h2><\/div><div class=\"fusion-sep-clear\"><\/div><div class=\"fusion-separator fusion-full-width-sep\" style=\"margin-left: auto;margin-right: auto;width:100%;\"><\/div><div class=\"fusion-sep-clear\"><\/div><div class=\"fusion-content-boxes content-boxes columns row fusion-columns-4 fusion-columns-total-4 fusion-content-boxes-1 content-boxes-icon-with-title content-left\" style=\"--awb-backgroundcolor:#f6f6f6;--awb-iconcolor:#cb2128;--awb-hover-accent-color:#cb2128;--awb-circle-hover-accent-color:#cb2128;\" data-animationOffset=\"top-into-view\"><div style=\"--awb-backgroundcolor:#f6f6f6;--awb-iconcolor:#cb2128;\" class=\"fusion-column content-box-column content-box-column content-box-column-1 col-lg-3 col-md-3 col-sm-3 fusion-content-box-hover content-box-column-first-in-row\"><div class=\"col content-box-wrapper content-wrapper-background link-area-box icon-hover-animation-slide\" data-animationOffset=\"top-into-view\"><div class=\"heading icon-left\"><h2 class=\"content-box-heading fusion-responsive-typography-calculated\" style=\"--h2_typography-font-size:20px;--fontSize:20;line-height:3.5;\">MARCA<\/h2><\/div><div class=\"fusion-clearfix\"><\/div><div class=\"content-container\">\n<p>Arredo3<\/p>\n<\/div><\/div><\/div><div style=\"--awb-backgroundcolor:#f6f6f6;--awb-iconcolor:#cb2128;\" class=\"fusion-column content-box-column content-box-column content-box-column-2 col-lg-3 col-md-3 col-sm-3 fusion-content-box-hover \"><div class=\"col content-box-wrapper content-wrapper-background link-area-box icon-hover-animation-slide\" data-animationOffset=\"top-into-view\"><div class=\"heading icon-left\"><h2 class=\"content-box-heading fusion-responsive-typography-calculated\" style=\"--h2_typography-font-size:20px;--fontSize:20;line-height:3.5;\">COLOR<\/h2><\/div><div class=\"fusion-clearfix\"><\/div><div class=\"content-container\">\n<p>Moro y Blanco<\/p>\n<\/div><\/div><\/div><div style=\"--awb-backgroundcolor:#f6f6f6;--awb-iconcolor:#cb2128;\" class=\"fusion-column content-box-column content-box-column content-box-column-3 col-lg-3 col-md-3 col-sm-3 fusion-content-box-hover \"><div class=\"col content-box-wrapper content-wrapper-background link-area-box icon-hover-animation-slide\" data-animationOffset=\"top-into-view\"><div class=\"heading icon-left\"><h2 class=\"content-box-heading fusion-responsive-typography-calculated\" style=\"--h2_typography-font-size:20px;--fontSize:20;line-height:3.5;\">TIRADOR<\/h2><\/div><div class=\"fusion-clearfix\"><\/div><div class=\"content-container\">Tirador Brunito en diferentes tama\u00f1os (1310BR)<\/div><\/div><\/div><div style=\"--awb-backgroundcolor:#f6f6f6;--awb-iconcolor:#cb2128;\" class=\"fusion-column content-box-column content-box-column content-box-column-4 col-lg-3 col-md-3 col-sm-3 fusion-content-box-hover content-box-column-last content-box-column-last-in-row\"><div class=\"col content-box-wrapper content-wrapper-background link-area-box icon-hover-animation-slide\" data-animationOffset=\"top-into-view\"><div class=\"heading icon-left\"><h2 class=\"content-box-heading fusion-responsive-typography-calculated\" style=\"--h2_typography-font-size:20px;--fontSize:20;line-height:3.5;\">ENCIMERA<\/h2><\/div><div class=\"fusion-clearfix\"><\/div><div class=\"content-container\">Dekton Keranium<\/div><\/div><\/div><div class=\"fusion-clearfix\"><\/div><\/div><div class=\"fusion-sep-clear\"><\/div><div class=\"fusion-separator fusion-full-width-sep\" style=\"margin-left: auto;margin-right: auto;width:100%;\"><\/div><div class=\"fusion-sep-clear\"><\/div><div class=\"fusion-image-before-after-wrapper fusion-image-before-after-horizontal type-before-after hover-type-together fusion-image-before-after-wrapper-1\" style=\"--awb-font-size:13px;--awb-bordersize:0px;--awb-accent-color-bg:rgba(255,255,255,0.15);--awb-transition-time:0.5s;\"><div class=\"fusion-image-before-after-element fusion-image-before-after fusion-image-before-after-container fusion-image-before-after-1\" data-offset=\"0.5\" data-orientation=\"horizontal\" data-move-with-handle-only=\"true\" data-click-to-move=\"true\"><img decoding=\"async\" alt=\"Old kitchen Finestrat\" class=\"fusion-image-before-after-before\" src=\"https:\/\/casa-interior.com\/wp-content\/uploads\/2020\/03\/Old-kitchen-Finestrat-1024x603.jpg\" width=\"1024\" height=\"603\"><img decoding=\"async\" alt=\"Arredo3 Gioiosa Moro &amp; White Finestrat\" class=\"fusion-image-before-after-after\" src=\"https:\/\/casa-interior.com\/wp-content\/uploads\/2020\/03\/Arredo3-Gioiosa-Moro-Finestrat-1024x603.jpg\" width=\"1024\" height=\"603\"><div class=\"fusion-image-before-after-overlay before-after-overlay-image-centered\"><div class=\"fusion-image-before-after-before-label\" data-content=\"Antes\"><\/div><div class=\"fusion-image-before-after-after-label\" data-content=\"Despu\u00e9s\"><\/div><\/div><div class=\"fusion-image-before-after-handle fusion-image-before-after-handle-default\"><span class=\"fusion-image-before-after-left-arrow\"><\/span><span class=\"fusion-image-before-after-right-arrow\"><\/span><\/div><\/div><\/div><div class=\"fusion-sep-clear\"><\/div><div class=\"fusion-separator fusion-full-width-sep\" style=\"margin-left: auto;margin-right: auto;margin-top:25px;margin-bottom:25px;width:100%;\"><\/div><div class=\"fusion-sep-clear\"><\/div><div class=\"fusion-clearfix\"><\/div><\/div><\/div><\/div><\/div><div class=\"fusion-fullwidth fullwidth-box fusion-builder-row-2 nonhundred-percent-fullwidth non-hundred-percent-height-scrolling\" style=\"--awb-border-radius-top-left:0px;--awb-border-radius-top-right:0px;--awb-border-radius-bottom-right:0px;--awb-border-radius-bottom-left:0px;--awb-flex-wrap:wrap;\" ><div class=\"fusion-builder-row fusion-row\"><div class=\"fusion-layout-column fusion_builder_column fusion-builder-column-1 fusion_builder_column_2_3 2_3 fusion-two-third fusion-column-first\" style=\"--awb-bg-size:cover;width:66.666666666667%;width:calc(66.666666666667% - ( ( 4% ) * 0.66666666666667 ) );margin-right: 4%;\"><div class=\"fusion-column-wrapper fusion-flex-column-wrapper-legacy\"><div class=\"fusion-text fusion-text-1\"><p>Esta cocina situada en Finestrat ha sido renovada completamente. Nuestros clientes quer\u00edan algo diferente, con un aspecto cl\u00e1sico, pero no anticuado. Les encant\u00f3 el color Roble Moro del modelo <a href=\"https:\/\/casa-interior.com\/es\/portfolio-items\/arredo3-gioiosa\/\">Gioiosa<\/a> de <a href=\"https:\/\/www.arredo3.es\/\">Arredo3<\/a> combinado con columnas en color blanco. El acabado de estas puertas est\u00e1 hecho en un lacado que deja ver las vetas de la madera de fresno maciza de 22 mm de espesor. El tirador, de medida en 160 y 320 mm de longitud, en acabado en cobre y z\u00f3calo en PVC chapado en roble Moro.<\/p>\n<p>La columna tiene puertas con cristales tanto en las inferiores como en las superiores y luz LED integrada en el interior. La columna que le sigue es un tanto especial ya que tiene un horno, un microondas y una vinoteca de la marca <a href=\"https:\/\/www.climadiff.com\/es\/\">Climadiff<\/a>. El resto de los electrodom\u00e9sticos son de la marca <a href=\"https:\/\/www.bosch-home.es\/\">Bosch<\/a>. Adem\u00e1s, tiene un extractor en cristal blanco, una placa de inducci\u00f3n, un lavavajillas integrado y un frigor\u00edfico americano tambi\u00e9n de color blanco.<\/p>\n<p>El mueble de esquina ha sido adaptado al espacio para poder aprovecharlo al m\u00e1ximo. Hemos integrado un sistema de purificaci\u00f3n de agua de la marca <a href=\"https:\/\/dake.es\/es\/blanco-es\/\">Blanco<\/a>. El fregadero y el grifo, de la misma marca, tienen un acabado en color Caf\u00e9, un color muy similar al de la encimera elegida. La encimera es de la marca <a href=\"https:\/\/www.cosentino.com\/es\/dekton\/?utm_source=google&amp;utm_medium=cpc&amp;utm_campaign=(IBE\/ESP)-(es)-(SEA)-(DEK)&amp;utm_content=General&amp;gclid=Cj0KCQjw9tbzBRDVARIsAMBplx_mTgFxgUcjt3q5aCZB5tyVdox6blBpSfgMfC4enwAa6Uo8Oez5khoaAt97EALw_wcB\">Dekton<\/a> modelo <a href=\"https:\/\/www.cosentino.com\/es\/colores\/dekton\/keranium\/\">Keranium<\/a>, una encimera con aspecto industrial, que combina perfectamente con el color de los muebles de la cocina. La encimera ha sido instalada por nuestros colaboradores de <a href=\"https:\/\/marmolesnaturalia.es\/\">Marmoles Naturalia<\/a>. El grosor de la encimera es de 12 mm. Otra parte que nos gustar\u00eda destacar es la barra de la cocina con forma de \u201cL\u201d.<\/p>\n<p>Esta cocina tiene algunos accesorios extra como un organizador de basura situado en el caj\u00f3n inferior del fregadero; un organizador de platos en madera de haya y un porta-sartenes de <a href=\"https:\/\/cucineoggi.com\/\">Cuccine Oggi<\/a>, que est\u00e1n en el mueble de la placa de inducci\u00f3n.<\/p>\n<p>Puede seguir viendo m\u00e1s proyectos\u00a0<a href=\"https:\/\/casa-interior.com\/es\/proyectos\/\">aqu\u00ed<\/a>\u00a0o puede\u00a0<a href=\"https:\/\/casa-interior.com\/es\/contacto-casa-interior\/\">contactar<\/a>\u00a0con nosotros para solicitar un dise\u00f1o de su nueva cocina.<\/p>\n<\/div><div class=\"fusion-clearfix\"><\/div><\/div><\/div><div class=\"fusion-layout-column fusion_builder_column fusion-builder-column-2 fusion_builder_column_1_3 1_3 fusion-one-third fusion-column-last\" style=\"--awb-bg-size:cover;width:33.333333333333%;width:calc(33.333333333333% - ( ( 4% ) * 0.33333333333333 ) );\"><div class=\"fusion-column-wrapper fusion-flex-column-wrapper-legacy\"><div class=\"fusion-image-carousel fusion-image-carousel-auto fusion-image-carousel-1 lightbox-enabled fusion-carousel-border\"><div class=\"awb-carousel awb-swiper awb-swiper-carousel awb-carousel--carousel awb-swiper-dots-position-bottom\" data-layout=\"carousel\" data-autoplay=\"yes\" data-autoplayspeed=\"2500\" data-autoplaypause=\"no\" data-columns=\"1\" data-columnsmedium=\"1\" data-columnssmall=\"1\" data-itemmargin=\"13\" data-itemwidth=\"180\" data-touchscroll=\"no\" data-freemode=\"no\" data-imagesize=\"auto\" data-scrollitems=\"0\" data-centeredslides=\"no\" data-rotationangle=\"50\" data-depth=\"100\" data-speed=\"500\" data-shadow=\"no\" data-pagination=\"bullets\" style=\"--awb-columns:1;--awb-border-width:1px;--awb-border-color:#e9eaee;\"><div class=\"swiper-wrapper awb-image-carousel-wrapper fusion-flex-align-items-center\"><div class=\"swiper-slide\"><div class=\"fusion-carousel-item-wrapper\"><div class=\"fusion-image-wrapper hover-type-none\"><a data-rel=\"iLightbox[image_carousel_1]\" data-title=\"Arredo3 Gioiosa Moro y Blanco Finestrat\" aria-label=\"Arredo3 Gioiosa Moro y Blanco Finestrat\" href=\"https:\/\/casa-interior.com\/wp-content\/uploads\/2020\/03\/Arredo3-Gioiosa-Moro-Finestrat-1-Espa\u00f1ol.jpg\" target=\"_self\"><img decoding=\"async\" width=\"2480\" height=\"3508\" src=\"https:\/\/casa-interior.com\/wp-content\/uploads\/2020\/03\/Arredo3-Gioiosa-Moro-Finestrat-1-Espa\u00f1ol.jpg\" class=\"attachment-full size-full\" alt=\"Arredo3 Gioiosa Moro y Blanco Finestrat\" srcset=\"https:\/\/casa-interior.com\/wp-content\/uploads\/2020\/03\/Arredo3-Gioiosa-Moro-Finestrat-1-Espa\u00f1ol-200x283.jpg 200w, https:\/\/casa-interior.com\/wp-content\/uploads\/2020\/03\/Arredo3-Gioiosa-Moro-Finestrat-1-Espa\u00f1ol-212x300.jpg 212w, https:\/\/casa-interior.com\/wp-content\/uploads\/2020\/03\/Arredo3-Gioiosa-Moro-Finestrat-1-Espa\u00f1ol-400x566.jpg 400w, https:\/\/casa-interior.com\/wp-content\/uploads\/2020\/03\/Arredo3-Gioiosa-Moro-Finestrat-1-Espa\u00f1ol-600x849.jpg 600w, https:\/\/casa-interior.com\/wp-content\/uploads\/2020\/03\/Arredo3-Gioiosa-Moro-Finestrat-1-Espa\u00f1ol-724x1024.jpg 724w, https:\/\/casa-interior.com\/wp-content\/uploads\/2020\/03\/Arredo3-Gioiosa-Moro-Finestrat-1-Espa\u00f1ol-768x1086.jpg 768w, https:\/\/casa-interior.com\/wp-content\/uploads\/2020\/03\/Arredo3-Gioiosa-Moro-Finestrat-1-Espa\u00f1ol-800x1132.jpg 800w, https:\/\/casa-interior.com\/wp-content\/uploads\/2020\/03\/Arredo3-Gioiosa-Moro-Finestrat-1-Espa\u00f1ol-1200x1697.jpg 1200w, https:\/\/casa-interior.com\/wp-content\/uploads\/2020\/03\/Arredo3-Gioiosa-Moro-Finestrat-1-Espa\u00f1ol.jpg 2480w\" sizes=\"(max-width: 2480px) 100vw, 2480px\" \/><\/a><\/div><\/div><\/div><div class=\"swiper-slide\"><div class=\"fusion-carousel-item-wrapper\"><div class=\"fusion-image-wrapper hover-type-none\"><a data-rel=\"iLightbox[image_carousel_1]\" data-title=\"Arredo3 Gioiosa Moro y Blanco Finestrat\" aria-label=\"Arredo3 Gioiosa Moro y Blanco Finestrat\" href=\"https:\/\/casa-interior.com\/wp-content\/uploads\/2020\/03\/Arredo3-Gioiosa-Moro-Finestrat-2-Espa\u00f1ol.jpg\" target=\"_self\"><img decoding=\"async\" width=\"2480\" height=\"3508\" src=\"https:\/\/casa-interior.com\/wp-content\/uploads\/2020\/03\/Arredo3-Gioiosa-Moro-Finestrat-2-Espa\u00f1ol.jpg\" class=\"attachment-full size-full\" alt=\"Arredo3 Gioiosa Moro y Blanco Finestrat\" srcset=\"https:\/\/casa-interior.com\/wp-content\/uploads\/2020\/03\/Arredo3-Gioiosa-Moro-Finestrat-2-Espa\u00f1ol-200x283.jpg 200w, https:\/\/casa-interior.com\/wp-content\/uploads\/2020\/03\/Arredo3-Gioiosa-Moro-Finestrat-2-Espa\u00f1ol-212x300.jpg 212w, https:\/\/casa-interior.com\/wp-content\/uploads\/2020\/03\/Arredo3-Gioiosa-Moro-Finestrat-2-Espa\u00f1ol-400x566.jpg 400w, https:\/\/casa-interior.com\/wp-content\/uploads\/2020\/03\/Arredo3-Gioiosa-Moro-Finestrat-2-Espa\u00f1ol-600x849.jpg 600w, https:\/\/casa-interior.com\/wp-content\/uploads\/2020\/03\/Arredo3-Gioiosa-Moro-Finestrat-2-Espa\u00f1ol-724x1024.jpg 724w, https:\/\/casa-interior.com\/wp-content\/uploads\/2020\/03\/Arredo3-Gioiosa-Moro-Finestrat-2-Espa\u00f1ol-768x1086.jpg 768w, https:\/\/casa-interior.com\/wp-content\/uploads\/2020\/03\/Arredo3-Gioiosa-Moro-Finestrat-2-Espa\u00f1ol-800x1132.jpg 800w, https:\/\/casa-interior.com\/wp-content\/uploads\/2020\/03\/Arredo3-Gioiosa-Moro-Finestrat-2-Espa\u00f1ol-1200x1697.jpg 1200w, https:\/\/casa-interior.com\/wp-content\/uploads\/2020\/03\/Arredo3-Gioiosa-Moro-Finestrat-2-Espa\u00f1ol.jpg 2480w\" sizes=\"(max-width: 2480px) 100vw, 2480px\" \/><\/a><\/div><\/div><\/div><div class=\"swiper-slide\"><div class=\"fusion-carousel-item-wrapper\"><div class=\"fusion-image-wrapper hover-type-none\"><a data-rel=\"iLightbox[image_carousel_1]\" data-title=\"Arredo3 Gioiosa Moro y Blanco Finestrat\" aria-label=\"Arredo3 Gioiosa Moro y Blanco Finestrat\" href=\"https:\/\/casa-interior.com\/wp-content\/uploads\/2020\/03\/Arredo3-Gioiosa-Moro-Finestrat-3-Espa\u00f1ol.jpg\" target=\"_self\"><img decoding=\"async\" width=\"2480\" height=\"3508\" src=\"https:\/\/casa-interior.com\/wp-content\/uploads\/2020\/03\/Arredo3-Gioiosa-Moro-Finestrat-3-Espa\u00f1ol.jpg\" class=\"attachment-full size-full\" alt=\"Arredo3 Gioiosa Moro y Blanco Finestrat\" srcset=\"https:\/\/casa-interior.com\/wp-content\/uploads\/2020\/03\/Arredo3-Gioiosa-Moro-Finestrat-3-Espa\u00f1ol-200x283.jpg 200w, https:\/\/casa-interior.com\/wp-content\/uploads\/2020\/03\/Arredo3-Gioiosa-Moro-Finestrat-3-Espa\u00f1ol-212x300.jpg 212w, https:\/\/casa-interior.com\/wp-content\/uploads\/2020\/03\/Arredo3-Gioiosa-Moro-Finestrat-3-Espa\u00f1ol-400x566.jpg 400w, https:\/\/casa-interior.com\/wp-content\/uploads\/2020\/03\/Arredo3-Gioiosa-Moro-Finestrat-3-Espa\u00f1ol-600x849.jpg 600w, https:\/\/casa-interior.com\/wp-content\/uploads\/2020\/03\/Arredo3-Gioiosa-Moro-Finestrat-3-Espa\u00f1ol-724x1024.jpg 724w, https:\/\/casa-interior.com\/wp-content\/uploads\/2020\/03\/Arredo3-Gioiosa-Moro-Finestrat-3-Espa\u00f1ol-768x1086.jpg 768w, https:\/\/casa-interior.com\/wp-content\/uploads\/2020\/03\/Arredo3-Gioiosa-Moro-Finestrat-3-Espa\u00f1ol-800x1132.jpg 800w, https:\/\/casa-interior.com\/wp-content\/uploads\/2020\/03\/Arredo3-Gioiosa-Moro-Finestrat-3-Espa\u00f1ol-1200x1697.jpg 1200w, https:\/\/casa-interior.com\/wp-content\/uploads\/2020\/03\/Arredo3-Gioiosa-Moro-Finestrat-3-Espa\u00f1ol.jpg 2480w\" sizes=\"(max-width: 2480px) 100vw, 2480px\" \/><\/a><\/div><\/div><\/div><div class=\"swiper-slide\"><div class=\"fusion-carousel-item-wrapper\"><div class=\"fusion-image-wrapper hover-type-none\"><a data-rel=\"iLightbox[image_carousel_1]\" data-title=\"Arredo3 Gioiosa Moro y Blanco Finestrat\" aria-label=\"Arredo3 Gioiosa Moro y Blanco Finestrat\" href=\"https:\/\/casa-interior.com\/wp-content\/uploads\/2020\/03\/Arredo3-Gioiosa-Moro-Finestrat-4-Espa\u00f1ol.jpg\" target=\"_self\"><img decoding=\"async\" width=\"2480\" height=\"3508\" src=\"https:\/\/casa-interior.com\/wp-content\/uploads\/2020\/03\/Arredo3-Gioiosa-Moro-Finestrat-4-Espa\u00f1ol.jpg\" class=\"attachment-full size-full\" alt=\"Arredo3 Gioiosa Moro y Blanco Finestrat\" srcset=\"https:\/\/casa-interior.com\/wp-content\/uploads\/2020\/03\/Arredo3-Gioiosa-Moro-Finestrat-4-Espa\u00f1ol-200x283.jpg 200w, https:\/\/casa-interior.com\/wp-content\/uploads\/2020\/03\/Arredo3-Gioiosa-Moro-Finestrat-4-Espa\u00f1ol-212x300.jpg 212w, https:\/\/casa-interior.com\/wp-content\/uploads\/2020\/03\/Arredo3-Gioiosa-Moro-Finestrat-4-Espa\u00f1ol-400x566.jpg 400w, https:\/\/casa-interior.com\/wp-content\/uploads\/2020\/03\/Arredo3-Gioiosa-Moro-Finestrat-4-Espa\u00f1ol-600x849.jpg 600w, https:\/\/casa-interior.com\/wp-content\/uploads\/2020\/03\/Arredo3-Gioiosa-Moro-Finestrat-4-Espa\u00f1ol-724x1024.jpg 724w, https:\/\/casa-interior.com\/wp-content\/uploads\/2020\/03\/Arredo3-Gioiosa-Moro-Finestrat-4-Espa\u00f1ol-768x1086.jpg 768w, https:\/\/casa-interior.com\/wp-content\/uploads\/2020\/03\/Arredo3-Gioiosa-Moro-Finestrat-4-Espa\u00f1ol-800x1132.jpg 800w, https:\/\/casa-interior.com\/wp-content\/uploads\/2020\/03\/Arredo3-Gioiosa-Moro-Finestrat-4-Espa\u00f1ol-1200x1697.jpg 1200w, https:\/\/casa-interior.com\/wp-content\/uploads\/2020\/03\/Arredo3-Gioiosa-Moro-Finestrat-4-Espa\u00f1ol.jpg 2480w\" sizes=\"(max-width: 2480px) 100vw, 2480px\" \/><\/a><\/div><\/div><\/div><div class=\"swiper-slide\"><div class=\"fusion-carousel-item-wrapper\"><div class=\"fusion-image-wrapper hover-type-none\"><a data-rel=\"iLightbox[image_carousel_1]\" data-title=\"Arredo3 Gioiosa Moro y Blanco Finestrat\" aria-label=\"Arredo3 Gioiosa Moro y Blanco Finestrat\" href=\"https:\/\/casa-interior.com\/wp-content\/uploads\/2020\/03\/Arredo3-Gioiosa-Moro-Finestrat-5-Espa\u00f1ol.jpg\" target=\"_self\"><img decoding=\"async\" width=\"2480\" height=\"3508\" src=\"https:\/\/casa-interior.com\/wp-content\/uploads\/2020\/03\/Arredo3-Gioiosa-Moro-Finestrat-5-Espa\u00f1ol.jpg\" class=\"attachment-full size-full\" alt=\"Arredo3 Gioiosa Moro y Blanco Finestrat\" srcset=\"https:\/\/casa-interior.com\/wp-content\/uploads\/2020\/03\/Arredo3-Gioiosa-Moro-Finestrat-5-Espa\u00f1ol-200x283.jpg 200w, https:\/\/casa-interior.com\/wp-content\/uploads\/2020\/03\/Arredo3-Gioiosa-Moro-Finestrat-5-Espa\u00f1ol-212x300.jpg 212w, https:\/\/casa-interior.com\/wp-content\/uploads\/2020\/03\/Arredo3-Gioiosa-Moro-Finestrat-5-Espa\u00f1ol-400x566.jpg 400w, https:\/\/casa-interior.com\/wp-content\/uploads\/2020\/03\/Arredo3-Gioiosa-Moro-Finestrat-5-Espa\u00f1ol-600x849.jpg 600w, https:\/\/casa-interior.com\/wp-content\/uploads\/2020\/03\/Arredo3-Gioiosa-Moro-Finestrat-5-Espa\u00f1ol-724x1024.jpg 724w, https:\/\/casa-interior.com\/wp-content\/uploads\/2020\/03\/Arredo3-Gioiosa-Moro-Finestrat-5-Espa\u00f1ol-768x1086.jpg 768w, https:\/\/casa-interior.com\/wp-content\/uploads\/2020\/03\/Arredo3-Gioiosa-Moro-Finestrat-5-Espa\u00f1ol-800x1132.jpg 800w, https:\/\/casa-interior.com\/wp-content\/uploads\/2020\/03\/Arredo3-Gioiosa-Moro-Finestrat-5-Espa\u00f1ol-1200x1697.jpg 1200w, https:\/\/casa-interior.com\/wp-content\/uploads\/2020\/03\/Arredo3-Gioiosa-Moro-Finestrat-5-Espa\u00f1ol.jpg 2480w\" sizes=\"(max-width: 2480px) 100vw, 2480px\" \/><\/a><\/div><\/div><\/div><div class=\"swiper-slide\"><div class=\"fusion-carousel-item-wrapper\"><div class=\"fusion-image-wrapper hover-type-none\"><a data-rel=\"iLightbox[image_carousel_1]\" data-title=\"Arredo3 Gioiosa Moro y Blanco Finestrat\" aria-label=\"Arredo3 Gioiosa Moro y Blanco Finestrat\" href=\"https:\/\/casa-interior.com\/wp-content\/uploads\/2020\/03\/Arredo3-Gioiosa-Moro-Finestrat-6-Espa\u00f1ol.jpg\" target=\"_self\"><img decoding=\"async\" width=\"2480\" height=\"3508\" src=\"https:\/\/casa-interior.com\/wp-content\/uploads\/2020\/03\/Arredo3-Gioiosa-Moro-Finestrat-6-Espa\u00f1ol.jpg\" class=\"attachment-full size-full\" alt=\"Arredo3 Gioiosa Moro y Blanco Finestrat\" srcset=\"https:\/\/casa-interior.com\/wp-content\/uploads\/2020\/03\/Arredo3-Gioiosa-Moro-Finestrat-6-Espa\u00f1ol-200x283.jpg 200w, https:\/\/casa-interior.com\/wp-content\/uploads\/2020\/03\/Arredo3-Gioiosa-Moro-Finestrat-6-Espa\u00f1ol-212x300.jpg 212w, https:\/\/casa-interior.com\/wp-content\/uploads\/2020\/03\/Arredo3-Gioiosa-Moro-Finestrat-6-Espa\u00f1ol-400x566.jpg 400w, https:\/\/casa-interior.com\/wp-content\/uploads\/2020\/03\/Arredo3-Gioiosa-Moro-Finestrat-6-Espa\u00f1ol-600x849.jpg 600w, https:\/\/casa-interior.com\/wp-content\/uploads\/2020\/03\/Arredo3-Gioiosa-Moro-Finestrat-6-Espa\u00f1ol-724x1024.jpg 724w, https:\/\/casa-interior.com\/wp-content\/uploads\/2020\/03\/Arredo3-Gioiosa-Moro-Finestrat-6-Espa\u00f1ol-768x1086.jpg 768w, https:\/\/casa-interior.com\/wp-content\/uploads\/2020\/03\/Arredo3-Gioiosa-Moro-Finestrat-6-Espa\u00f1ol-800x1132.jpg 800w, https:\/\/casa-interior.com\/wp-content\/uploads\/2020\/03\/Arredo3-Gioiosa-Moro-Finestrat-6-Espa\u00f1ol-1200x1697.jpg 1200w, https:\/\/casa-interior.com\/wp-content\/uploads\/2020\/03\/Arredo3-Gioiosa-Moro-Finestrat-6-Espa\u00f1ol.jpg 2480w\" sizes=\"(max-width: 2480px) 100vw, 2480px\" \/><\/a><\/div><\/div><\/div><\/div><div class=\"awb-swiper-button awb-swiper-button-prev\"><i class=\"awb-icon-angle-left\" aria-hidden=\"true\"><\/i><\/div><div class=\"awb-swiper-button awb-swiper-button-next\"><i class=\"awb-icon-angle-right\" aria-hidden=\"true\"><\/i><\/div><\/div><\/div><div class=\"fusion-clearfix\"><\/div><\/div><\/div><\/div><\/div><\/p>\n","protected":false},"excerpt":{"rendered":"","protected":false},"author":1,"featured_media":22524,"menu_order":0,"comment_status":"open","ping_status":"closed","template":"","format":"standard","meta":{"footnotes":""},"portfolio_category":[717],"portfolio_skills":[],"portfolio_tags":[897,710,1402,1961,1378,1484,1782,1963,1256,1962,1418,1959,1960],"class_list":["post-22520","avada_portfolio","type-avada_portfolio","status-publish","format-standard","has-post-thumbnail","hentry","portfolio_category-proyectos","portfolio_tags-arredo3-es","portfolio_tags-blanco","portfolio_tags-bosch-es","portfolio_tags-climadiff-es","portfolio_tags-cocina","portfolio_tags-cuccine-oggi-es","portfolio_tags-dekton-es","portfolio_tags-finestrat-es","portfolio_tags-gioiosa-es","portfolio_tags-keranium-es","portfolio_tags-led-es","portfolio_tags-moro-es","portfolio_tags-vinoteca"],"yoast_head":"<!-- This site is optimized with the Yoast SEO plugin v27.3 - https:\/\/yoast.com\/product\/yoast-seo-wordpress\/ -->\n<title>Casa Interior - Proyectos - Antes y Despu\u00e9s - 12 -2019 - Arredo3 Gioiosa<\/title>\n<meta name=\"robots\" content=\"index, follow, max-snippet:-1, max-image-preview:large, max-video-preview:-1\" \/>\n<link rel=\"canonical\" href=\"https:\/\/casa-interior.com\/es\/portfolio-items\/arredo3-gioiosa-finestrat\/\" \/>\n<meta property=\"og:locale\" content=\"es_ES\" \/>\n<meta property=\"og:type\" content=\"article\" \/>\n<meta property=\"og:title\" content=\"Casa Interior - Proyectos - Antes y Despu\u00e9s - 12 -2019 - Arredo3 Gioiosa\" \/>\n<meta property=\"og:url\" content=\"https:\/\/casa-interior.com\/es\/portfolio-items\/arredo3-gioiosa-finestrat\/\" \/>\n<meta property=\"og:site_name\" content=\"Casa Interior\" \/>\n<meta property=\"article:publisher\" content=\"https:\/\/www.facebook.com\/kitchens.costa.blanca\/\" \/>\n<meta property=\"article:modified_time\" content=\"2020-03-21T10:10:01+00:00\" \/>\n<meta property=\"og:image\" content=\"https:\/\/casa-interior.com\/wp-content\/uploads\/2020\/03\/Arredo3-Gioiosa-Moro-Finestrat.jpg\" \/>\n\t<meta property=\"og:image:width\" content=\"1280\" \/>\n\t<meta property=\"og:image:height\" content=\"754\" \/>\n\t<meta property=\"og:image:type\" content=\"image\/jpeg\" \/>\n<meta name=\"twitter:card\" content=\"summary_large_image\" \/>\n<meta name=\"twitter:label1\" content=\"Tiempo de lectura\" \/>\n\t<meta name=\"twitter:data1\" content=\"8 minutos\" \/>\n<script type=\"application\/ld+json\" class=\"yoast-schema-graph\">{\"@context\":\"https:\\\/\\\/schema.org\",\"@graph\":[{\"@type\":\"WebPage\",\"@id\":\"https:\\\/\\\/casa-interior.com\\\/es\\\/portfolio-items\\\/arredo3-gioiosa-finestrat\\\/\",\"url\":\"https:\\\/\\\/casa-interior.com\\\/es\\\/portfolio-items\\\/arredo3-gioiosa-finestrat\\\/\",\"name\":\"Casa Interior - Proyectos - Antes y Despu\u00e9s - 12 -2019 - Arredo3 Gioiosa\",\"isPartOf\":{\"@id\":\"https:\\\/\\\/casa-interior.com\\\/es\\\/#website\"},\"primaryImageOfPage\":{\"@id\":\"https:\\\/\\\/casa-interior.com\\\/es\\\/portfolio-items\\\/arredo3-gioiosa-finestrat\\\/#primaryimage\"},\"image\":{\"@id\":\"https:\\\/\\\/casa-interior.com\\\/es\\\/portfolio-items\\\/arredo3-gioiosa-finestrat\\\/#primaryimage\"},\"thumbnailUrl\":\"https:\\\/\\\/casa-interior.com\\\/wp-content\\\/uploads\\\/2020\\\/03\\\/Arredo3-Gioiosa-Moro-Finestrat.jpg\",\"datePublished\":\"2019-12-15T11:00:36+00:00\",\"dateModified\":\"2020-03-21T10:10:01+00:00\",\"breadcrumb\":{\"@id\":\"https:\\\/\\\/casa-interior.com\\\/es\\\/portfolio-items\\\/arredo3-gioiosa-finestrat\\\/#breadcrumb\"},\"inLanguage\":\"es\",\"potentialAction\":[{\"@type\":\"ReadAction\",\"target\":[\"https:\\\/\\\/casa-interior.com\\\/es\\\/portfolio-items\\\/arredo3-gioiosa-finestrat\\\/\"]}]},{\"@type\":\"ImageObject\",\"inLanguage\":\"es\",\"@id\":\"https:\\\/\\\/casa-interior.com\\\/es\\\/portfolio-items\\\/arredo3-gioiosa-finestrat\\\/#primaryimage\",\"url\":\"https:\\\/\\\/casa-interior.com\\\/wp-content\\\/uploads\\\/2020\\\/03\\\/Arredo3-Gioiosa-Moro-Finestrat.jpg\",\"contentUrl\":\"https:\\\/\\\/casa-interior.com\\\/wp-content\\\/uploads\\\/2020\\\/03\\\/Arredo3-Gioiosa-Moro-Finestrat.jpg\",\"width\":1280,\"height\":754,\"caption\":\"Arredo3 Gioiosa Moro & White Finestrat\"},{\"@type\":\"BreadcrumbList\",\"@id\":\"https:\\\/\\\/casa-interior.com\\\/es\\\/portfolio-items\\\/arredo3-gioiosa-finestrat\\\/#breadcrumb\",\"itemListElement\":[{\"@type\":\"ListItem\",\"position\":1,\"name\":\"Portada\",\"item\":\"https:\\\/\\\/casa-interior.com\\\/es\\\/casa-interior\\\/\"},{\"@type\":\"ListItem\",\"position\":2,\"name\":\"Portfolio\",\"item\":\"https:\\\/\\\/casa-interior.com\\\/es\\\/portfolio-items\\\/\"},{\"@type\":\"ListItem\",\"position\":3,\"name\":\"Arredo3 Gioiosa &#8211; Finestrat\"}]},{\"@type\":\"WebSite\",\"@id\":\"https:\\\/\\\/casa-interior.com\\\/es\\\/#website\",\"url\":\"https:\\\/\\\/casa-interior.com\\\/es\\\/\",\"name\":\"Casa Interior\",\"description\":\"Kitchen Designers in Costa Blanca\",\"publisher\":{\"@id\":\"https:\\\/\\\/casa-interior.com\\\/es\\\/#organization\"},\"potentialAction\":[{\"@type\":\"SearchAction\",\"target\":{\"@type\":\"EntryPoint\",\"urlTemplate\":\"https:\\\/\\\/casa-interior.com\\\/es\\\/?s={search_term_string}\"},\"query-input\":{\"@type\":\"PropertyValueSpecification\",\"valueRequired\":true,\"valueName\":\"search_term_string\"}}],\"inLanguage\":\"es\"},{\"@type\":\"Organization\",\"@id\":\"https:\\\/\\\/casa-interior.com\\\/es\\\/#organization\",\"name\":\"Casa Interior\",\"url\":\"https:\\\/\\\/casa-interior.com\\\/es\\\/\",\"logo\":{\"@type\":\"ImageObject\",\"inLanguage\":\"es\",\"@id\":\"https:\\\/\\\/casa-interior.com\\\/es\\\/#\\\/schema\\\/logo\\\/image\\\/\",\"url\":\"https:\\\/\\\/casa-interior.com\\\/wp-content\\\/uploads\\\/2018\\\/03\\\/Logo-Casa-Interior-nuevo-150px.png\",\"contentUrl\":\"https:\\\/\\\/casa-interior.com\\\/wp-content\\\/uploads\\\/2018\\\/03\\\/Logo-Casa-Interior-nuevo-150px.png\",\"width\":150,\"height\":150,\"caption\":\"Casa Interior\"},\"image\":{\"@id\":\"https:\\\/\\\/casa-interior.com\\\/es\\\/#\\\/schema\\\/logo\\\/image\\\/\"},\"sameAs\":[\"https:\\\/\\\/www.facebook.com\\\/kitchens.costa.blanca\\\/\",\"https:\\\/\\\/www.instagram.com\\\/casainterioraltea\"]}]}<\/script>\n<!-- \/ Yoast SEO plugin. -->","yoast_head_json":{"title":"Casa Interior - Proyectos - Antes y Despu\u00e9s - 12 -2019 - Arredo3 Gioiosa","robots":{"index":"index","follow":"follow","max-snippet":"max-snippet:-1","max-image-preview":"max-image-preview:large","max-video-preview":"max-video-preview:-1"},"canonical":"https:\/\/casa-interior.com\/es\/portfolio-items\/arredo3-gioiosa-finestrat\/","og_locale":"es_ES","og_type":"article","og_title":"Casa Interior - Proyectos - Antes y Despu\u00e9s - 12 -2019 - Arredo3 Gioiosa","og_url":"https:\/\/casa-interior.com\/es\/portfolio-items\/arredo3-gioiosa-finestrat\/","og_site_name":"Casa Interior","article_publisher":"https:\/\/www.facebook.com\/kitchens.costa.blanca\/","article_modified_time":"2020-03-21T10:10:01+00:00","og_image":[{"width":1280,"height":754,"url":"https:\/\/casa-interior.com\/wp-content\/uploads\/2020\/03\/Arredo3-Gioiosa-Moro-Finestrat.jpg","type":"image\/jpeg"}],"twitter_card":"summary_large_image","twitter_misc":{"Tiempo de lectura":"8 minutos"},"schema":{"@context":"https:\/\/schema.org","@graph":[{"@type":"WebPage","@id":"https:\/\/casa-interior.com\/es\/portfolio-items\/arredo3-gioiosa-finestrat\/","url":"https:\/\/casa-interior.com\/es\/portfolio-items\/arredo3-gioiosa-finestrat\/","name":"Casa Interior - Proyectos - Antes y Despu\u00e9s - 12 -2019 - Arredo3 Gioiosa","isPartOf":{"@id":"https:\/\/casa-interior.com\/es\/#website"},"primaryImageOfPage":{"@id":"https:\/\/casa-interior.com\/es\/portfolio-items\/arredo3-gioiosa-finestrat\/#primaryimage"},"image":{"@id":"https:\/\/casa-interior.com\/es\/portfolio-items\/arredo3-gioiosa-finestrat\/#primaryimage"},"thumbnailUrl":"https:\/\/casa-interior.com\/wp-content\/uploads\/2020\/03\/Arredo3-Gioiosa-Moro-Finestrat.jpg","datePublished":"2019-12-15T11:00:36+00:00","dateModified":"2020-03-21T10:10:01+00:00","breadcrumb":{"@id":"https:\/\/casa-interior.com\/es\/portfolio-items\/arredo3-gioiosa-finestrat\/#breadcrumb"},"inLanguage":"es","potentialAction":[{"@type":"ReadAction","target":["https:\/\/casa-interior.com\/es\/portfolio-items\/arredo3-gioiosa-finestrat\/"]}]},{"@type":"ImageObject","inLanguage":"es","@id":"https:\/\/casa-interior.com\/es\/portfolio-items\/arredo3-gioiosa-finestrat\/#primaryimage","url":"https:\/\/casa-interior.com\/wp-content\/uploads\/2020\/03\/Arredo3-Gioiosa-Moro-Finestrat.jpg","contentUrl":"https:\/\/casa-interior.com\/wp-content\/uploads\/2020\/03\/Arredo3-Gioiosa-Moro-Finestrat.jpg","width":1280,"height":754,"caption":"Arredo3 Gioiosa Moro & White Finestrat"},{"@type":"BreadcrumbList","@id":"https:\/\/casa-interior.com\/es\/portfolio-items\/arredo3-gioiosa-finestrat\/#breadcrumb","itemListElement":[{"@type":"ListItem","position":1,"name":"Portada","item":"https:\/\/casa-interior.com\/es\/casa-interior\/"},{"@type":"ListItem","position":2,"name":"Portfolio","item":"https:\/\/casa-interior.com\/es\/portfolio-items\/"},{"@type":"ListItem","position":3,"name":"Arredo3 Gioiosa &#8211; Finestrat"}]},{"@type":"WebSite","@id":"https:\/\/casa-interior.com\/es\/#website","url":"https:\/\/casa-interior.com\/es\/","name":"Casa Interior","description":"Kitchen Designers in Costa Blanca","publisher":{"@id":"https:\/\/casa-interior.com\/es\/#organization"},"potentialAction":[{"@type":"SearchAction","target":{"@type":"EntryPoint","urlTemplate":"https:\/\/casa-interior.com\/es\/?s={search_term_string}"},"query-input":{"@type":"PropertyValueSpecification","valueRequired":true,"valueName":"search_term_string"}}],"inLanguage":"es"},{"@type":"Organization","@id":"https:\/\/casa-interior.com\/es\/#organization","name":"Casa Interior","url":"https:\/\/casa-interior.com\/es\/","logo":{"@type":"ImageObject","inLanguage":"es","@id":"https:\/\/casa-interior.com\/es\/#\/schema\/logo\/image\/","url":"https:\/\/casa-interior.com\/wp-content\/uploads\/2018\/03\/Logo-Casa-Interior-nuevo-150px.png","contentUrl":"https:\/\/casa-interior.com\/wp-content\/uploads\/2018\/03\/Logo-Casa-Interior-nuevo-150px.png","width":150,"height":150,"caption":"Casa Interior"},"image":{"@id":"https:\/\/casa-interior.com\/es\/#\/schema\/logo\/image\/"},"sameAs":["https:\/\/www.facebook.com\/kitchens.costa.blanca\/","https:\/\/www.instagram.com\/casainterioraltea"]}]}},"_links":{"self":[{"href":"https:\/\/casa-interior.com\/es\/wp-json\/wp\/v2\/avada_portfolio\/22520","targetHints":{"allow":["GET"]}}],"collection":[{"href":"https:\/\/casa-interior.com\/es\/wp-json\/wp\/v2\/avada_portfolio"}],"about":[{"href":"https:\/\/casa-interior.com\/es\/wp-json\/wp\/v2\/types\/avada_portfolio"}],"author":[{"embeddable":true,"href":"https:\/\/casa-interior.com\/es\/wp-json\/wp\/v2\/users\/1"}],"replies":[{"embeddable":true,"href":"https:\/\/casa-interior.com\/es\/wp-json\/wp\/v2\/comments?post=22520"}],"version-history":[{"count":0,"href":"https:\/\/casa-interior.com\/es\/wp-json\/wp\/v2\/avada_portfolio\/22520\/revisions"}],"wp:featuredmedia":[{"embeddable":true,"href":"https:\/\/casa-interior.com\/es\/wp-json\/wp\/v2\/media\/22524"}],"wp:attachment":[{"href":"https:\/\/casa-interior.com\/es\/wp-json\/wp\/v2\/media?parent=22520"}],"wp:term":[{"taxonomy":"portfolio_category","embeddable":true,"href":"https:\/\/casa-interior.com\/es\/wp-json\/wp\/v2\/portfolio_category?post=22520"},{"taxonomy":"portfolio_skills","embeddable":true,"href":"https:\/\/casa-interior.com\/es\/wp-json\/wp\/v2\/portfolio_skills?post=22520"},{"taxonomy":"portfolio_tags","embeddable":true,"href":"https:\/\/casa-interior.com\/es\/wp-json\/wp\/v2\/portfolio_tags?post=22520"}],"curies":[{"name":"wp","href":"https:\/\/api.w.org\/{rel}","templated":true}]}}