{"id":27264,"date":"2021-07-10T12:00:53","date_gmt":"2021-07-10T10:00:53","guid":{"rendered":"https:\/\/casa-interior.com\/?post_type=avada_portfolio&#038;p=27264"},"modified":"2021-10-24T16:26:37","modified_gmt":"2021-10-24T14:26:37","slug":"arredo3-kali-altea-hills","status":"publish","type":"avada_portfolio","link":"https:\/\/casa-interior.com\/es\/portfolio-items\/arredo3-kali-altea-hills\/","title":{"rendered":"Arredo3 Kal\u00ec &#8211; Altea Hills"},"content":{"rendered":"<p><div class=\"fusion-fullwidth fullwidth-box fusion-builder-row-1 nonhundred-percent-fullwidth non-hundred-percent-height-scrolling\" style=\"--awb-border-radius-top-left:0px;--awb-border-radius-top-right:0px;--awb-border-radius-bottom-right:0px;--awb-border-radius-bottom-left:0px;--awb-flex-wrap:wrap;\" ><div class=\"fusion-builder-row fusion-row\"><div class=\"fusion-layout-column fusion_builder_column fusion-builder-column-0 fusion_builder_column_1_1 1_1 fusion-one-full fusion-column-first fusion-column-last\" style=\"--awb-bg-size:cover;\"><div class=\"fusion-column-wrapper fusion-flex-column-wrapper-legacy\"><div class=\"fusion-title title fusion-title-1 fusion-sep-none fusion-title-center fusion-title-text fusion-title-size-two\" style=\"--awb-margin-top-small:0px;--awb-margin-right-small:0px;--awb-margin-bottom-small:20px;--awb-margin-left-small:0px;\"><h2 class=\"fusion-title-heading title-heading-center fusion-responsive-typography-calculated\" style=\"margin:0;--fontSize:60;line-height:1.17;\"><h2>Cocina Arredo3 Kal\u00ec en Altea Hills<\/h2><\/h2><\/div><div class=\"fusion-sep-clear\"><\/div><div class=\"fusion-separator fusion-full-width-sep\" style=\"margin-left: auto;margin-right: auto;width:100%;\"><\/div><div class=\"fusion-sep-clear\"><\/div><div class=\"fusion-content-boxes content-boxes columns row fusion-columns-5 fusion-columns-total-5 fusion-content-boxes-1 content-boxes-icon-with-title content-left\" style=\"--awb-backgroundcolor:#f6f6f6;--awb-iconcolor:#cb2128;--awb-hover-accent-color:#cb2128;--awb-circle-hover-accent-color:#cb2128;\" data-animationOffset=\"top-into-view\"><div style=\"--awb-backgroundcolor:#f6f6f6;--awb-iconcolor:#cb2128;\" class=\"fusion-column content-box-column content-box-column-1 col-lg-2 col-md-2 col-sm-2 fusion-content-box-hover content-box-column-first-in-row\"><div class=\"col content-box-wrapper content-wrapper-background link-area-box icon-hover-animation-slide\" data-animationOffset=\"top-into-view\"><div class=\"heading icon-left\"><h2 class=\"content-box-heading fusion-responsive-typography-calculated\" style=\"--h2_typography-font-size:20px;--fontSize:20;line-height:3.5;\">MARCA<\/h2><\/div><div class=\"fusion-clearfix\"><\/div><div class=\"content-container\">Arredo3<\/div><\/div><\/div><div style=\"--awb-backgroundcolor:#f6f6f6;--awb-iconcolor:#cb2128;\" class=\"fusion-column content-box-column content-box-column-2 col-lg-2 col-md-2 col-sm-2 fusion-content-box-hover \"><div class=\"col content-box-wrapper content-wrapper-background link-area-box icon-hover-animation-slide\" data-animationOffset=\"top-into-view\"><div class=\"heading icon-left\"><h2 class=\"content-box-heading fusion-responsive-typography-calculated\" style=\"--h2_typography-font-size:20px;--fontSize:20;line-height:3.5;\">MODELO<\/h2><\/div><div class=\"fusion-clearfix\"><\/div><div class=\"content-container\">Kal\u00ec<\/div><\/div><\/div><div style=\"--awb-backgroundcolor:#f6f6f6;--awb-iconcolor:#cb2128;\" class=\"fusion-column content-box-column content-box-column-3 col-lg-2 col-md-2 col-sm-2 fusion-content-box-hover \"><div class=\"col content-box-wrapper content-wrapper-background link-area-box icon-hover-animation-slide\" data-animationOffset=\"top-into-view\"><div class=\"heading icon-left\"><h2 class=\"content-box-heading fusion-responsive-typography-calculated\" style=\"--h2_typography-font-size:20px;--fontSize:20;line-height:3.5;\">COLOR<\/h2><\/div><div class=\"fusion-clearfix\"><\/div><div class=\"content-container\">\n<p>Negro Maximatt (584)<\/p>\n<\/div><\/div><\/div><div style=\"--awb-backgroundcolor:#f6f6f6;--awb-iconcolor:#cb2128;\" class=\"fusion-column content-box-column content-box-column-4 col-lg-2 col-md-2 col-sm-2 fusion-content-box-hover \"><div class=\"col content-box-wrapper content-wrapper-background link-area-box icon-hover-animation-slide\" data-animationOffset=\"top-into-view\"><div class=\"heading icon-left\"><h2 class=\"content-box-heading fusion-responsive-typography-calculated\" style=\"--h2_typography-font-size:20px;--fontSize:20;line-height:3.5;\">TIRADOR<\/h2><\/div><div class=\"fusion-clearfix\"><\/div><div class=\"content-container\">Perfil gola Retta bru\u00f1ido<\/div><\/div><\/div><div style=\"--awb-backgroundcolor:#f6f6f6;--awb-iconcolor:#cb2128;\" class=\"fusion-column content-box-column content-box-column-5 col-lg-2 col-md-2 col-sm-2 fusion-content-box-hover content-box-column-last content-box-column-last-in-row\"><div class=\"col content-box-wrapper content-wrapper-background link-area-box icon-hover-animation-slide\" data-animationOffset=\"top-into-view\"><div class=\"heading icon-left\"><h2 class=\"content-box-heading fusion-responsive-typography-calculated\" style=\"--h2_typography-font-size:20px;--fontSize:20;line-height:3.5;\">ENCIMERA<\/h2><\/div><div class=\"fusion-clearfix\"><\/div><div class=\"content-container\">Guidoni Gris claro<\/div><\/div><\/div><div class=\"fusion-clearfix\"><\/div><\/div><div class=\"fusion-sep-clear\"><\/div><div class=\"fusion-separator fusion-full-width-sep\" style=\"margin-left: auto;margin-right: auto;width:100%;\"><\/div><div class=\"fusion-sep-clear\"><\/div><div class=\"fusion-image-before-after-wrapper fusion-image-before-after-horizontal type-before-after hover-type-together fusion-image-before-after-wrapper-1\" style=\"--awb-font-size:13px;--awb-bordersize:0px;--awb-accent-color-bg:rgba(255,255,255,0.15);--awb-transition-time:0.5s;\"><div class=\"fusion-image-before-after-element fusion-image-before-after fusion-image-before-after-container fusion-image-before-after-1\" data-offset=\"0.5\" data-orientation=\"horizontal\" data-move-with-handle-only=\"true\" data-click-to-move=\"true\"><img decoding=\"async\" alt=\"Old kitchen in Altea Hills\" class=\"fusion-image-before-after-before\" src=\"https:\/\/casa-interior.com\/wp-content\/uploads\/2021\/10\/Old-kitchen-in-Altea-Hills-1024x768.jpg\" width=\"1024\" height=\"768\"><img decoding=\"async\" alt=\"Arredo3 Kali Black Maximatt in Altea Hills\" class=\"fusion-image-before-after-after\" src=\"https:\/\/casa-interior.com\/wp-content\/uploads\/2021\/10\/Arredo3-Kali-Black-Maximatt-in-Altea-Hills-Despues-1024x768.jpg\" width=\"1024\" height=\"768\"><div class=\"fusion-image-before-after-overlay before-after-overlay-image-centered\"><div class=\"fusion-image-before-after-before-label\" data-content=\"Antes\"><\/div><div class=\"fusion-image-before-after-after-label\" data-content=\"Despu\u00e9s\"><\/div><\/div><div class=\"fusion-image-before-after-handle fusion-image-before-after-handle-default\"><span class=\"fusion-image-before-after-left-arrow\"><\/span><span class=\"fusion-image-before-after-right-arrow\"><\/span><\/div><\/div><\/div><div class=\"fusion-sep-clear\"><\/div><div class=\"fusion-separator fusion-full-width-sep\" style=\"margin-left: auto;margin-right: auto;margin-top:25px;margin-bottom:25px;width:100%;\"><\/div><div class=\"fusion-sep-clear\"><\/div><div class=\"fusion-clearfix\"><\/div><\/div><\/div><\/div><\/div><div class=\"fusion-fullwidth fullwidth-box fusion-builder-row-2 nonhundred-percent-fullwidth non-hundred-percent-height-scrolling\" style=\"--awb-border-radius-top-left:0px;--awb-border-radius-top-right:0px;--awb-border-radius-bottom-right:0px;--awb-border-radius-bottom-left:0px;--awb-flex-wrap:wrap;\" ><div class=\"fusion-builder-row fusion-row\"><div class=\"fusion-layout-column fusion_builder_column fusion-builder-column-1 fusion_builder_column_2_3 2_3 fusion-two-third fusion-column-first\" style=\"--awb-bg-size:cover;width:66.666666666667%;width:calc(66.666666666667% - ( ( 4% ) * 0.66666666666667 ) );margin-right: 4%;\"><div class=\"fusion-column-wrapper fusion-flex-column-wrapper-legacy\"><div class=\"fusion-text fusion-text-1\"><p>En <a href=\"https:\/\/casa-interior.com\/es\/\" target=\"_blank\" rel=\"noopener\">Casa Interior<\/a> podemos hacer cocinas para espacios grandes o espacios peque\u00f1os. Tenemos todos los muebles necesarios para hacer una cocina completa en un espacio muy reducido sin echar en falta ning\u00fan accesorio. Hay algunos trucos para que tu cocina peque\u00f1a parezca m\u00e1s grande, como poner armarios con puertas de cristal transparente o materiales transl\u00facidos. El orden es muy importante en las cocinas peque\u00f1as para que los platos, vasos y utensilios no ocupen espacio en la encimera por lo que son muy \u00fatiles los estantes flotantes, y adem\u00e1s nos pueden ayudar a crear combinaciones de colores atractivas y modernas.<\/p>\n<p>Hoy os mostramos una cocina para un peque\u00f1o loft en <a href=\"https:\/\/visitaltea.es\/\" target=\"_blank\" rel=\"noopener\">Altea Hills<\/a>. Se trata de una mini cocina para un estudio que tiene todos los elementos b\u00e1sicos necesarios. Nuestro cliente quer\u00eda algo moderno que encajase con el dise\u00f1o de toda la casa, elegante y discreto. El modelo que hemos elegido ha sido <a href=\"https:\/\/casa-interior.com\/es\/portfolio-items\/arredo3-kali\/\" target=\"_blank\" rel=\"noopener\">Kal\u00ec<\/a> Maximatt en color negro con gola tambi\u00e9n en color negro.<\/p>\n<p>Esta peque\u00f1a cocina en Altea tiene todo lo necesario para vivir, un fregadero en acero inoxidable bajo encimera de la marca <a href=\"https:\/\/icoben.es\/\" target=\"_blank\" rel=\"noopener\">Icoben<\/a>, un frigor\u00edfico integrado de la marca <a href=\"https:\/\/www.amica-group.es\/\" target=\"_blank\" rel=\"noopener\">Amica<\/a> y una placa de la marca <a href=\"https:\/\/www.teka.com\/es-es\/\" target=\"_blank\" rel=\"noopener\">Teka<\/a>. Debajo de la placa de inducci\u00f3n tenemos dos cajones y un gavetero para guardar los utensilios de cocina.<\/p>\n<p>En los armarios altos tenemos un microondas de la marca <a href=\"https:\/\/www.balay.es\/\" target=\"_blank\" rel=\"noopener\">Balay<\/a> integrado en un mueble, varios armarios para almacenaje y un mueble con campana integrada de la marca <a href=\"https:\/\/www.elica.com\/ES-es\" target=\"_blank\" rel=\"noopener\">Elica<\/a> proporcionada por nuestro fabricante <a href=\"https:\/\/www.arredo3.es\/\" target=\"_blank\" rel=\"noopener\">Arredo3<\/a>.<\/p>\n<p>Para la encimera hemos elegido el cuarzo por su resistencia y su apariencia brillante. El color elegido es el gris claro de la marca <a href=\"https:\/\/en.topzstone.com\/\" target=\"_blank\" rel=\"noopener\">Guidoni<\/a>, y como hemos dicho anteriormente, hemos instalado un fregadero en acabado inox bajo la encimera.<\/p>\n<p>Puede seguir viendo m\u00e1s proyectos de Casa Interior\u00a0<a href=\"https:\/\/casa-interior.com\/es\/proyectos\/\">aqu\u00ed<\/a>\u00a0o puede\u00a0<a href=\"https:\/\/casa-interior.com\/es\/contacto-casa-interior\/\">contactar<\/a>\u00a0con nosotros para solicitar un dise\u00f1o de su nueva cocina.<\/p>\n<\/div><div class=\"fusion-clearfix\"><\/div><\/div><\/div><div class=\"fusion-layout-column fusion_builder_column fusion-builder-column-2 fusion_builder_column_1_3 1_3 fusion-one-third fusion-column-last\" style=\"--awb-bg-size:cover;width:33.333333333333%;width:calc(33.333333333333% - ( ( 4% ) * 0.33333333333333 ) );\"><div class=\"fusion-column-wrapper fusion-flex-column-wrapper-legacy\"><div class=\"fusion-sep-clear\"><\/div><div class=\"fusion-separator fusion-full-width-sep\" style=\"margin-left: auto;margin-right: auto;margin-top:25px;margin-bottom:25px;width:100%;\"><\/div><div class=\"fusion-sep-clear\"><\/div><div class=\"fusion-image-carousel fusion-image-carousel-auto fusion-image-carousel-1 lightbox-enabled fusion-carousel-border\"><div class=\"awb-carousel awb-swiper awb-swiper-carousel awb-carousel--carousel awb-swiper-dots-position-bottom\" data-layout=\"carousel\" data-autoplay=\"yes\" data-autoplayspeed=\"2500\" data-autoplaypause=\"no\" data-columns=\"1\" data-columnsmedium=\"1\" data-columnssmall=\"1\" data-itemmargin=\"13\" data-itemwidth=\"180\" data-touchscroll=\"no\" data-freemode=\"no\" data-imagesize=\"auto\" data-scrollitems=\"0\" data-centeredslides=\"no\" data-rotationangle=\"50\" data-depth=\"100\" data-speed=\"500\" data-shadow=\"no\" data-pagination=\"bullets\" style=\"--awb-columns:1;--awb-border-width:1px;--awb-border-color:#e9eaee;\"><div class=\"swiper-wrapper awb-image-carousel-wrapper fusion-flex-align-items-center\"><div class=\"swiper-slide\"><div class=\"fusion-carousel-item-wrapper\"><div class=\"fusion-image-wrapper hover-type-none\"><a data-rel=\"iLightbox[image_carousel_1]\" data-title=\"Arredo3 Kali Negro Maximatt en Altea Hills\" aria-label=\"Arredo3 Kali Negro Maximatt en Altea Hills\" href=\"https:\/\/casa-interior.com\/wp-content\/uploads\/2021\/10\/Arredo3-Kali-Black-Maximatt-in-Altea-Hills-Espanol-1.jpg\" target=\"_self\"><img decoding=\"async\" width=\"1200\" height=\"1600\" src=\"https:\/\/casa-interior.com\/wp-content\/uploads\/2021\/10\/Arredo3-Kali-Black-Maximatt-in-Altea-Hills-Espanol-1.jpg\" class=\"attachment-full size-full\" alt=\"Arredo3 Kal\u00ec en Altea Hills\" srcset=\"https:\/\/casa-interior.com\/wp-content\/uploads\/2021\/10\/Arredo3-Kali-Black-Maximatt-in-Altea-Hills-Espanol-1-200x267.jpg 200w, https:\/\/casa-interior.com\/wp-content\/uploads\/2021\/10\/Arredo3-Kali-Black-Maximatt-in-Altea-Hills-Espanol-1-225x300.jpg 225w, https:\/\/casa-interior.com\/wp-content\/uploads\/2021\/10\/Arredo3-Kali-Black-Maximatt-in-Altea-Hills-Espanol-1-400x533.jpg 400w, https:\/\/casa-interior.com\/wp-content\/uploads\/2021\/10\/Arredo3-Kali-Black-Maximatt-in-Altea-Hills-Espanol-1-600x800.jpg 600w, https:\/\/casa-interior.com\/wp-content\/uploads\/2021\/10\/Arredo3-Kali-Black-Maximatt-in-Altea-Hills-Espanol-1-768x1024.jpg 768w, https:\/\/casa-interior.com\/wp-content\/uploads\/2021\/10\/Arredo3-Kali-Black-Maximatt-in-Altea-Hills-Espanol-1-800x1067.jpg 800w, https:\/\/casa-interior.com\/wp-content\/uploads\/2021\/10\/Arredo3-Kali-Black-Maximatt-in-Altea-Hills-Espanol-1-1152x1536.jpg 1152w, https:\/\/casa-interior.com\/wp-content\/uploads\/2021\/10\/Arredo3-Kali-Black-Maximatt-in-Altea-Hills-Espanol-1.jpg 1200w\" sizes=\"(max-width: 1200px) 100vw, 1200px\" \/><\/a><\/div><\/div><\/div><div class=\"swiper-slide\"><div class=\"fusion-carousel-item-wrapper\"><div class=\"fusion-image-wrapper hover-type-none\"><a data-rel=\"iLightbox[image_carousel_1]\" data-title=\"Arredo3 Kali Negro Maximatt en Altea Hills\" aria-label=\"Arredo3 Kali Negro Maximatt en Altea Hills\" href=\"https:\/\/casa-interior.com\/wp-content\/uploads\/2021\/10\/Arredo3-Kali-Black-Maximatt-in-Altea-Hills-Espanol-2.jpg\" target=\"_self\"><img decoding=\"async\" width=\"1200\" height=\"1600\" src=\"https:\/\/casa-interior.com\/wp-content\/uploads\/2021\/10\/Arredo3-Kali-Black-Maximatt-in-Altea-Hills-Espanol-2.jpg\" class=\"attachment-full size-full\" alt=\"Arredo3 Kal\u00ec en Altea Hills\" srcset=\"https:\/\/casa-interior.com\/wp-content\/uploads\/2021\/10\/Arredo3-Kali-Black-Maximatt-in-Altea-Hills-Espanol-2-200x267.jpg 200w, https:\/\/casa-interior.com\/wp-content\/uploads\/2021\/10\/Arredo3-Kali-Black-Maximatt-in-Altea-Hills-Espanol-2-225x300.jpg 225w, https:\/\/casa-interior.com\/wp-content\/uploads\/2021\/10\/Arredo3-Kali-Black-Maximatt-in-Altea-Hills-Espanol-2-400x533.jpg 400w, https:\/\/casa-interior.com\/wp-content\/uploads\/2021\/10\/Arredo3-Kali-Black-Maximatt-in-Altea-Hills-Espanol-2-600x800.jpg 600w, https:\/\/casa-interior.com\/wp-content\/uploads\/2021\/10\/Arredo3-Kali-Black-Maximatt-in-Altea-Hills-Espanol-2-768x1024.jpg 768w, https:\/\/casa-interior.com\/wp-content\/uploads\/2021\/10\/Arredo3-Kali-Black-Maximatt-in-Altea-Hills-Espanol-2-800x1067.jpg 800w, https:\/\/casa-interior.com\/wp-content\/uploads\/2021\/10\/Arredo3-Kali-Black-Maximatt-in-Altea-Hills-Espanol-2-1152x1536.jpg 1152w, https:\/\/casa-interior.com\/wp-content\/uploads\/2021\/10\/Arredo3-Kali-Black-Maximatt-in-Altea-Hills-Espanol-2.jpg 1200w\" sizes=\"(max-width: 1200px) 100vw, 1200px\" \/><\/a><\/div><\/div><\/div><div class=\"swiper-slide\"><div class=\"fusion-carousel-item-wrapper\"><div class=\"fusion-image-wrapper hover-type-none\"><a data-rel=\"iLightbox[image_carousel_1]\" data-title=\"Arredo3 Kali Negro Maximatt en Altea Hills\" aria-label=\"Arredo3 Kali Negro Maximatt en Altea Hills\" href=\"https:\/\/casa-interior.com\/wp-content\/uploads\/2021\/10\/Arredo3-Kali-Black-Maximatt-in-Altea-Hills-Espanol-3.jpg\" target=\"_self\"><img decoding=\"async\" width=\"1200\" height=\"1600\" src=\"https:\/\/casa-interior.com\/wp-content\/uploads\/2021\/10\/Arredo3-Kali-Black-Maximatt-in-Altea-Hills-Espanol-3.jpg\" class=\"attachment-full size-full\" alt=\"Arredo3 Kal\u00ec en Altea Hills\" srcset=\"https:\/\/casa-interior.com\/wp-content\/uploads\/2021\/10\/Arredo3-Kali-Black-Maximatt-in-Altea-Hills-Espanol-3-200x267.jpg 200w, https:\/\/casa-interior.com\/wp-content\/uploads\/2021\/10\/Arredo3-Kali-Black-Maximatt-in-Altea-Hills-Espanol-3-225x300.jpg 225w, https:\/\/casa-interior.com\/wp-content\/uploads\/2021\/10\/Arredo3-Kali-Black-Maximatt-in-Altea-Hills-Espanol-3-400x533.jpg 400w, https:\/\/casa-interior.com\/wp-content\/uploads\/2021\/10\/Arredo3-Kali-Black-Maximatt-in-Altea-Hills-Espanol-3-600x800.jpg 600w, https:\/\/casa-interior.com\/wp-content\/uploads\/2021\/10\/Arredo3-Kali-Black-Maximatt-in-Altea-Hills-Espanol-3-768x1024.jpg 768w, https:\/\/casa-interior.com\/wp-content\/uploads\/2021\/10\/Arredo3-Kali-Black-Maximatt-in-Altea-Hills-Espanol-3-800x1067.jpg 800w, https:\/\/casa-interior.com\/wp-content\/uploads\/2021\/10\/Arredo3-Kali-Black-Maximatt-in-Altea-Hills-Espanol-3-1152x1536.jpg 1152w, https:\/\/casa-interior.com\/wp-content\/uploads\/2021\/10\/Arredo3-Kali-Black-Maximatt-in-Altea-Hills-Espanol-3.jpg 1200w\" sizes=\"(max-width: 1200px) 100vw, 1200px\" \/><\/a><\/div><\/div><\/div><\/div><div class=\"awb-swiper-button awb-swiper-button-prev\"><i class=\"awb-icon-angle-left\" aria-hidden=\"true\"><\/i><\/div><div class=\"awb-swiper-button awb-swiper-button-next\"><i class=\"awb-icon-angle-right\" aria-hidden=\"true\"><\/i><\/div><\/div><\/div><div class=\"fusion-clearfix\"><\/div><\/div><\/div><\/div><\/div><div class=\"fusion-fullwidth fullwidth-box fusion-builder-row-3 fusion-flex-container nonhundred-percent-fullwidth non-hundred-percent-height-scrolling\" style=\"--awb-border-radius-top-left:0px;--awb-border-radius-top-right:0px;--awb-border-radius-bottom-right:0px;--awb-border-radius-bottom-left:0px;--awb-flex-wrap:wrap;\" ><div class=\"fusion-builder-row fusion-row fusion-flex-align-items-flex-start fusion-flex-content-wrap\" style=\"max-width:1216.8px;margin-left: calc(-4% \/ 2 );margin-right: calc(-4% \/ 2 );\"><div class=\"fusion-layout-column fusion_builder_column fusion-builder-column-3 fusion_builder_column_1_1 1_1 fusion-flex-column\" style=\"--awb-bg-size:cover;--awb-width-large:100%;--awb-margin-top-large:0px;--awb-spacing-right-large:1.92%;--awb-margin-bottom-large:0px;--awb-spacing-left-large:1.92%;--awb-width-medium:100%;--awb-order-medium:0;--awb-spacing-right-medium:1.92%;--awb-spacing-left-medium:1.92%;--awb-width-small:100%;--awb-order-small:0;--awb-spacing-right-small:1.92%;--awb-spacing-left-small:1.92%;\"><div class=\"fusion-column-wrapper fusion-column-has-shadow fusion-flex-justify-content-flex-start fusion-content-layout-column\"><div class=\"fusion-separator fusion-full-width-sep\" style=\"align-self: center;margin-left: auto;margin-right: auto;margin-top:25px;margin-bottom:25px;width:100%;\"><\/div><div class=\"fusion-title title fusion-title-2 sep-underline sep-dashed fusion-title-center fusion-title-text fusion-title-size-four\" style=\"--awb-margin-top-small:0px;--awb-margin-right-small:0px;--awb-margin-bottom-small:20px;--awb-margin-left-small:0px;\"><h4 class=\"fusion-title-heading title-heading-center fusion-responsive-typography-calculated\" style=\"margin:0;--fontSize:30;line-height:1.5;\">Im\u00e1genes Adicionales<\/h4><\/div><div class=\"awb-gallery-wrapper awb-gallery-wrapper-1 button-span-no\" data-limit=\"10\" data-page=\"1\"><div style=\"margin:-5px;--awb-bordersize:0px;\" class=\"fusion-gallery fusion-gallery-container fusion-grid-3 fusion-columns-total-3 fusion-gallery-layout-grid fusion-gallery-1\"><div style=\"padding:5px;\" class=\"fusion-grid-column fusion-gallery-column fusion-gallery-column-3 hover-type-none\"><div class=\"fusion-gallery-image\"><a href=\"https:\/\/casa-interior.com\/wp-content\/uploads\/2021\/10\/Arredo3-Kali-Black-Maximatt-in-Altea-Hills-Galeria-1.jpg\" rel=\"noreferrer\" data-rel=\"iLightbox[gallery_image_1]\" class=\"fusion-lightbox\" target=\"_blank\"><img decoding=\"async\" src=\"https:\/\/casa-interior.com\/wp-content\/uploads\/2021\/10\/Arredo3-Kali-Black-Maximatt-in-Altea-Hills-Galeria-1-460x295.jpg\" width=\"460\" height=\"295\" alt=\"Arredo3 Kali Black Maximatt in Altea Hills\" title=\"Arredo3 Kali Black Maximatt in Altea Hills &#8211; Galeria (1)\" aria-label=\"Arredo3 Kali Black Maximatt in Altea Hills &#8211; Galeria (1)\" class=\"img-responsive wp-image-27278 fusion-gallery-image-size-fixed\"  \/><\/a><\/div><\/div><div style=\"padding:5px;\" class=\"fusion-grid-column fusion-gallery-column fusion-gallery-column-3 hover-type-none\"><div class=\"fusion-gallery-image\"><a href=\"https:\/\/casa-interior.com\/wp-content\/uploads\/2021\/10\/Arredo3-Kali-Black-Maximatt-in-Altea-Hills-Galeria-2.jpg\" rel=\"noreferrer\" data-rel=\"iLightbox[gallery_image_1]\" class=\"fusion-lightbox\" target=\"_blank\"><img decoding=\"async\" src=\"https:\/\/casa-interior.com\/wp-content\/uploads\/2021\/10\/Arredo3-Kali-Black-Maximatt-in-Altea-Hills-Galeria-2-460x295.jpg\" width=\"460\" height=\"295\" alt=\"Arredo3 Kali Black Maximatt in Altea Hills\" title=\"Arredo3 Kali Black Maximatt in Altea Hills &#8211; Galeria (2)\" aria-label=\"Arredo3 Kali Black Maximatt in Altea Hills &#8211; Galeria (2)\" class=\"img-responsive wp-image-27280 fusion-gallery-image-size-fixed\"  \/><\/a><\/div><\/div><div style=\"padding:5px;\" class=\"fusion-grid-column fusion-gallery-column fusion-gallery-column-3 hover-type-none\"><div class=\"fusion-gallery-image\"><a href=\"https:\/\/casa-interior.com\/wp-content\/uploads\/2021\/10\/Arredo3-Kali-Black-Maximatt-in-Altea-Hills-Galeria-3.jpg\" rel=\"noreferrer\" data-rel=\"iLightbox[gallery_image_1]\" class=\"fusion-lightbox\" target=\"_blank\"><img decoding=\"async\" src=\"https:\/\/casa-interior.com\/wp-content\/uploads\/2021\/10\/Arredo3-Kali-Black-Maximatt-in-Altea-Hills-Galeria-3-460x295.jpg\" width=\"460\" height=\"295\" alt=\"Arredo3 Kali Black Maximatt in Altea Hills\" title=\"Arredo3 Kali Black Maximatt in Altea Hills &#8211; Galeria (3)\" aria-label=\"Arredo3 Kali Black Maximatt in Altea Hills &#8211; Galeria (3)\" class=\"img-responsive wp-image-27282 fusion-gallery-image-size-fixed\"  \/><\/a><\/div><\/div><div class=\"clearfix\"><\/div><\/div><\/div><\/div><\/div><\/div><\/div><\/p>\n","protected":false},"excerpt":{"rendered":"<p>En Casa Interior podemos hacer cocinas para espacios grandes o espacios peque\u00f1os. Tenemos todos los muebles necesarios para hacer una cocina completa en un espacio muy reducido sin echar en falta ning\u00fan accesorio. <\/p>\n","protected":false},"author":1,"featured_media":27285,"menu_order":0,"comment_status":"open","ping_status":"closed","template":"","format":"standard","meta":{"footnotes":""},"portfolio_category":[717],"portfolio_skills":[],"portfolio_tags":[2655,2656,897,1447,901,1419,2658,2657,1454,962,2654,1519,877,1572,1509],"class_list":["post-27264","avada_portfolio","type-avada_portfolio","status-publish","format-standard","has-post-thumbnail","hentry","portfolio_category-proyectos","portfolio_tags-584-es","portfolio_tags-amica-es","portfolio_tags-arredo3-es","portfolio_tags-balay-es","portfolio_tags-brunido","portfolio_tags-elica-es","portfolio_tags-gris-claro","portfolio_tags-guidoni-es","portfolio_tags-icoben-es","portfolio_tags-kali-es","portfolio_tags-maximatt-es","portfolio_tags-moderno","portfolio_tags-negro","portfolio_tags-sin-tirador","portfolio_tags-teka-es"],"yoast_head":"<!-- This site is optimized with the Yoast SEO plugin v27.3 - https:\/\/yoast.com\/product\/yoast-seo-wordpress\/ -->\n<title>Casa Interior - Proyectos - Antes y Despu\u00e9s - 07 - 2021 - Arredo3 Kal\u00ec<\/title>\n<meta name=\"robots\" content=\"index, follow, max-snippet:-1, max-image-preview:large, max-video-preview:-1\" \/>\n<link rel=\"canonical\" href=\"https:\/\/casa-interior.com\/es\/portfolio-items\/arredo3-kali-altea-hills\/\" \/>\n<meta property=\"og:locale\" content=\"es_ES\" \/>\n<meta property=\"og:type\" content=\"article\" \/>\n<meta property=\"og:title\" content=\"Casa Interior - Proyectos - Antes y Despu\u00e9s - 07 - 2021 - Arredo3 Kal\u00ec\" \/>\n<meta property=\"og:description\" content=\"En Casa Interior podemos hacer cocinas para espacios grandes o espacios peque\u00f1os. Tenemos todos los muebles necesarios para hacer una cocina completa en un espacio muy reducido sin echar en falta ning\u00fan accesorio.\" \/>\n<meta property=\"og:url\" content=\"https:\/\/casa-interior.com\/es\/portfolio-items\/arredo3-kali-altea-hills\/\" \/>\n<meta property=\"og:site_name\" content=\"Casa Interior\" \/>\n<meta property=\"article:publisher\" content=\"https:\/\/www.facebook.com\/kitchens.costa.blanca\/\" \/>\n<meta property=\"article:modified_time\" content=\"2021-10-24T14:26:37+00:00\" \/>\n<meta property=\"og:image\" content=\"https:\/\/casa-interior.com\/wp-content\/uploads\/2021\/10\/Arredo3-Kali-Black-Maximatt-in-Altea-Hills-Portada.jpg\" \/>\n\t<meta property=\"og:image:width\" content=\"1280\" \/>\n\t<meta property=\"og:image:height\" content=\"754\" \/>\n\t<meta property=\"og:image:type\" content=\"image\/jpeg\" \/>\n<meta name=\"twitter:card\" content=\"summary_large_image\" \/>\n<meta name=\"twitter:label1\" content=\"Tiempo de lectura\" \/>\n\t<meta name=\"twitter:data1\" content=\"13 minutos\" \/>\n<script type=\"application\/ld+json\" class=\"yoast-schema-graph\">{\"@context\":\"https:\\\/\\\/schema.org\",\"@graph\":[{\"@type\":\"WebPage\",\"@id\":\"https:\\\/\\\/casa-interior.com\\\/es\\\/portfolio-items\\\/arredo3-kali-altea-hills\\\/\",\"url\":\"https:\\\/\\\/casa-interior.com\\\/es\\\/portfolio-items\\\/arredo3-kali-altea-hills\\\/\",\"name\":\"Casa Interior - Proyectos - Antes y Despu\u00e9s - 07 - 2021 - Arredo3 Kal\u00ec\",\"isPartOf\":{\"@id\":\"https:\\\/\\\/casa-interior.com\\\/es\\\/#website\"},\"primaryImageOfPage\":{\"@id\":\"https:\\\/\\\/casa-interior.com\\\/es\\\/portfolio-items\\\/arredo3-kali-altea-hills\\\/#primaryimage\"},\"image\":{\"@id\":\"https:\\\/\\\/casa-interior.com\\\/es\\\/portfolio-items\\\/arredo3-kali-altea-hills\\\/#primaryimage\"},\"thumbnailUrl\":\"https:\\\/\\\/casa-interior.com\\\/wp-content\\\/uploads\\\/2021\\\/10\\\/Arredo3-Kali-Black-Maximatt-in-Altea-Hills-Portada.jpg\",\"datePublished\":\"2021-07-10T10:00:53+00:00\",\"dateModified\":\"2021-10-24T14:26:37+00:00\",\"breadcrumb\":{\"@id\":\"https:\\\/\\\/casa-interior.com\\\/es\\\/portfolio-items\\\/arredo3-kali-altea-hills\\\/#breadcrumb\"},\"inLanguage\":\"es\",\"potentialAction\":[{\"@type\":\"ReadAction\",\"target\":[\"https:\\\/\\\/casa-interior.com\\\/es\\\/portfolio-items\\\/arredo3-kali-altea-hills\\\/\"]}]},{\"@type\":\"ImageObject\",\"inLanguage\":\"es\",\"@id\":\"https:\\\/\\\/casa-interior.com\\\/es\\\/portfolio-items\\\/arredo3-kali-altea-hills\\\/#primaryimage\",\"url\":\"https:\\\/\\\/casa-interior.com\\\/wp-content\\\/uploads\\\/2021\\\/10\\\/Arredo3-Kali-Black-Maximatt-in-Altea-Hills-Portada.jpg\",\"contentUrl\":\"https:\\\/\\\/casa-interior.com\\\/wp-content\\\/uploads\\\/2021\\\/10\\\/Arredo3-Kali-Black-Maximatt-in-Altea-Hills-Portada.jpg\",\"width\":1280,\"height\":754,\"caption\":\"Arredo3 Kali Black Maximatt in Altea Hills\"},{\"@type\":\"BreadcrumbList\",\"@id\":\"https:\\\/\\\/casa-interior.com\\\/es\\\/portfolio-items\\\/arredo3-kali-altea-hills\\\/#breadcrumb\",\"itemListElement\":[{\"@type\":\"ListItem\",\"position\":1,\"name\":\"Portada\",\"item\":\"https:\\\/\\\/casa-interior.com\\\/es\\\/casa-interior\\\/\"},{\"@type\":\"ListItem\",\"position\":2,\"name\":\"Portfolio\",\"item\":\"https:\\\/\\\/casa-interior.com\\\/es\\\/portfolio-items\\\/\"},{\"@type\":\"ListItem\",\"position\":3,\"name\":\"Arredo3 Kal\u00ec &#8211; Altea Hills\"}]},{\"@type\":\"WebSite\",\"@id\":\"https:\\\/\\\/casa-interior.com\\\/es\\\/#website\",\"url\":\"https:\\\/\\\/casa-interior.com\\\/es\\\/\",\"name\":\"Casa Interior\",\"description\":\"Kitchen Designers in Costa Blanca\",\"publisher\":{\"@id\":\"https:\\\/\\\/casa-interior.com\\\/es\\\/#organization\"},\"potentialAction\":[{\"@type\":\"SearchAction\",\"target\":{\"@type\":\"EntryPoint\",\"urlTemplate\":\"https:\\\/\\\/casa-interior.com\\\/es\\\/?s={search_term_string}\"},\"query-input\":{\"@type\":\"PropertyValueSpecification\",\"valueRequired\":true,\"valueName\":\"search_term_string\"}}],\"inLanguage\":\"es\"},{\"@type\":\"Organization\",\"@id\":\"https:\\\/\\\/casa-interior.com\\\/es\\\/#organization\",\"name\":\"Casa Interior\",\"url\":\"https:\\\/\\\/casa-interior.com\\\/es\\\/\",\"logo\":{\"@type\":\"ImageObject\",\"inLanguage\":\"es\",\"@id\":\"https:\\\/\\\/casa-interior.com\\\/es\\\/#\\\/schema\\\/logo\\\/image\\\/\",\"url\":\"https:\\\/\\\/casa-interior.com\\\/wp-content\\\/uploads\\\/2018\\\/03\\\/Logo-Casa-Interior-nuevo-150px.png\",\"contentUrl\":\"https:\\\/\\\/casa-interior.com\\\/wp-content\\\/uploads\\\/2018\\\/03\\\/Logo-Casa-Interior-nuevo-150px.png\",\"width\":150,\"height\":150,\"caption\":\"Casa Interior\"},\"image\":{\"@id\":\"https:\\\/\\\/casa-interior.com\\\/es\\\/#\\\/schema\\\/logo\\\/image\\\/\"},\"sameAs\":[\"https:\\\/\\\/www.facebook.com\\\/kitchens.costa.blanca\\\/\",\"https:\\\/\\\/www.instagram.com\\\/casainterioraltea\"]}]}<\/script>\n<!-- \/ Yoast SEO plugin. -->","yoast_head_json":{"title":"Casa Interior - Proyectos - Antes y Despu\u00e9s - 07 - 2021 - Arredo3 Kal\u00ec","robots":{"index":"index","follow":"follow","max-snippet":"max-snippet:-1","max-image-preview":"max-image-preview:large","max-video-preview":"max-video-preview:-1"},"canonical":"https:\/\/casa-interior.com\/es\/portfolio-items\/arredo3-kali-altea-hills\/","og_locale":"es_ES","og_type":"article","og_title":"Casa Interior - Proyectos - Antes y Despu\u00e9s - 07 - 2021 - Arredo3 Kal\u00ec","og_description":"En Casa Interior podemos hacer cocinas para espacios grandes o espacios peque\u00f1os. Tenemos todos los muebles necesarios para hacer una cocina completa en un espacio muy reducido sin echar en falta ning\u00fan accesorio.","og_url":"https:\/\/casa-interior.com\/es\/portfolio-items\/arredo3-kali-altea-hills\/","og_site_name":"Casa Interior","article_publisher":"https:\/\/www.facebook.com\/kitchens.costa.blanca\/","article_modified_time":"2021-10-24T14:26:37+00:00","og_image":[{"width":1280,"height":754,"url":"https:\/\/casa-interior.com\/wp-content\/uploads\/2021\/10\/Arredo3-Kali-Black-Maximatt-in-Altea-Hills-Portada.jpg","type":"image\/jpeg"}],"twitter_card":"summary_large_image","twitter_misc":{"Tiempo de lectura":"13 minutos"},"schema":{"@context":"https:\/\/schema.org","@graph":[{"@type":"WebPage","@id":"https:\/\/casa-interior.com\/es\/portfolio-items\/arredo3-kali-altea-hills\/","url":"https:\/\/casa-interior.com\/es\/portfolio-items\/arredo3-kali-altea-hills\/","name":"Casa Interior - Proyectos - Antes y Despu\u00e9s - 07 - 2021 - Arredo3 Kal\u00ec","isPartOf":{"@id":"https:\/\/casa-interior.com\/es\/#website"},"primaryImageOfPage":{"@id":"https:\/\/casa-interior.com\/es\/portfolio-items\/arredo3-kali-altea-hills\/#primaryimage"},"image":{"@id":"https:\/\/casa-interior.com\/es\/portfolio-items\/arredo3-kali-altea-hills\/#primaryimage"},"thumbnailUrl":"https:\/\/casa-interior.com\/wp-content\/uploads\/2021\/10\/Arredo3-Kali-Black-Maximatt-in-Altea-Hills-Portada.jpg","datePublished":"2021-07-10T10:00:53+00:00","dateModified":"2021-10-24T14:26:37+00:00","breadcrumb":{"@id":"https:\/\/casa-interior.com\/es\/portfolio-items\/arredo3-kali-altea-hills\/#breadcrumb"},"inLanguage":"es","potentialAction":[{"@type":"ReadAction","target":["https:\/\/casa-interior.com\/es\/portfolio-items\/arredo3-kali-altea-hills\/"]}]},{"@type":"ImageObject","inLanguage":"es","@id":"https:\/\/casa-interior.com\/es\/portfolio-items\/arredo3-kali-altea-hills\/#primaryimage","url":"https:\/\/casa-interior.com\/wp-content\/uploads\/2021\/10\/Arredo3-Kali-Black-Maximatt-in-Altea-Hills-Portada.jpg","contentUrl":"https:\/\/casa-interior.com\/wp-content\/uploads\/2021\/10\/Arredo3-Kali-Black-Maximatt-in-Altea-Hills-Portada.jpg","width":1280,"height":754,"caption":"Arredo3 Kali Black Maximatt in Altea Hills"},{"@type":"BreadcrumbList","@id":"https:\/\/casa-interior.com\/es\/portfolio-items\/arredo3-kali-altea-hills\/#breadcrumb","itemListElement":[{"@type":"ListItem","position":1,"name":"Portada","item":"https:\/\/casa-interior.com\/es\/casa-interior\/"},{"@type":"ListItem","position":2,"name":"Portfolio","item":"https:\/\/casa-interior.com\/es\/portfolio-items\/"},{"@type":"ListItem","position":3,"name":"Arredo3 Kal\u00ec &#8211; Altea Hills"}]},{"@type":"WebSite","@id":"https:\/\/casa-interior.com\/es\/#website","url":"https:\/\/casa-interior.com\/es\/","name":"Casa Interior","description":"Kitchen Designers in Costa Blanca","publisher":{"@id":"https:\/\/casa-interior.com\/es\/#organization"},"potentialAction":[{"@type":"SearchAction","target":{"@type":"EntryPoint","urlTemplate":"https:\/\/casa-interior.com\/es\/?s={search_term_string}"},"query-input":{"@type":"PropertyValueSpecification","valueRequired":true,"valueName":"search_term_string"}}],"inLanguage":"es"},{"@type":"Organization","@id":"https:\/\/casa-interior.com\/es\/#organization","name":"Casa Interior","url":"https:\/\/casa-interior.com\/es\/","logo":{"@type":"ImageObject","inLanguage":"es","@id":"https:\/\/casa-interior.com\/es\/#\/schema\/logo\/image\/","url":"https:\/\/casa-interior.com\/wp-content\/uploads\/2018\/03\/Logo-Casa-Interior-nuevo-150px.png","contentUrl":"https:\/\/casa-interior.com\/wp-content\/uploads\/2018\/03\/Logo-Casa-Interior-nuevo-150px.png","width":150,"height":150,"caption":"Casa Interior"},"image":{"@id":"https:\/\/casa-interior.com\/es\/#\/schema\/logo\/image\/"},"sameAs":["https:\/\/www.facebook.com\/kitchens.costa.blanca\/","https:\/\/www.instagram.com\/casainterioraltea"]}]}},"_links":{"self":[{"href":"https:\/\/casa-interior.com\/es\/wp-json\/wp\/v2\/avada_portfolio\/27264","targetHints":{"allow":["GET"]}}],"collection":[{"href":"https:\/\/casa-interior.com\/es\/wp-json\/wp\/v2\/avada_portfolio"}],"about":[{"href":"https:\/\/casa-interior.com\/es\/wp-json\/wp\/v2\/types\/avada_portfolio"}],"author":[{"embeddable":true,"href":"https:\/\/casa-interior.com\/es\/wp-json\/wp\/v2\/users\/1"}],"replies":[{"embeddable":true,"href":"https:\/\/casa-interior.com\/es\/wp-json\/wp\/v2\/comments?post=27264"}],"version-history":[{"count":0,"href":"https:\/\/casa-interior.com\/es\/wp-json\/wp\/v2\/avada_portfolio\/27264\/revisions"}],"wp:featuredmedia":[{"embeddable":true,"href":"https:\/\/casa-interior.com\/es\/wp-json\/wp\/v2\/media\/27285"}],"wp:attachment":[{"href":"https:\/\/casa-interior.com\/es\/wp-json\/wp\/v2\/media?parent=27264"}],"wp:term":[{"taxonomy":"portfolio_category","embeddable":true,"href":"https:\/\/casa-interior.com\/es\/wp-json\/wp\/v2\/portfolio_category?post=27264"},{"taxonomy":"portfolio_skills","embeddable":true,"href":"https:\/\/casa-interior.com\/es\/wp-json\/wp\/v2\/portfolio_skills?post=27264"},{"taxonomy":"portfolio_tags","embeddable":true,"href":"https:\/\/casa-interior.com\/es\/wp-json\/wp\/v2\/portfolio_tags?post=27264"}],"curies":[{"name":"wp","href":"https:\/\/api.w.org\/{rel}","templated":true}]}}