{"id":28381,"date":"2022-05-01T12:00:31","date_gmt":"2022-05-01T10:00:31","guid":{"rendered":"https:\/\/casa-interior.com\/?post_type=avada_portfolio&#038;p=28381"},"modified":"2023-03-05T11:10:04","modified_gmt":"2023-03-05T10:10:04","slug":"arredo3-wega-denia","status":"publish","type":"avada_portfolio","link":"https:\/\/casa-interior.com\/es\/portfolio-items\/arredo3-wega-denia\/","title":{"rendered":"Arredo3 Wega &#8211; Denia"},"content":{"rendered":"<p><div class=\"fusion-fullwidth fullwidth-box fusion-builder-row-1 nonhundred-percent-fullwidth non-hundred-percent-height-scrolling\" style=\"--awb-border-radius-top-left:0px;--awb-border-radius-top-right:0px;--awb-border-radius-bottom-right:0px;--awb-border-radius-bottom-left:0px;--awb-flex-wrap:wrap;\" ><div class=\"fusion-builder-row fusion-row\"><div class=\"fusion-layout-column fusion_builder_column fusion-builder-column-0 fusion_builder_column_1_1 1_1 fusion-one-full fusion-column-first fusion-column-last\" style=\"--awb-bg-size:cover;\"><div class=\"fusion-column-wrapper fusion-flex-column-wrapper-legacy\"><div class=\"fusion-title title fusion-title-1 fusion-sep-none fusion-title-center fusion-title-text fusion-title-size-two\" style=\"--awb-margin-top-small:0px;--awb-margin-right-small:0px;--awb-margin-bottom-small:20px;--awb-margin-left-small:0px;\"><h2 class=\"fusion-title-heading title-heading-center fusion-responsive-typography-calculated\" style=\"margin:0;--fontSize:60;line-height:1.17;\"><h2>Cocina Arredo3 Wega en Denia<\/h2><\/h2><\/div><div class=\"fusion-sep-clear\"><\/div><div class=\"fusion-separator fusion-full-width-sep\" style=\"margin-left: auto;margin-right: auto;width:100%;\"><\/div><div class=\"fusion-sep-clear\"><\/div><div class=\"fusion-content-boxes content-boxes columns row fusion-columns-5 fusion-columns-total-5 fusion-content-boxes-1 content-boxes-icon-with-title content-left\" style=\"--awb-backgroundcolor:#f6f6f6;--awb-iconcolor:#cb2128;--awb-hover-accent-color:#cb2128;--awb-circle-hover-accent-color:#cb2128;\" data-animationOffset=\"top-into-view\"><div style=\"--awb-backgroundcolor:#f6f6f6;--awb-iconcolor:#cb2128;\" class=\"fusion-column content-box-column content-box-column-1 col-lg-2 col-md-2 col-sm-2 fusion-content-box-hover content-box-column-first-in-row\"><div class=\"col content-box-wrapper content-wrapper-background link-area-box icon-hover-animation-slide\" data-animationOffset=\"top-into-view\"><div class=\"heading icon-left\"><h2 class=\"content-box-heading fusion-responsive-typography-calculated\" style=\"--h2_typography-font-size:20px;--fontSize:20;line-height:3.5;\">MARCA<\/h2><\/div><div class=\"fusion-clearfix\"><\/div><div class=\"content-container\">Arredo3<\/div><\/div><\/div><div style=\"--awb-backgroundcolor:#f6f6f6;--awb-iconcolor:#cb2128;\" class=\"fusion-column content-box-column content-box-column-2 col-lg-2 col-md-2 col-sm-2 fusion-content-box-hover \"><div class=\"col content-box-wrapper content-wrapper-background link-area-box icon-hover-animation-slide\" data-animationOffset=\"top-into-view\"><div class=\"heading icon-left\"><h2 class=\"content-box-heading fusion-responsive-typography-calculated\" style=\"--h2_typography-font-size:20px;--fontSize:20;line-height:3.5;\">MODELO<\/h2><\/div><div class=\"fusion-clearfix\"><\/div><div class=\"content-container\">Wega<\/div><\/div><\/div><div style=\"--awb-backgroundcolor:#f6f6f6;--awb-iconcolor:#cb2128;\" class=\"fusion-column content-box-column content-box-column-3 col-lg-2 col-md-2 col-sm-2 fusion-content-box-hover \"><div class=\"col content-box-wrapper content-wrapper-background link-area-box icon-hover-animation-slide\" data-animationOffset=\"top-into-view\"><div class=\"heading icon-left\"><h2 class=\"content-box-heading fusion-responsive-typography-calculated\" style=\"--h2_typography-font-size:20px;--fontSize:20;line-height:3.5;\">COLOR<\/h2><\/div><div class=\"fusion-clearfix\"><\/div><div class=\"content-container\">Lacado blanco (2840)<\/div><\/div><\/div><div style=\"--awb-backgroundcolor:#f6f6f6;--awb-iconcolor:#cb2128;\" class=\"fusion-column content-box-column content-box-column-4 col-lg-2 col-md-2 col-sm-2 fusion-content-box-hover \"><div class=\"col content-box-wrapper content-wrapper-background link-area-box icon-hover-animation-slide\" data-animationOffset=\"top-into-view\"><div class=\"heading icon-left\"><h2 class=\"content-box-heading fusion-responsive-typography-calculated\" style=\"--h2_typography-font-size:20px;--fontSize:20;line-height:3.5;\">TIRADOR<\/h2><\/div><div class=\"fusion-clearfix\"><\/div><div class=\"content-container\">U\u00f1ero<\/div><\/div><\/div><div style=\"--awb-backgroundcolor:#f6f6f6;--awb-iconcolor:#cb2128;\" class=\"fusion-column content-box-column content-box-column-5 col-lg-2 col-md-2 col-sm-2 fusion-content-box-hover content-box-column-last content-box-column-last-in-row\"><div class=\"col content-box-wrapper content-wrapper-background link-area-box icon-hover-animation-slide\" data-animationOffset=\"top-into-view\"><div class=\"heading icon-left\"><h2 class=\"content-box-heading fusion-responsive-typography-calculated\" style=\"--h2_typography-font-size:20px;--fontSize:20;line-height:3.5;\">ENCIMERA<\/h2><\/div><div class=\"fusion-clearfix\"><\/div><div class=\"content-container\">Dekton Trilium<\/div><\/div><\/div><div class=\"fusion-clearfix\"><\/div><\/div><div class=\"fusion-sep-clear\"><\/div><div class=\"fusion-separator fusion-full-width-sep\" style=\"margin-left: auto;margin-right: auto;width:100%;\"><\/div><div class=\"fusion-sep-clear\"><\/div><div class=\"fusion-image-before-after-wrapper fusion-image-before-after-horizontal type-before-after hover-type-together fusion-image-before-after-wrapper-1\" style=\"--awb-font-size:13px;--awb-bordersize:0px;--awb-accent-color-bg:rgba(255,255,255,0.15);--awb-transition-time:0.5s;\"><div class=\"fusion-image-before-after-element fusion-image-before-after fusion-image-before-after-container fusion-image-before-after-1\" data-offset=\"0.5\" data-orientation=\"horizontal\" data-move-with-handle-only=\"true\" data-click-to-move=\"true\"><img decoding=\"async\" alt=\"Old kitchen in Denia\" class=\"fusion-image-before-after-before\" src=\"https:\/\/casa-interior.com\/wp-content\/uploads\/2023\/03\/Old-kitchen-in-Denia-1024x768.jpg\" width=\"1024\" height=\"768\"><img decoding=\"async\" alt=\"Modern Kitchen Arredo3 Wega Lacquered White in Denia\" class=\"fusion-image-before-after-after\" src=\"https:\/\/casa-interior.com\/wp-content\/uploads\/2023\/03\/Kitchen-Arredo3-Wega-Lacquered-White-in-Denia-Galeria-1-1024x768.jpg\" width=\"1024\" height=\"768\"><div class=\"fusion-image-before-after-overlay before-after-overlay-image-centered\"><div class=\"fusion-image-before-after-before-label\" data-content=\"Antes\"><\/div><div class=\"fusion-image-before-after-after-label\" data-content=\"Despu\u00e9s\"><\/div><\/div><div class=\"fusion-image-before-after-handle fusion-image-before-after-handle-default\"><span class=\"fusion-image-before-after-left-arrow\"><\/span><span class=\"fusion-image-before-after-right-arrow\"><\/span><\/div><\/div><\/div><div class=\"fusion-sep-clear\"><\/div><div class=\"fusion-separator fusion-full-width-sep\" style=\"margin-left: auto;margin-right: auto;margin-top:25px;margin-bottom:25px;width:100%;\"><\/div><div class=\"fusion-sep-clear\"><\/div><div class=\"fusion-clearfix\"><\/div><\/div><\/div><\/div><\/div><div class=\"fusion-fullwidth fullwidth-box fusion-builder-row-2 nonhundred-percent-fullwidth non-hundred-percent-height-scrolling\" style=\"--awb-border-radius-top-left:0px;--awb-border-radius-top-right:0px;--awb-border-radius-bottom-right:0px;--awb-border-radius-bottom-left:0px;--awb-flex-wrap:wrap;\" ><div class=\"fusion-builder-row fusion-row\"><div class=\"fusion-layout-column fusion_builder_column fusion-builder-column-1 fusion_builder_column_2_3 2_3 fusion-two-third fusion-column-first\" style=\"--awb-bg-size:cover;width:66.666666666667%;width:calc(66.666666666667% - ( ( 4% ) * 0.66666666666667 ) );margin-right: 4%;\"><div class=\"fusion-column-wrapper fusion-flex-column-wrapper-legacy\"><div class=\"fusion-text fusion-text-1\"><p>Desde Valencia hasta Murcia, Casa Interior puede encargarse de cualquier dise\u00f1o de cocina, desde el principio hasta el final. En este caso, nuestros clientes vinieron desde <a href=\"https:\/\/www.denia.net\/portada\" target=\"_blank\" rel=\"noopener\">Denia<\/a> buscando un dise\u00f1o que les satisficiera y enamorara. El modelo Wega de nuestro proveedor italiano <a href=\"https:\/\/www.arredo3.es\/\" target=\"_blank\" rel=\"noopener\">Arredo3<\/a> les encanto, con el acabado lacado mate en blanco roto. El apartamento estaba todav\u00eda en una fase muy temprana de reforma, pero aun as\u00ed, junto con la colaboraci\u00f3n de nuestros clientes, les ofrecimos una dise\u00f1o atractivo que cumpl\u00eda todos sus deseos.<\/p>\n<p>Debido a la forma de la cocina era dif\u00edcil aprovechar todos los recodos de la habitaci\u00f3n, pero no nos echamos atr\u00e1s y pudimos ofrecerles un dise\u00f1o moderno, de l\u00edneas suaves y que, gracias al color blanco de los muebles, reflejara la luz para iluminar la cocina.<\/p>\n<p>La distribuci\u00f3n de la cocina es sencilla y l\u00f3gica. Con la ventana al final de la estancia, era l\u00f3gico situar el fregadero en el centro y empezar a colocar el resto de las \u00e1reas a ambos lados. Por suerte, el ancho de la cocina permit\u00eda colocar muebles con la profundidad est\u00e1ndar a ambos lados. De esta manera, hemos colocado las columnas para almacenar, el horno y micro de <a href=\"https:\/\/www.bosch-home.es\/?contentType=products\" target=\"_blank\" rel=\"noopener\">Bosch<\/a> y el frigor\u00edfico integrado <a href=\"https:\/\/www.balay.es\/\" target=\"_blank\" rel=\"noopener\">Balay<\/a> de una sola puerta, con lo que hemos podido mantener la misma est\u00e9tica de puertas, as\u00ed tienen una puerta de 132 cm en la puerta inferior y 96 cm en la puerta superior. Por el lado contrario, junto al fregadero, tenemos el lavavajillas integrable de 60 cm de ancho de Bosch y continuamos con toda el \u00e1rea caliente, donde encontramos un mueble de esquina con 2 bandejas extra\u00edbles, muebles con cajones y gavetas, muebles extra\u00edbles con cajones interiores y una lava-secadora integrable de la marca <a href=\"https:\/\/www.whirlpool.es\/\" target=\"_blank\" rel=\"noopener\">Whirlpool<\/a>. La placa de inducci\u00f3n es de la marca <a href=\"https:\/\/www.de-dietrich.es\/\" target=\"_blank\" rel=\"noopener\">De Dietrich<\/a> y el extractor integrado en el mueble alto es de la marca <a href=\"https:\/\/thermex.es\/\" target=\"_blank\" rel=\"noopener\">Thermex<\/a>. Todos los muebles altos son de 96 cm para maximizar la capacidad de almacenaje.<\/p>\n<p>La encimera que m\u00e1s les gust\u00f3 a nuestros clientes es el modelo <a href=\"https:\/\/www.cosentino.com\/es\/colores\/dekton\/trilium\/\" target=\"_blank\" rel=\"noopener\">Trilium<\/a> de la marca Dekton, de su serie industrial. Una encimera porcel\u00e1nica que mezcla colores como el gris, marr\u00f3n \u00f3xido y el negro que crea un gran contraste con los muebles blancos. El fregadero en acabado negro de la marca <a href=\"https:\/\/www.schock.de\/gbr_en\" target=\"_blank\" rel=\"noopener\">Schock<\/a> ha sido instalado bajo encimera y el grifo en acabado negro con una v\u00eda extra para el agua osmotizada es de la marca <a href=\"https:\/\/icoben.es\/\" target=\"_blank\" rel=\"noopener\">Icoben<\/a>.<\/p>\n<p>Como detalle a destacar, tambi\u00e9n hemos realizado los armarios de toda la casa. Armarios hechos a medida, en una gran variedad de acabados y con la calidad de Casa Interior.<\/p>\n<p>Puede seguir viendo m\u00e1s proyectos de Casa Interior\u00a0<a href=\"https:\/\/casa-interior.com\/es\/proyectos\/\">aqu\u00ed<\/a>\u00a0o puede\u00a0<a href=\"https:\/\/casa-interior.com\/es\/contacto-casa-interior\/\">contactar<\/a>\u00a0con nosotros para solicitar un dise\u00f1o de su nueva cocina.<\/p>\n<\/div><div class=\"fusion-clearfix\"><\/div><\/div><\/div><div class=\"fusion-layout-column fusion_builder_column fusion-builder-column-2 fusion_builder_column_1_3 1_3 fusion-one-third fusion-column-last\" style=\"--awb-bg-size:cover;width:33.333333333333%;width:calc(33.333333333333% - ( ( 4% ) * 0.33333333333333 ) );\"><div class=\"fusion-column-wrapper fusion-flex-column-wrapper-legacy\"><div class=\"fusion-sep-clear\"><\/div><div class=\"fusion-separator fusion-full-width-sep\" style=\"margin-left: auto;margin-right: auto;margin-top:25px;margin-bottom:25px;width:100%;\"><\/div><div class=\"fusion-sep-clear\"><\/div><div class=\"fusion-image-carousel fusion-image-carousel-auto fusion-image-carousel-1 lightbox-enabled fusion-carousel-border\"><div class=\"awb-carousel awb-swiper awb-swiper-carousel awb-carousel--carousel awb-swiper-dots-position-bottom\" data-layout=\"carousel\" data-autoplay=\"yes\" data-autoplayspeed=\"2500\" data-autoplaypause=\"no\" data-columns=\"1\" data-columnsmedium=\"1\" data-columnssmall=\"1\" data-itemmargin=\"13\" data-itemwidth=\"180\" data-touchscroll=\"no\" data-freemode=\"no\" data-imagesize=\"auto\" data-scrollitems=\"0\" data-centeredslides=\"no\" data-rotationangle=\"50\" data-depth=\"100\" data-speed=\"500\" data-shadow=\"no\" data-pagination=\"bullets\" style=\"--awb-columns:1;--awb-border-width:1px;--awb-border-color:#e9eaee;\"><div class=\"swiper-wrapper awb-image-carousel-wrapper fusion-flex-align-items-center\"><div class=\"swiper-slide\"><div class=\"fusion-carousel-item-wrapper\"><div class=\"fusion-image-wrapper hover-type-none\"><a data-rel=\"iLightbox[image_carousel_1]\" data-title=\"Cocina Moderna Arredo3 Wega Lacado blanco en Denia\" aria-label=\"Cocina Moderna Arredo3 Wega Lacado blanco en Denia\" href=\"https:\/\/casa-interior.com\/wp-content\/uploads\/2023\/03\/Kitchen-Arredo3-Wega-Lacquered-White-in-Denia-Espanol-1.jpg\" target=\"_self\"><img decoding=\"async\" width=\"1200\" height=\"1600\" src=\"https:\/\/casa-interior.com\/wp-content\/uploads\/2023\/03\/Kitchen-Arredo3-Wega-Lacquered-White-in-Denia-Espanol-1.jpg\" class=\"attachment-full size-full\" alt=\"Cocina Moderna Arredo3 Wega Lacado Blanco en Denia\" srcset=\"https:\/\/casa-interior.com\/wp-content\/uploads\/2023\/03\/Kitchen-Arredo3-Wega-Lacquered-White-in-Denia-Espanol-1-200x267.jpg 200w, https:\/\/casa-interior.com\/wp-content\/uploads\/2023\/03\/Kitchen-Arredo3-Wega-Lacquered-White-in-Denia-Espanol-1-225x300.jpg 225w, https:\/\/casa-interior.com\/wp-content\/uploads\/2023\/03\/Kitchen-Arredo3-Wega-Lacquered-White-in-Denia-Espanol-1-400x533.jpg 400w, https:\/\/casa-interior.com\/wp-content\/uploads\/2023\/03\/Kitchen-Arredo3-Wega-Lacquered-White-in-Denia-Espanol-1-600x800.jpg 600w, https:\/\/casa-interior.com\/wp-content\/uploads\/2023\/03\/Kitchen-Arredo3-Wega-Lacquered-White-in-Denia-Espanol-1-768x1024.jpg 768w, https:\/\/casa-interior.com\/wp-content\/uploads\/2023\/03\/Kitchen-Arredo3-Wega-Lacquered-White-in-Denia-Espanol-1-800x1067.jpg 800w, https:\/\/casa-interior.com\/wp-content\/uploads\/2023\/03\/Kitchen-Arredo3-Wega-Lacquered-White-in-Denia-Espanol-1-1152x1536.jpg 1152w, https:\/\/casa-interior.com\/wp-content\/uploads\/2023\/03\/Kitchen-Arredo3-Wega-Lacquered-White-in-Denia-Espanol-1.jpg 1200w\" sizes=\"(max-width: 1200px) 100vw, 1200px\" \/><\/a><\/div><\/div><\/div><div class=\"swiper-slide\"><div class=\"fusion-carousel-item-wrapper\"><div class=\"fusion-image-wrapper hover-type-none\"><a data-rel=\"iLightbox[image_carousel_1]\" data-title=\"Cocina Moderna Arredo3 Wega Lacado blanco en Denia\" aria-label=\"Cocina Moderna Arredo3 Wega Lacado blanco en Denia\" href=\"https:\/\/casa-interior.com\/wp-content\/uploads\/2023\/03\/Kitchen-Arredo3-Wega-Lacquered-White-in-Denia-Espanol-2.jpg\" target=\"_self\"><img decoding=\"async\" width=\"1600\" height=\"1200\" src=\"https:\/\/casa-interior.com\/wp-content\/uploads\/2023\/03\/Kitchen-Arredo3-Wega-Lacquered-White-in-Denia-Espanol-2.jpg\" class=\"attachment-full size-full\" alt=\"Cocina Moderna Arredo3 Wega Lacado Blanco en Denia\" srcset=\"https:\/\/casa-interior.com\/wp-content\/uploads\/2023\/03\/Kitchen-Arredo3-Wega-Lacquered-White-in-Denia-Espanol-2-200x150.jpg 200w, https:\/\/casa-interior.com\/wp-content\/uploads\/2023\/03\/Kitchen-Arredo3-Wega-Lacquered-White-in-Denia-Espanol-2-300x225.jpg 300w, https:\/\/casa-interior.com\/wp-content\/uploads\/2023\/03\/Kitchen-Arredo3-Wega-Lacquered-White-in-Denia-Espanol-2-400x300.jpg 400w, https:\/\/casa-interior.com\/wp-content\/uploads\/2023\/03\/Kitchen-Arredo3-Wega-Lacquered-White-in-Denia-Espanol-2-600x450.jpg 600w, https:\/\/casa-interior.com\/wp-content\/uploads\/2023\/03\/Kitchen-Arredo3-Wega-Lacquered-White-in-Denia-Espanol-2-768x576.jpg 768w, https:\/\/casa-interior.com\/wp-content\/uploads\/2023\/03\/Kitchen-Arredo3-Wega-Lacquered-White-in-Denia-Espanol-2-800x600.jpg 800w, https:\/\/casa-interior.com\/wp-content\/uploads\/2023\/03\/Kitchen-Arredo3-Wega-Lacquered-White-in-Denia-Espanol-2-1024x768.jpg 1024w, https:\/\/casa-interior.com\/wp-content\/uploads\/2023\/03\/Kitchen-Arredo3-Wega-Lacquered-White-in-Denia-Espanol-2-1200x900.jpg 1200w, https:\/\/casa-interior.com\/wp-content\/uploads\/2023\/03\/Kitchen-Arredo3-Wega-Lacquered-White-in-Denia-Espanol-2-1536x1152.jpg 1536w, https:\/\/casa-interior.com\/wp-content\/uploads\/2023\/03\/Kitchen-Arredo3-Wega-Lacquered-White-in-Denia-Espanol-2.jpg 1600w\" sizes=\"(max-width: 1600px) 100vw, 1600px\" \/><\/a><\/div><\/div><\/div><div class=\"swiper-slide\"><div class=\"fusion-carousel-item-wrapper\"><div class=\"fusion-image-wrapper hover-type-none\"><a data-rel=\"iLightbox[image_carousel_1]\" data-title=\"Cocina Moderna Arredo3 Wega Lacado blanco en Denia\" aria-label=\"Cocina Moderna Arredo3 Wega Lacado blanco en Denia\" href=\"https:\/\/casa-interior.com\/wp-content\/uploads\/2023\/03\/Kitchen-Arredo3-Wega-Lacquered-White-in-Denia-Espanol-3.jpg\" target=\"_self\"><img decoding=\"async\" width=\"1600\" height=\"1200\" src=\"https:\/\/casa-interior.com\/wp-content\/uploads\/2023\/03\/Kitchen-Arredo3-Wega-Lacquered-White-in-Denia-Espanol-3.jpg\" class=\"attachment-full size-full\" alt=\"Cocina Moderna Arredo3 Wega Lacado Blanco en Denia\" srcset=\"https:\/\/casa-interior.com\/wp-content\/uploads\/2023\/03\/Kitchen-Arredo3-Wega-Lacquered-White-in-Denia-Espanol-3-200x150.jpg 200w, https:\/\/casa-interior.com\/wp-content\/uploads\/2023\/03\/Kitchen-Arredo3-Wega-Lacquered-White-in-Denia-Espanol-3-300x225.jpg 300w, https:\/\/casa-interior.com\/wp-content\/uploads\/2023\/03\/Kitchen-Arredo3-Wega-Lacquered-White-in-Denia-Espanol-3-400x300.jpg 400w, https:\/\/casa-interior.com\/wp-content\/uploads\/2023\/03\/Kitchen-Arredo3-Wega-Lacquered-White-in-Denia-Espanol-3-600x450.jpg 600w, https:\/\/casa-interior.com\/wp-content\/uploads\/2023\/03\/Kitchen-Arredo3-Wega-Lacquered-White-in-Denia-Espanol-3-768x576.jpg 768w, https:\/\/casa-interior.com\/wp-content\/uploads\/2023\/03\/Kitchen-Arredo3-Wega-Lacquered-White-in-Denia-Espanol-3-800x600.jpg 800w, https:\/\/casa-interior.com\/wp-content\/uploads\/2023\/03\/Kitchen-Arredo3-Wega-Lacquered-White-in-Denia-Espanol-3-1024x768.jpg 1024w, https:\/\/casa-interior.com\/wp-content\/uploads\/2023\/03\/Kitchen-Arredo3-Wega-Lacquered-White-in-Denia-Espanol-3-1200x900.jpg 1200w, https:\/\/casa-interior.com\/wp-content\/uploads\/2023\/03\/Kitchen-Arredo3-Wega-Lacquered-White-in-Denia-Espanol-3-1536x1152.jpg 1536w, https:\/\/casa-interior.com\/wp-content\/uploads\/2023\/03\/Kitchen-Arredo3-Wega-Lacquered-White-in-Denia-Espanol-3.jpg 1600w\" sizes=\"(max-width: 1600px) 100vw, 1600px\" \/><\/a><\/div><\/div><\/div><div class=\"swiper-slide\"><div class=\"fusion-carousel-item-wrapper\"><div class=\"fusion-image-wrapper hover-type-none\"><a data-rel=\"iLightbox[image_carousel_1]\" data-title=\"Cocina Moderna Arredo3 Wega Lacado blanco en Denia\" aria-label=\"Cocina Moderna Arredo3 Wega Lacado blanco en Denia\" href=\"https:\/\/casa-interior.com\/wp-content\/uploads\/2023\/03\/Kitchen-Arredo3-Wega-Lacquered-White-in-Denia-Espanol-4.jpg\" target=\"_self\"><img decoding=\"async\" width=\"1600\" height=\"1200\" src=\"https:\/\/casa-interior.com\/wp-content\/uploads\/2023\/03\/Kitchen-Arredo3-Wega-Lacquered-White-in-Denia-Espanol-4.jpg\" class=\"attachment-full size-full\" alt=\"Cocina Moderna Arredo3 Wega Lacado Blanco en Denia\" srcset=\"https:\/\/casa-interior.com\/wp-content\/uploads\/2023\/03\/Kitchen-Arredo3-Wega-Lacquered-White-in-Denia-Espanol-4-200x150.jpg 200w, https:\/\/casa-interior.com\/wp-content\/uploads\/2023\/03\/Kitchen-Arredo3-Wega-Lacquered-White-in-Denia-Espanol-4-300x225.jpg 300w, https:\/\/casa-interior.com\/wp-content\/uploads\/2023\/03\/Kitchen-Arredo3-Wega-Lacquered-White-in-Denia-Espanol-4-400x300.jpg 400w, https:\/\/casa-interior.com\/wp-content\/uploads\/2023\/03\/Kitchen-Arredo3-Wega-Lacquered-White-in-Denia-Espanol-4-600x450.jpg 600w, https:\/\/casa-interior.com\/wp-content\/uploads\/2023\/03\/Kitchen-Arredo3-Wega-Lacquered-White-in-Denia-Espanol-4-768x576.jpg 768w, https:\/\/casa-interior.com\/wp-content\/uploads\/2023\/03\/Kitchen-Arredo3-Wega-Lacquered-White-in-Denia-Espanol-4-800x600.jpg 800w, https:\/\/casa-interior.com\/wp-content\/uploads\/2023\/03\/Kitchen-Arredo3-Wega-Lacquered-White-in-Denia-Espanol-4-1024x768.jpg 1024w, https:\/\/casa-interior.com\/wp-content\/uploads\/2023\/03\/Kitchen-Arredo3-Wega-Lacquered-White-in-Denia-Espanol-4-1200x900.jpg 1200w, https:\/\/casa-interior.com\/wp-content\/uploads\/2023\/03\/Kitchen-Arredo3-Wega-Lacquered-White-in-Denia-Espanol-4-1536x1152.jpg 1536w, https:\/\/casa-interior.com\/wp-content\/uploads\/2023\/03\/Kitchen-Arredo3-Wega-Lacquered-White-in-Denia-Espanol-4.jpg 1600w\" sizes=\"(max-width: 1600px) 100vw, 1600px\" \/><\/a><\/div><\/div><\/div><\/div><div class=\"awb-swiper-button awb-swiper-button-prev\"><i class=\"awb-icon-angle-left\" aria-hidden=\"true\"><\/i><\/div><div class=\"awb-swiper-button awb-swiper-button-next\"><i class=\"awb-icon-angle-right\" aria-hidden=\"true\"><\/i><\/div><\/div><\/div><div class=\"fusion-clearfix\"><\/div><\/div><\/div><\/div><\/div><div class=\"fusion-fullwidth fullwidth-box fusion-builder-row-3 fusion-flex-container nonhundred-percent-fullwidth non-hundred-percent-height-scrolling\" style=\"--awb-border-radius-top-left:0px;--awb-border-radius-top-right:0px;--awb-border-radius-bottom-right:0px;--awb-border-radius-bottom-left:0px;--awb-flex-wrap:wrap;\" ><div class=\"fusion-builder-row fusion-row fusion-flex-align-items-flex-start fusion-flex-content-wrap\" style=\"max-width:1216.8px;margin-left: calc(-4% \/ 2 );margin-right: calc(-4% \/ 2 );\"><div class=\"fusion-layout-column fusion_builder_column fusion-builder-column-3 fusion_builder_column_1_1 1_1 fusion-flex-column\" style=\"--awb-bg-size:cover;--awb-width-large:100%;--awb-margin-top-large:0px;--awb-spacing-right-large:1.92%;--awb-margin-bottom-large:0px;--awb-spacing-left-large:1.92%;--awb-width-medium:100%;--awb-order-medium:0;--awb-spacing-right-medium:1.92%;--awb-spacing-left-medium:1.92%;--awb-width-small:100%;--awb-order-small:0;--awb-spacing-right-small:1.92%;--awb-spacing-left-small:1.92%;\"><div class=\"fusion-column-wrapper fusion-column-has-shadow fusion-flex-justify-content-flex-start fusion-content-layout-column\"><div class=\"fusion-separator fusion-full-width-sep\" style=\"align-self: center;margin-left: auto;margin-right: auto;margin-top:25px;margin-bottom:25px;width:100%;\"><\/div><div class=\"fusion-title title fusion-title-2 sep-underline sep-dashed fusion-title-center fusion-title-text fusion-title-size-four\" style=\"--awb-margin-top-small:0px;--awb-margin-right-small:0px;--awb-margin-bottom-small:20px;--awb-margin-left-small:0px;\"><h4 class=\"fusion-title-heading title-heading-center fusion-responsive-typography-calculated\" style=\"margin:0;--fontSize:30;line-height:1.5;\">Im\u00e1genes adicionales<\/h4><\/div><div class=\"awb-gallery-wrapper awb-gallery-wrapper-1 button-span-no\" style=\"--more-btn-alignment:center;\" data-limit=\"10\" data-page=\"1\"><div style=\"margin:-5px;--awb-bordersize:0px;\" class=\"fusion-gallery fusion-gallery-container fusion-grid-3 fusion-columns-total-7 fusion-gallery-layout-grid fusion-gallery-1\"><div style=\"padding:5px;\" class=\"fusion-grid-column fusion-gallery-column fusion-gallery-column-3 hover-type-none\"><div class=\"fusion-gallery-image\"><a href=\"https:\/\/casa-interior.com\/wp-content\/uploads\/2023\/03\/Kitchen-Arredo3-Wega-Lacquered-White-in-Denia-Galeria-1.jpg\" rel=\"noreferrer\" data-rel=\"iLightbox[gallery_image_1]\" class=\"fusion-lightbox\" target=\"_blank\"><img decoding=\"async\" src=\"https:\/\/casa-interior.com\/wp-content\/uploads\/2023\/03\/Kitchen-Arredo3-Wega-Lacquered-White-in-Denia-Galeria-1-460x295.jpg\" width=\"460\" height=\"295\" alt=\"Modern Kitchen Arredo3 Wega Lacquered White in Denia\" title=\"Kitchen Arredo3 Wega Lacquered White in Denia &#8211; Galeria (1)\" aria-label=\"Kitchen Arredo3 Wega Lacquered White in Denia &#8211; Galeria (1)\" class=\"img-responsive wp-image-28386 fusion-gallery-image-size-fixed\"  \/><\/a><\/div><\/div><div style=\"padding:5px;\" class=\"fusion-grid-column fusion-gallery-column fusion-gallery-column-3 hover-type-none\"><div class=\"fusion-gallery-image\"><a href=\"https:\/\/casa-interior.com\/wp-content\/uploads\/2023\/03\/Kitchen-Arredo3-Wega-Lacquered-White-in-Denia-Galeria-2.jpg\" rel=\"noreferrer\" data-rel=\"iLightbox[gallery_image_1]\" class=\"fusion-lightbox\" target=\"_blank\"><img decoding=\"async\" src=\"https:\/\/casa-interior.com\/wp-content\/uploads\/2023\/03\/Kitchen-Arredo3-Wega-Lacquered-White-in-Denia-Galeria-2-460x295.jpg\" width=\"460\" height=\"295\" alt=\"Modern Kitchen Arredo3 Wega Lacquered White in Denia\" title=\"Kitchen Arredo3 Wega Lacquered White in Denia &#8211; Galeria (2)\" aria-label=\"Kitchen Arredo3 Wega Lacquered White in Denia &#8211; Galeria (2)\" class=\"img-responsive wp-image-28396 fusion-gallery-image-size-fixed\"  \/><\/a><\/div><\/div><div style=\"padding:5px;\" class=\"fusion-grid-column fusion-gallery-column fusion-gallery-column-3 hover-type-none\"><div class=\"fusion-gallery-image\"><a href=\"https:\/\/casa-interior.com\/wp-content\/uploads\/2023\/03\/Kitchen-Arredo3-Wega-Lacquered-White-in-Denia-Galeria-3.jpg\" rel=\"noreferrer\" data-rel=\"iLightbox[gallery_image_1]\" class=\"fusion-lightbox\" target=\"_blank\"><img decoding=\"async\" src=\"https:\/\/casa-interior.com\/wp-content\/uploads\/2023\/03\/Kitchen-Arredo3-Wega-Lacquered-White-in-Denia-Galeria-3-460x295.jpg\" width=\"460\" height=\"295\" alt=\"Modern Kitchen Arredo3 Wega Lacquered White in Denia\" title=\"Kitchen Arredo3 Wega Lacquered White in Denia &#8211; Galeria (3)\" aria-label=\"Kitchen Arredo3 Wega Lacquered White in Denia &#8211; Galeria (3)\" class=\"img-responsive wp-image-28398 fusion-gallery-image-size-fixed\"  \/><\/a><\/div><\/div><div class=\"clearfix\"><\/div><div style=\"padding:5px;\" class=\"fusion-grid-column fusion-gallery-column fusion-gallery-column-3 hover-type-none\"><div class=\"fusion-gallery-image\"><a href=\"https:\/\/casa-interior.com\/wp-content\/uploads\/2023\/03\/Kitchen-Arredo3-Wega-Lacquered-White-in-Denia-Galeria-4.jpg\" rel=\"noreferrer\" data-rel=\"iLightbox[gallery_image_1]\" class=\"fusion-lightbox\" target=\"_blank\"><img decoding=\"async\" src=\"https:\/\/casa-interior.com\/wp-content\/uploads\/2023\/03\/Kitchen-Arredo3-Wega-Lacquered-White-in-Denia-Galeria-4-460x295.jpg\" width=\"460\" height=\"295\" alt=\"Modern Kitchen Arredo3 Wega Lacquered White in Denia\" title=\"Kitchen Arredo3 Wega Lacquered White in Denia &#8211; Galeria (4)\" aria-label=\"Kitchen Arredo3 Wega Lacquered White in Denia &#8211; Galeria (4)\" class=\"img-responsive wp-image-28400 fusion-gallery-image-size-fixed\"  \/><\/a><\/div><\/div><div style=\"padding:5px;\" class=\"fusion-grid-column fusion-gallery-column fusion-gallery-column-3 hover-type-none\"><div class=\"fusion-gallery-image\"><a href=\"https:\/\/casa-interior.com\/wp-content\/uploads\/2023\/03\/Kitchen-Arredo3-Wega-Lacquered-White-in-Denia-Galeria-5.jpg\" rel=\"noreferrer\" data-rel=\"iLightbox[gallery_image_1]\" class=\"fusion-lightbox\" target=\"_blank\"><img decoding=\"async\" src=\"https:\/\/casa-interior.com\/wp-content\/uploads\/2023\/03\/Kitchen-Arredo3-Wega-Lacquered-White-in-Denia-Galeria-5-460x295.jpg\" width=\"460\" height=\"295\" alt=\"Modern Kitchen Arredo3 Wega Lacquered White in Denia\" title=\"Kitchen Arredo3 Wega Lacquered White in Denia &#8211; Galeria (5)\" aria-label=\"Kitchen Arredo3 Wega Lacquered White in Denia &#8211; Galeria (5)\" class=\"img-responsive wp-image-28402 fusion-gallery-image-size-fixed\"  \/><\/a><\/div><\/div><div style=\"padding:5px;\" class=\"fusion-grid-column fusion-gallery-column fusion-gallery-column-3 hover-type-none\"><div class=\"fusion-gallery-image\"><a href=\"https:\/\/casa-interior.com\/wp-content\/uploads\/2023\/03\/Kitchen-Arredo3-Wega-Lacquered-White-in-Denia-Galeria-6.jpg\" rel=\"noreferrer\" data-rel=\"iLightbox[gallery_image_1]\" class=\"fusion-lightbox\" target=\"_blank\"><img decoding=\"async\" src=\"https:\/\/casa-interior.com\/wp-content\/uploads\/2023\/03\/Kitchen-Arredo3-Wega-Lacquered-White-in-Denia-Galeria-6-460x295.jpg\" width=\"460\" height=\"295\" alt=\"Modern Kitchen Arredo3 Wega Lacquered White in Denia\" title=\"Kitchen Arredo3 Wega Lacquered White in Denia &#8211; Galeria (6)\" aria-label=\"Kitchen Arredo3 Wega Lacquered White in Denia &#8211; Galeria (6)\" class=\"img-responsive wp-image-28404 fusion-gallery-image-size-fixed\"  \/><\/a><\/div><\/div><div class=\"clearfix\"><\/div><div style=\"padding:5px;\" class=\"fusion-grid-column fusion-gallery-column fusion-gallery-column-3 hover-type-none\"><div class=\"fusion-gallery-image\"><a href=\"https:\/\/casa-interior.com\/wp-content\/uploads\/2023\/03\/Kitchen-Arredo3-Wega-Lacquered-White-in-Denia-Galeria-7.jpg\" rel=\"noreferrer\" data-rel=\"iLightbox[gallery_image_1]\" class=\"fusion-lightbox\" target=\"_blank\"><img decoding=\"async\" src=\"https:\/\/casa-interior.com\/wp-content\/uploads\/2023\/03\/Kitchen-Arredo3-Wega-Lacquered-White-in-Denia-Galeria-7-460x295.jpg\" width=\"460\" height=\"295\" alt=\"Modern Kitchen Arredo3 Wega Lacquered White in Denia\" title=\"Kitchen Arredo3 Wega Lacquered White in Denia &#8211; Galeria (7)\" aria-label=\"Kitchen Arredo3 Wega Lacquered White in Denia &#8211; Galeria (7)\" class=\"img-responsive wp-image-28406 fusion-gallery-image-size-fixed\"  \/><\/a><\/div><\/div><\/div><\/div><\/div><\/div><\/div><\/div><\/p>\n","protected":false},"excerpt":{"rendered":"<p>Desde Valencia hasta Murcia, Casa Interior puede encargarse de cualquier dise\u00f1o de cocina, desde el principio hasta el final. En este caso, nuestros clientes vinieron desde Denia buscando un dise\u00f1o que les satisficiera y enamorara. <\/p>\n","protected":false},"author":1,"featured_media":28409,"menu_order":0,"comment_status":"open","ping_status":"closed","template":"","format":"standard","meta":{"footnotes":""},"portfolio_category":[717],"portfolio_skills":[],"portfolio_tags":[2794,897,1447,2793,1402,696,1794,1782,1435,1510,1783,2204,1068,1381],"class_list":["post-28381","avada_portfolio","type-avada_portfolio","status-publish","format-standard","has-post-thumbnail","hentry","portfolio_category-proyectos","portfolio_tags-2840-es","portfolio_tags-arredo3-es","portfolio_tags-balay-es","portfolio_tags-blanco-roto","portfolio_tags-bosch-es","portfolio_tags-cocina-moderna","portfolio_tags-de-dietrich-es","portfolio_tags-dekton-es","portfolio_tags-lacado","portfolio_tags-thermex-es","portfolio_tags-trilium-es","portfolio_tags-unero","portfolio_tags-wega-es","portfolio_tags-whirlpool-es"],"yoast_head":"<!-- This site is optimized with the Yoast SEO plugin v27.3 - https:\/\/yoast.com\/product\/yoast-seo-wordpress\/ -->\n<title>Casa Interior - Proyectos - Antes y Despu\u00e9s - Arredo3 - Wega<\/title>\n<meta name=\"robots\" content=\"index, follow, max-snippet:-1, max-image-preview:large, max-video-preview:-1\" \/>\n<link rel=\"canonical\" href=\"https:\/\/casa-interior.com\/es\/portfolio-items\/arredo3-wega-denia\/\" \/>\n<meta property=\"og:locale\" content=\"es_ES\" \/>\n<meta property=\"og:type\" content=\"article\" \/>\n<meta property=\"og:title\" content=\"Casa Interior - Proyectos - Antes y Despu\u00e9s - Arredo3 - Wega\" \/>\n<meta property=\"og:description\" content=\"Desde Valencia hasta Murcia, Casa Interior puede encargarse de cualquier dise\u00f1o de cocina, desde el principio hasta el final. En este caso, nuestros clientes vinieron desde Denia buscando un dise\u00f1o que les satisficiera y enamorara.\" \/>\n<meta property=\"og:url\" content=\"https:\/\/casa-interior.com\/es\/portfolio-items\/arredo3-wega-denia\/\" \/>\n<meta property=\"og:site_name\" content=\"Casa Interior\" \/>\n<meta property=\"article:publisher\" content=\"https:\/\/www.facebook.com\/kitchens.costa.blanca\/\" \/>\n<meta property=\"article:modified_time\" content=\"2023-03-05T10:10:04+00:00\" \/>\n<meta property=\"og:image\" content=\"https:\/\/casa-interior.com\/wp-content\/uploads\/2023\/03\/Kitchen-Arredo3-Wega-Lacquered-White-in-Denia-Portada.jpg\" \/>\n\t<meta property=\"og:image:width\" content=\"1280\" \/>\n\t<meta property=\"og:image:height\" content=\"754\" \/>\n\t<meta property=\"og:image:type\" content=\"image\/jpeg\" \/>\n<meta name=\"twitter:card\" content=\"summary_large_image\" \/>\n<meta name=\"twitter:label1\" content=\"Tiempo de lectura\" \/>\n\t<meta name=\"twitter:data1\" content=\"8 minutos\" \/>\n<script type=\"application\/ld+json\" class=\"yoast-schema-graph\">{\"@context\":\"https:\\\/\\\/schema.org\",\"@graph\":[{\"@type\":\"WebPage\",\"@id\":\"https:\\\/\\\/casa-interior.com\\\/es\\\/portfolio-items\\\/arredo3-wega-denia\\\/\",\"url\":\"https:\\\/\\\/casa-interior.com\\\/es\\\/portfolio-items\\\/arredo3-wega-denia\\\/\",\"name\":\"Casa Interior - Proyectos - Antes y Despu\u00e9s - Arredo3 - Wega\",\"isPartOf\":{\"@id\":\"https:\\\/\\\/casa-interior.com\\\/es\\\/#website\"},\"primaryImageOfPage\":{\"@id\":\"https:\\\/\\\/casa-interior.com\\\/es\\\/portfolio-items\\\/arredo3-wega-denia\\\/#primaryimage\"},\"image\":{\"@id\":\"https:\\\/\\\/casa-interior.com\\\/es\\\/portfolio-items\\\/arredo3-wega-denia\\\/#primaryimage\"},\"thumbnailUrl\":\"https:\\\/\\\/casa-interior.com\\\/wp-content\\\/uploads\\\/2023\\\/03\\\/Kitchen-Arredo3-Wega-Lacquered-White-in-Denia-Portada.jpg\",\"datePublished\":\"2022-05-01T10:00:31+00:00\",\"dateModified\":\"2023-03-05T10:10:04+00:00\",\"breadcrumb\":{\"@id\":\"https:\\\/\\\/casa-interior.com\\\/es\\\/portfolio-items\\\/arredo3-wega-denia\\\/#breadcrumb\"},\"inLanguage\":\"es\",\"potentialAction\":[{\"@type\":\"ReadAction\",\"target\":[\"https:\\\/\\\/casa-interior.com\\\/es\\\/portfolio-items\\\/arredo3-wega-denia\\\/\"]}]},{\"@type\":\"ImageObject\",\"inLanguage\":\"es\",\"@id\":\"https:\\\/\\\/casa-interior.com\\\/es\\\/portfolio-items\\\/arredo3-wega-denia\\\/#primaryimage\",\"url\":\"https:\\\/\\\/casa-interior.com\\\/wp-content\\\/uploads\\\/2023\\\/03\\\/Kitchen-Arredo3-Wega-Lacquered-White-in-Denia-Portada.jpg\",\"contentUrl\":\"https:\\\/\\\/casa-interior.com\\\/wp-content\\\/uploads\\\/2023\\\/03\\\/Kitchen-Arredo3-Wega-Lacquered-White-in-Denia-Portada.jpg\",\"width\":1280,\"height\":754,\"caption\":\"Modern Kitchen Arredo3 Wega Lacquered White in Denia\"},{\"@type\":\"BreadcrumbList\",\"@id\":\"https:\\\/\\\/casa-interior.com\\\/es\\\/portfolio-items\\\/arredo3-wega-denia\\\/#breadcrumb\",\"itemListElement\":[{\"@type\":\"ListItem\",\"position\":1,\"name\":\"Portada\",\"item\":\"https:\\\/\\\/casa-interior.com\\\/es\\\/casa-interior\\\/\"},{\"@type\":\"ListItem\",\"position\":2,\"name\":\"Portfolio\",\"item\":\"https:\\\/\\\/casa-interior.com\\\/es\\\/portfolio-items\\\/\"},{\"@type\":\"ListItem\",\"position\":3,\"name\":\"Arredo3 Wega &#8211; Denia\"}]},{\"@type\":\"WebSite\",\"@id\":\"https:\\\/\\\/casa-interior.com\\\/es\\\/#website\",\"url\":\"https:\\\/\\\/casa-interior.com\\\/es\\\/\",\"name\":\"Casa Interior\",\"description\":\"Kitchen Designers in Costa Blanca\",\"publisher\":{\"@id\":\"https:\\\/\\\/casa-interior.com\\\/es\\\/#organization\"},\"potentialAction\":[{\"@type\":\"SearchAction\",\"target\":{\"@type\":\"EntryPoint\",\"urlTemplate\":\"https:\\\/\\\/casa-interior.com\\\/es\\\/?s={search_term_string}\"},\"query-input\":{\"@type\":\"PropertyValueSpecification\",\"valueRequired\":true,\"valueName\":\"search_term_string\"}}],\"inLanguage\":\"es\"},{\"@type\":\"Organization\",\"@id\":\"https:\\\/\\\/casa-interior.com\\\/es\\\/#organization\",\"name\":\"Casa Interior\",\"url\":\"https:\\\/\\\/casa-interior.com\\\/es\\\/\",\"logo\":{\"@type\":\"ImageObject\",\"inLanguage\":\"es\",\"@id\":\"https:\\\/\\\/casa-interior.com\\\/es\\\/#\\\/schema\\\/logo\\\/image\\\/\",\"url\":\"https:\\\/\\\/casa-interior.com\\\/wp-content\\\/uploads\\\/2018\\\/03\\\/Logo-Casa-Interior-nuevo-150px.png\",\"contentUrl\":\"https:\\\/\\\/casa-interior.com\\\/wp-content\\\/uploads\\\/2018\\\/03\\\/Logo-Casa-Interior-nuevo-150px.png\",\"width\":150,\"height\":150,\"caption\":\"Casa Interior\"},\"image\":{\"@id\":\"https:\\\/\\\/casa-interior.com\\\/es\\\/#\\\/schema\\\/logo\\\/image\\\/\"},\"sameAs\":[\"https:\\\/\\\/www.facebook.com\\\/kitchens.costa.blanca\\\/\",\"https:\\\/\\\/www.instagram.com\\\/casainterioraltea\"]}]}<\/script>\n<!-- \/ Yoast SEO plugin. -->","yoast_head_json":{"title":"Casa Interior - Proyectos - Antes y Despu\u00e9s - Arredo3 - Wega","robots":{"index":"index","follow":"follow","max-snippet":"max-snippet:-1","max-image-preview":"max-image-preview:large","max-video-preview":"max-video-preview:-1"},"canonical":"https:\/\/casa-interior.com\/es\/portfolio-items\/arredo3-wega-denia\/","og_locale":"es_ES","og_type":"article","og_title":"Casa Interior - Proyectos - Antes y Despu\u00e9s - Arredo3 - Wega","og_description":"Desde Valencia hasta Murcia, Casa Interior puede encargarse de cualquier dise\u00f1o de cocina, desde el principio hasta el final. En este caso, nuestros clientes vinieron desde Denia buscando un dise\u00f1o que les satisficiera y enamorara.","og_url":"https:\/\/casa-interior.com\/es\/portfolio-items\/arredo3-wega-denia\/","og_site_name":"Casa Interior","article_publisher":"https:\/\/www.facebook.com\/kitchens.costa.blanca\/","article_modified_time":"2023-03-05T10:10:04+00:00","og_image":[{"width":1280,"height":754,"url":"https:\/\/casa-interior.com\/wp-content\/uploads\/2023\/03\/Kitchen-Arredo3-Wega-Lacquered-White-in-Denia-Portada.jpg","type":"image\/jpeg"}],"twitter_card":"summary_large_image","twitter_misc":{"Tiempo de lectura":"8 minutos"},"schema":{"@context":"https:\/\/schema.org","@graph":[{"@type":"WebPage","@id":"https:\/\/casa-interior.com\/es\/portfolio-items\/arredo3-wega-denia\/","url":"https:\/\/casa-interior.com\/es\/portfolio-items\/arredo3-wega-denia\/","name":"Casa Interior - Proyectos - Antes y Despu\u00e9s - Arredo3 - Wega","isPartOf":{"@id":"https:\/\/casa-interior.com\/es\/#website"},"primaryImageOfPage":{"@id":"https:\/\/casa-interior.com\/es\/portfolio-items\/arredo3-wega-denia\/#primaryimage"},"image":{"@id":"https:\/\/casa-interior.com\/es\/portfolio-items\/arredo3-wega-denia\/#primaryimage"},"thumbnailUrl":"https:\/\/casa-interior.com\/wp-content\/uploads\/2023\/03\/Kitchen-Arredo3-Wega-Lacquered-White-in-Denia-Portada.jpg","datePublished":"2022-05-01T10:00:31+00:00","dateModified":"2023-03-05T10:10:04+00:00","breadcrumb":{"@id":"https:\/\/casa-interior.com\/es\/portfolio-items\/arredo3-wega-denia\/#breadcrumb"},"inLanguage":"es","potentialAction":[{"@type":"ReadAction","target":["https:\/\/casa-interior.com\/es\/portfolio-items\/arredo3-wega-denia\/"]}]},{"@type":"ImageObject","inLanguage":"es","@id":"https:\/\/casa-interior.com\/es\/portfolio-items\/arredo3-wega-denia\/#primaryimage","url":"https:\/\/casa-interior.com\/wp-content\/uploads\/2023\/03\/Kitchen-Arredo3-Wega-Lacquered-White-in-Denia-Portada.jpg","contentUrl":"https:\/\/casa-interior.com\/wp-content\/uploads\/2023\/03\/Kitchen-Arredo3-Wega-Lacquered-White-in-Denia-Portada.jpg","width":1280,"height":754,"caption":"Modern Kitchen Arredo3 Wega Lacquered White in Denia"},{"@type":"BreadcrumbList","@id":"https:\/\/casa-interior.com\/es\/portfolio-items\/arredo3-wega-denia\/#breadcrumb","itemListElement":[{"@type":"ListItem","position":1,"name":"Portada","item":"https:\/\/casa-interior.com\/es\/casa-interior\/"},{"@type":"ListItem","position":2,"name":"Portfolio","item":"https:\/\/casa-interior.com\/es\/portfolio-items\/"},{"@type":"ListItem","position":3,"name":"Arredo3 Wega &#8211; Denia"}]},{"@type":"WebSite","@id":"https:\/\/casa-interior.com\/es\/#website","url":"https:\/\/casa-interior.com\/es\/","name":"Casa Interior","description":"Kitchen Designers in Costa Blanca","publisher":{"@id":"https:\/\/casa-interior.com\/es\/#organization"},"potentialAction":[{"@type":"SearchAction","target":{"@type":"EntryPoint","urlTemplate":"https:\/\/casa-interior.com\/es\/?s={search_term_string}"},"query-input":{"@type":"PropertyValueSpecification","valueRequired":true,"valueName":"search_term_string"}}],"inLanguage":"es"},{"@type":"Organization","@id":"https:\/\/casa-interior.com\/es\/#organization","name":"Casa Interior","url":"https:\/\/casa-interior.com\/es\/","logo":{"@type":"ImageObject","inLanguage":"es","@id":"https:\/\/casa-interior.com\/es\/#\/schema\/logo\/image\/","url":"https:\/\/casa-interior.com\/wp-content\/uploads\/2018\/03\/Logo-Casa-Interior-nuevo-150px.png","contentUrl":"https:\/\/casa-interior.com\/wp-content\/uploads\/2018\/03\/Logo-Casa-Interior-nuevo-150px.png","width":150,"height":150,"caption":"Casa Interior"},"image":{"@id":"https:\/\/casa-interior.com\/es\/#\/schema\/logo\/image\/"},"sameAs":["https:\/\/www.facebook.com\/kitchens.costa.blanca\/","https:\/\/www.instagram.com\/casainterioraltea"]}]}},"_links":{"self":[{"href":"https:\/\/casa-interior.com\/es\/wp-json\/wp\/v2\/avada_portfolio\/28381","targetHints":{"allow":["GET"]}}],"collection":[{"href":"https:\/\/casa-interior.com\/es\/wp-json\/wp\/v2\/avada_portfolio"}],"about":[{"href":"https:\/\/casa-interior.com\/es\/wp-json\/wp\/v2\/types\/avada_portfolio"}],"author":[{"embeddable":true,"href":"https:\/\/casa-interior.com\/es\/wp-json\/wp\/v2\/users\/1"}],"replies":[{"embeddable":true,"href":"https:\/\/casa-interior.com\/es\/wp-json\/wp\/v2\/comments?post=28381"}],"version-history":[{"count":0,"href":"https:\/\/casa-interior.com\/es\/wp-json\/wp\/v2\/avada_portfolio\/28381\/revisions"}],"wp:featuredmedia":[{"embeddable":true,"href":"https:\/\/casa-interior.com\/es\/wp-json\/wp\/v2\/media\/28409"}],"wp:attachment":[{"href":"https:\/\/casa-interior.com\/es\/wp-json\/wp\/v2\/media?parent=28381"}],"wp:term":[{"taxonomy":"portfolio_category","embeddable":true,"href":"https:\/\/casa-interior.com\/es\/wp-json\/wp\/v2\/portfolio_category?post=28381"},{"taxonomy":"portfolio_skills","embeddable":true,"href":"https:\/\/casa-interior.com\/es\/wp-json\/wp\/v2\/portfolio_skills?post=28381"},{"taxonomy":"portfolio_tags","embeddable":true,"href":"https:\/\/casa-interior.com\/es\/wp-json\/wp\/v2\/portfolio_tags?post=28381"}],"curies":[{"name":"wp","href":"https:\/\/api.w.org\/{rel}","templated":true}]}}