{"id":28424,"date":"2022-05-15T12:00:01","date_gmt":"2022-05-15T10:00:01","guid":{"rendered":"https:\/\/casa-interior.com\/?post_type=avada_portfolio&#038;p=28424"},"modified":"2023-03-05T13:27:10","modified_gmt":"2023-03-05T12:27:10","slug":"kuchentime-touch-magnolia-alicante","status":"publish","type":"avada_portfolio","link":"https:\/\/casa-interior.com\/es\/portfolio-items\/kuchentime-touch-magnolia-alicante\/","title":{"rendered":"K\u00fcchentime Touch Magnolia &#8211; Alicante"},"content":{"rendered":"<p><div class=\"fusion-fullwidth fullwidth-box fusion-builder-row-1 nonhundred-percent-fullwidth non-hundred-percent-height-scrolling\" style=\"--awb-border-radius-top-left:0px;--awb-border-radius-top-right:0px;--awb-border-radius-bottom-right:0px;--awb-border-radius-bottom-left:0px;--awb-flex-wrap:wrap;\" ><div class=\"fusion-builder-row fusion-row\"><div class=\"fusion-layout-column fusion_builder_column fusion-builder-column-0 fusion_builder_column_1_1 1_1 fusion-one-full fusion-column-first fusion-column-last\" style=\"--awb-bg-size:cover;\"><div class=\"fusion-column-wrapper fusion-flex-column-wrapper-legacy\"><div class=\"fusion-title title fusion-title-1 fusion-sep-none fusion-title-center fusion-title-text fusion-title-size-two\" style=\"--awb-margin-top-small:0px;--awb-margin-right-small:0px;--awb-margin-bottom-small:20px;--awb-margin-left-small:0px;\"><h2 class=\"fusion-title-heading title-heading-center fusion-responsive-typography-calculated\" style=\"margin:0;--fontSize:60;line-height:1.17;\"><h2>Cocina K\u00fcchentime Touch en Alicante<\/h2><\/h2><\/div><div class=\"fusion-sep-clear\"><\/div><div class=\"fusion-separator fusion-full-width-sep\" style=\"margin-left: auto;margin-right: auto;width:100%;\"><\/div><div class=\"fusion-sep-clear\"><\/div><div class=\"fusion-content-boxes content-boxes columns row fusion-columns-5 fusion-columns-total-5 fusion-content-boxes-1 content-boxes-icon-with-title content-left\" style=\"--awb-backgroundcolor:#f6f6f6;--awb-iconcolor:#cb2128;--awb-hover-accent-color:#cb2128;--awb-circle-hover-accent-color:#cb2128;\" data-animationOffset=\"top-into-view\"><div style=\"--awb-backgroundcolor:#f6f6f6;--awb-iconcolor:#cb2128;\" class=\"fusion-column content-box-column content-box-column-1 col-lg-2 col-md-2 col-sm-2 fusion-content-box-hover content-box-column-first-in-row\"><div class=\"col content-box-wrapper content-wrapper-background link-area-box icon-hover-animation-slide\" data-animationOffset=\"top-into-view\"><div class=\"heading icon-left\"><h2 class=\"content-box-heading fusion-responsive-typography-calculated\" style=\"--h2_typography-font-size:20px;--fontSize:20;line-height:3.5;\">MARCA<\/h2><\/div><div class=\"fusion-clearfix\"><\/div><div class=\"content-container\">K\u00fcchentime<\/div><\/div><\/div><div style=\"--awb-backgroundcolor:#f6f6f6;--awb-iconcolor:#cb2128;\" class=\"fusion-column content-box-column content-box-column-2 col-lg-2 col-md-2 col-sm-2 fusion-content-box-hover \"><div class=\"col content-box-wrapper content-wrapper-background link-area-box icon-hover-animation-slide\" data-animationOffset=\"top-into-view\"><div class=\"heading icon-left\"><h2 class=\"content-box-heading fusion-responsive-typography-calculated\" style=\"--h2_typography-font-size:20px;--fontSize:20;line-height:3.5;\">MODELO<\/h2><\/div><div class=\"fusion-clearfix\"><\/div><div class=\"content-container\">Touch (317)<\/div><\/div><\/div><div style=\"--awb-backgroundcolor:#f6f6f6;--awb-iconcolor:#cb2128;\" class=\"fusion-column content-box-column content-box-column-3 col-lg-2 col-md-2 col-sm-2 fusion-content-box-hover \"><div class=\"col content-box-wrapper content-wrapper-background link-area-box icon-hover-animation-slide\" data-animationOffset=\"top-into-view\"><div class=\"heading icon-left\"><h2 class=\"content-box-heading fusion-responsive-typography-calculated\" style=\"--h2_typography-font-size:20px;--fontSize:20;line-height:3.5;\">COLOR<\/h2><\/div><div class=\"fusion-clearfix\"><\/div><div class=\"content-container\">Magnolia (366)<\/div><\/div><\/div><div style=\"--awb-backgroundcolor:#f6f6f6;--awb-iconcolor:#cb2128;\" class=\"fusion-column content-box-column content-box-column-4 col-lg-2 col-md-2 col-sm-2 fusion-content-box-hover \"><div class=\"col content-box-wrapper content-wrapper-background link-area-box icon-hover-animation-slide\" data-animationOffset=\"top-into-view\"><div class=\"heading icon-left\"><h2 class=\"content-box-heading fusion-responsive-typography-calculated\" style=\"--h2_typography-font-size:20px;--fontSize:20;line-height:3.5;\">TIRADOR<\/h2><\/div><div class=\"fusion-clearfix\"><\/div><div class=\"content-container\">Integrado acero inoxidable (430)<\/div><\/div><\/div><div style=\"--awb-backgroundcolor:#f6f6f6;--awb-iconcolor:#cb2128;\" class=\"fusion-column content-box-column content-box-column-5 col-lg-2 col-md-2 col-sm-2 fusion-content-box-hover content-box-column-last content-box-column-last-in-row\"><div class=\"col content-box-wrapper content-wrapper-background link-area-box icon-hover-animation-slide\" data-animationOffset=\"top-into-view\"><div class=\"heading icon-left\"><h2 class=\"content-box-heading fusion-responsive-typography-calculated\" style=\"--h2_typography-font-size:20px;--fontSize:20;line-height:3.5;\">ENCIMERA<\/h2><\/div><div class=\"fusion-clearfix\"><\/div><div class=\"content-container\">Laminam Fokos Terra<\/div><\/div><\/div><div class=\"fusion-clearfix\"><\/div><\/div><div class=\"fusion-sep-clear\"><\/div><div class=\"fusion-separator fusion-full-width-sep\" style=\"margin-left: auto;margin-right: auto;width:100%;\"><\/div><div class=\"fusion-sep-clear\"><\/div><div class=\"fusion-image-before-after-wrapper fusion-image-before-after-horizontal type-before-after hover-type-together fusion-image-before-after-wrapper-1\" style=\"--awb-font-size:13px;--awb-bordersize:0px;--awb-accent-color-bg:rgba(255,255,255,0.15);--awb-transition-time:0.5s;\"><div class=\"fusion-image-before-after-element fusion-image-before-after fusion-image-before-after-container fusion-image-before-after-1\" data-offset=\"0.5\" data-orientation=\"horizontal\" data-move-with-handle-only=\"true\" data-click-to-move=\"true\"><img decoding=\"async\" alt=\"Old kitchen in Alicante\" class=\"fusion-image-before-after-before\" src=\"https:\/\/casa-interior.com\/wp-content\/uploads\/2023\/03\/Old-kitchen-in-Alicante-1024x768.jpg\" width=\"1024\" height=\"768\"><img decoding=\"async\" alt=\"Modern Kitchen K\u00fcchentime Touch Magnolia in Alicante\" class=\"fusion-image-before-after-after\" src=\"https:\/\/casa-interior.com\/wp-content\/uploads\/2023\/03\/Kitchen-Kuchentime-Touch-Magnolia-in-Alicante-Galeria-1-1024x768.jpg\" width=\"1024\" height=\"768\"><div class=\"fusion-image-before-after-overlay before-after-overlay-image-centered\"><div class=\"fusion-image-before-after-before-label\" data-content=\"Antes\"><\/div><div class=\"fusion-image-before-after-after-label\" data-content=\"Despu\u00e9s\"><\/div><\/div><div class=\"fusion-image-before-after-handle fusion-image-before-after-handle-default\"><span class=\"fusion-image-before-after-left-arrow\"><\/span><span class=\"fusion-image-before-after-right-arrow\"><\/span><\/div><\/div><\/div><div class=\"fusion-sep-clear\"><\/div><div class=\"fusion-separator fusion-full-width-sep\" style=\"margin-left: auto;margin-right: auto;margin-top:25px;margin-bottom:25px;width:100%;\"><\/div><div class=\"fusion-sep-clear\"><\/div><div class=\"fusion-clearfix\"><\/div><\/div><\/div><\/div><\/div><div class=\"fusion-fullwidth fullwidth-box fusion-builder-row-2 nonhundred-percent-fullwidth non-hundred-percent-height-scrolling\" style=\"--awb-border-radius-top-left:0px;--awb-border-radius-top-right:0px;--awb-border-radius-bottom-right:0px;--awb-border-radius-bottom-left:0px;--awb-flex-wrap:wrap;\" ><div class=\"fusion-builder-row fusion-row\"><div class=\"fusion-layout-column fusion_builder_column fusion-builder-column-1 fusion_builder_column_2_3 2_3 fusion-two-third fusion-column-first\" style=\"--awb-bg-size:cover;width:66.666666666667%;width:calc(66.666666666667% - ( ( 4% ) * 0.66666666666667 ) );margin-right: 4%;\"><div class=\"fusion-column-wrapper fusion-flex-column-wrapper-legacy\"><div class=\"fusion-text fusion-text-1\"><p>Este proyecto de cocina lo hemos desarrollado en la capital de la provincia, <a href=\"https:\/\/www.alicanteturismo.com\/\" target=\"_blank\" rel=\"noopener\">Alicante<\/a>. Se trata de un apartamento tur\u00edstico que nuestros clientes quer\u00edan reformar. El reto ha sido en trasladar todas las instalaciones de la cocina, que estaba situada en la parte trasera del apartamento hasta el sal\u00f3n comedor, para hacer una cocina abierta a las fant\u00e1sticas vistas del mar Mediterr\u00e1neo.<\/p>\n<p style=\"text-align: left;\">Nuestros clientes quer\u00edan una cocina moderna, duradera y con colores armoniosos. El modelo que m\u00e1s les gust\u00f3 fue el modelo <a href=\"https:\/\/casa-interior.com\/es\/portfolio_category\/touch-es\/\" target=\"_blank\" rel=\"noopener\">Touch<\/a> de nuestro proveedor alem\u00e1n <a href=\"http:\/\/www.kuchentime.com\/\" target=\"_blank\" rel=\"noopener\">K\u00fcchentime<\/a> y el color elegido fue el <a href=\"https:\/\/casa-interior.com\/es\/portfolio-items\/kuchentime-touch-336\/\" target=\"_blank\" rel=\"noopener\">magnolia<\/a>. Se trata de un color crema, que da mucha calidez a la cocina en contraposici\u00f3n del blanco. Como tirador, y para crear un peque\u00f1o contraste, eligieron el tirador integrado en acero inoxidable que adem\u00e1s protege la puerta de la humedad.<\/p>\n<p>La disposici\u00f3n de la cocina era bastante sencilla. Como elemento principal tenemos el gran frigor\u00edfico americano de libre instalaci\u00f3n y acabado en acero inoxidable de la marca <a href=\"https:\/\/www.bosch-home.es\/?contentType=products\" target=\"_blank\" rel=\"noopener\">Bosch<\/a>, al igual que el resto de los electrodom\u00e9sticos. Le sigue la columna de horno y microondas que combina el cristal negro con el acero inoxidable, que ser\u00e1 lo predominante en el resto del dise\u00f1o de la cocina.<\/p>\n<p>Todo el espacio ha sido utilizado de la mejor manera posible, en la esquina hemos utilizado un armario de rinc\u00f3n con dos bandejas extra\u00edble, y a su lado un lavavajillas integrable. En el fregadero hemos incluido unos cubos de basura extra\u00edbles para facilitar el uso, y en la esquina, ara\u00f1ando los \u00faltimos cent\u00edmetros disponibles, un peque\u00f1o mueble extra\u00edble de 15 cent\u00edmetros para guardar especias y peque\u00f1as botellas. Y por \u00faltimo, queda la isla, donde hemos instalado la placa de cocci\u00f3n y la gran campana de 90 cm de ancho con filtro de recirculaci\u00f3n para limpiar todos los humos del cocinado. Tambi\u00e9n la hemos alargado para permitir unos asientos y asi poder disfrutar de las maravillosas vistas que hay en este apartamento de Alicante.<\/p>\n<p>La encimera utilizada ha sido el modelo <a href=\"https:\/\/www.laminam.com\/es\/product\/terra\/\" target=\"_blank\" rel=\"noopener\">Fokos Terra<\/a> de la marca Laminam, una piedra en acabado marr\u00f3n terroso, que transmite mucha calidez. El grosor es de 12 mm y el fregadero de la marca <a href=\"https:\/\/www.blanco.com\/es-es\/\" target=\"_blank\" rel=\"noopener\">Blanco<\/a>, en acabado inox, ha sido instalado bajo la encimera. Adem\u00e1s, los soportes utilizados para soportar el peso de la encimera tienen tambi\u00e9n un acabado inox que combina con el resto de esta preciosa y moderna cocina.<\/p>\n<p>Como puntos a destacar recomendamos prestar atenci\u00f3n a los muebles altos con un segmento en cristal negro que adem\u00e1s tienen luces integradas en la parte inferior, que se pueden controlar mediante control remoto y cambiar, tanto la intensidad de la luz como el color de la temperatura, permitiendo pasar de luz fr\u00eda, natura y c\u00e1lida a voluntad. Dependiendo de las necesidades que tengamos en casa momento.<\/p>\n<p>Puede seguir viendo m\u00e1s proyectos de Casa Interior\u00a0<a href=\"https:\/\/casa-interior.com\/es\/proyectos\/\">aqu\u00ed<\/a>\u00a0o puede\u00a0<a href=\"https:\/\/casa-interior.com\/es\/contacto-casa-interior\/\">contactar<\/a>\u00a0con nosotros para solicitar un dise\u00f1o de su nueva cocina.<\/p>\n<\/div><div class=\"fusion-clearfix\"><\/div><\/div><\/div><div class=\"fusion-layout-column fusion_builder_column fusion-builder-column-2 fusion_builder_column_1_3 1_3 fusion-one-third fusion-column-last\" style=\"--awb-bg-size:cover;width:33.333333333333%;width:calc(33.333333333333% - ( ( 4% ) * 0.33333333333333 ) );\"><div class=\"fusion-column-wrapper fusion-flex-column-wrapper-legacy\"><div class=\"fusion-sep-clear\"><\/div><div class=\"fusion-separator fusion-full-width-sep\" style=\"margin-left: auto;margin-right: auto;margin-top:25px;margin-bottom:25px;width:100%;\"><\/div><div class=\"fusion-sep-clear\"><\/div><div class=\"fusion-image-carousel fusion-image-carousel-auto fusion-image-carousel-1 lightbox-enabled fusion-carousel-border\"><div class=\"awb-carousel awb-swiper awb-swiper-carousel awb-carousel--carousel awb-swiper-dots-position-bottom\" data-layout=\"carousel\" data-autoplay=\"yes\" data-autoplayspeed=\"2500\" data-autoplaypause=\"no\" data-columns=\"1\" data-columnsmedium=\"1\" data-columnssmall=\"1\" data-itemmargin=\"13\" data-itemwidth=\"180\" data-touchscroll=\"no\" data-freemode=\"no\" data-imagesize=\"auto\" data-scrollitems=\"0\" data-centeredslides=\"no\" data-rotationangle=\"50\" data-depth=\"100\" data-speed=\"500\" data-shadow=\"no\" data-pagination=\"bullets\" style=\"--awb-columns:1;--awb-border-width:1px;--awb-border-color:#e9eaee;\"><div class=\"swiper-wrapper awb-image-carousel-wrapper fusion-flex-align-items-center\"><div class=\"swiper-slide\"><div class=\"fusion-carousel-item-wrapper\"><div class=\"fusion-image-wrapper hover-type-none\"><a data-rel=\"iLightbox[image_carousel_1]\" data-title=\"Cocina moderna K\u00fcchentime Touch Magnolia en Alicante\" aria-label=\"Cocina moderna K\u00fcchentime Touch Magnolia en Alicante\" href=\"https:\/\/casa-interior.com\/wp-content\/uploads\/2023\/03\/Kitchen-Kuchentime-Touch-Magnolia-in-Alicante-Espanol-1.jpg\" target=\"_self\"><img decoding=\"async\" width=\"1200\" height=\"1600\" src=\"https:\/\/casa-interior.com\/wp-content\/uploads\/2023\/03\/Kitchen-Kuchentime-Touch-Magnolia-in-Alicante-Espanol-1.jpg\" class=\"attachment-full size-full\" alt=\"Cocina moderna K\u00fcchentime Touch Magnolia en Alicante\" srcset=\"https:\/\/casa-interior.com\/wp-content\/uploads\/2023\/03\/Kitchen-Kuchentime-Touch-Magnolia-in-Alicante-Espanol-1-200x267.jpg 200w, https:\/\/casa-interior.com\/wp-content\/uploads\/2023\/03\/Kitchen-Kuchentime-Touch-Magnolia-in-Alicante-Espanol-1-225x300.jpg 225w, https:\/\/casa-interior.com\/wp-content\/uploads\/2023\/03\/Kitchen-Kuchentime-Touch-Magnolia-in-Alicante-Espanol-1-400x533.jpg 400w, https:\/\/casa-interior.com\/wp-content\/uploads\/2023\/03\/Kitchen-Kuchentime-Touch-Magnolia-in-Alicante-Espanol-1-600x800.jpg 600w, https:\/\/casa-interior.com\/wp-content\/uploads\/2023\/03\/Kitchen-Kuchentime-Touch-Magnolia-in-Alicante-Espanol-1-768x1024.jpg 768w, https:\/\/casa-interior.com\/wp-content\/uploads\/2023\/03\/Kitchen-Kuchentime-Touch-Magnolia-in-Alicante-Espanol-1-800x1067.jpg 800w, https:\/\/casa-interior.com\/wp-content\/uploads\/2023\/03\/Kitchen-Kuchentime-Touch-Magnolia-in-Alicante-Espanol-1-1152x1536.jpg 1152w, https:\/\/casa-interior.com\/wp-content\/uploads\/2023\/03\/Kitchen-Kuchentime-Touch-Magnolia-in-Alicante-Espanol-1.jpg 1200w\" sizes=\"(max-width: 1200px) 100vw, 1200px\" \/><\/a><\/div><\/div><\/div><div class=\"swiper-slide\"><div class=\"fusion-carousel-item-wrapper\"><div class=\"fusion-image-wrapper hover-type-none\"><a data-rel=\"iLightbox[image_carousel_1]\" data-title=\"Cocina moderna K\u00fcchentime Touch Magnolia en Alicante\" aria-label=\"Cocina moderna K\u00fcchentime Touch Magnolia en Alicante\" href=\"https:\/\/casa-interior.com\/wp-content\/uploads\/2023\/03\/Kitchen-Kuchentime-Touch-Magnolia-in-Alicante-Espanol-2.jpg\" target=\"_self\"><img decoding=\"async\" width=\"1200\" height=\"1600\" src=\"https:\/\/casa-interior.com\/wp-content\/uploads\/2023\/03\/Kitchen-Kuchentime-Touch-Magnolia-in-Alicante-Espanol-2.jpg\" class=\"attachment-full size-full\" alt=\"Cocina moderna K\u00fcchentime Touch Magnolia en Alicante\" srcset=\"https:\/\/casa-interior.com\/wp-content\/uploads\/2023\/03\/Kitchen-Kuchentime-Touch-Magnolia-in-Alicante-Espanol-2-200x267.jpg 200w, https:\/\/casa-interior.com\/wp-content\/uploads\/2023\/03\/Kitchen-Kuchentime-Touch-Magnolia-in-Alicante-Espanol-2-225x300.jpg 225w, https:\/\/casa-interior.com\/wp-content\/uploads\/2023\/03\/Kitchen-Kuchentime-Touch-Magnolia-in-Alicante-Espanol-2-400x533.jpg 400w, https:\/\/casa-interior.com\/wp-content\/uploads\/2023\/03\/Kitchen-Kuchentime-Touch-Magnolia-in-Alicante-Espanol-2-600x800.jpg 600w, https:\/\/casa-interior.com\/wp-content\/uploads\/2023\/03\/Kitchen-Kuchentime-Touch-Magnolia-in-Alicante-Espanol-2-768x1024.jpg 768w, https:\/\/casa-interior.com\/wp-content\/uploads\/2023\/03\/Kitchen-Kuchentime-Touch-Magnolia-in-Alicante-Espanol-2-800x1067.jpg 800w, https:\/\/casa-interior.com\/wp-content\/uploads\/2023\/03\/Kitchen-Kuchentime-Touch-Magnolia-in-Alicante-Espanol-2-1152x1536.jpg 1152w, https:\/\/casa-interior.com\/wp-content\/uploads\/2023\/03\/Kitchen-Kuchentime-Touch-Magnolia-in-Alicante-Espanol-2.jpg 1200w\" sizes=\"(max-width: 1200px) 100vw, 1200px\" \/><\/a><\/div><\/div><\/div><div class=\"swiper-slide\"><div class=\"fusion-carousel-item-wrapper\"><div class=\"fusion-image-wrapper hover-type-none\"><a data-rel=\"iLightbox[image_carousel_1]\" data-title=\"Cocina moderna K\u00fcchentime Touch Magnolia en Alicante\" aria-label=\"Cocina moderna K\u00fcchentime Touch Magnolia en Alicante\" href=\"https:\/\/casa-interior.com\/wp-content\/uploads\/2023\/03\/Kitchen-Kuchentime-Touch-Magnolia-in-Alicante-Espanol-3.jpg\" target=\"_self\"><img decoding=\"async\" width=\"1200\" height=\"1600\" src=\"https:\/\/casa-interior.com\/wp-content\/uploads\/2023\/03\/Kitchen-Kuchentime-Touch-Magnolia-in-Alicante-Espanol-3.jpg\" class=\"attachment-full size-full\" alt=\"Cocina moderna K\u00fcchentime Touch Magnolia en Alicante\" srcset=\"https:\/\/casa-interior.com\/wp-content\/uploads\/2023\/03\/Kitchen-Kuchentime-Touch-Magnolia-in-Alicante-Espanol-3-200x267.jpg 200w, https:\/\/casa-interior.com\/wp-content\/uploads\/2023\/03\/Kitchen-Kuchentime-Touch-Magnolia-in-Alicante-Espanol-3-225x300.jpg 225w, https:\/\/casa-interior.com\/wp-content\/uploads\/2023\/03\/Kitchen-Kuchentime-Touch-Magnolia-in-Alicante-Espanol-3-400x533.jpg 400w, https:\/\/casa-interior.com\/wp-content\/uploads\/2023\/03\/Kitchen-Kuchentime-Touch-Magnolia-in-Alicante-Espanol-3-600x800.jpg 600w, https:\/\/casa-interior.com\/wp-content\/uploads\/2023\/03\/Kitchen-Kuchentime-Touch-Magnolia-in-Alicante-Espanol-3-768x1024.jpg 768w, https:\/\/casa-interior.com\/wp-content\/uploads\/2023\/03\/Kitchen-Kuchentime-Touch-Magnolia-in-Alicante-Espanol-3-800x1067.jpg 800w, https:\/\/casa-interior.com\/wp-content\/uploads\/2023\/03\/Kitchen-Kuchentime-Touch-Magnolia-in-Alicante-Espanol-3-1152x1536.jpg 1152w, https:\/\/casa-interior.com\/wp-content\/uploads\/2023\/03\/Kitchen-Kuchentime-Touch-Magnolia-in-Alicante-Espanol-3.jpg 1200w\" sizes=\"(max-width: 1200px) 100vw, 1200px\" \/><\/a><\/div><\/div><\/div><div class=\"swiper-slide\"><div class=\"fusion-carousel-item-wrapper\"><div class=\"fusion-image-wrapper hover-type-none\"><a data-rel=\"iLightbox[image_carousel_1]\" data-title=\"Cocina moderna K\u00fcchentime Touch Magnolia en Alicante\" aria-label=\"Cocina moderna K\u00fcchentime Touch Magnolia en Alicante\" href=\"https:\/\/casa-interior.com\/wp-content\/uploads\/2023\/03\/Kitchen-Kuchentime-Touch-Magnolia-in-Alicante-Espanol-4.jpg\" target=\"_self\"><img decoding=\"async\" width=\"1200\" height=\"1600\" src=\"https:\/\/casa-interior.com\/wp-content\/uploads\/2023\/03\/Kitchen-Kuchentime-Touch-Magnolia-in-Alicante-Espanol-4.jpg\" class=\"attachment-full size-full\" alt=\"Cocina moderna K\u00fcchentime Touch Magnolia en Alicante\" srcset=\"https:\/\/casa-interior.com\/wp-content\/uploads\/2023\/03\/Kitchen-Kuchentime-Touch-Magnolia-in-Alicante-Espanol-4-200x267.jpg 200w, https:\/\/casa-interior.com\/wp-content\/uploads\/2023\/03\/Kitchen-Kuchentime-Touch-Magnolia-in-Alicante-Espanol-4-225x300.jpg 225w, https:\/\/casa-interior.com\/wp-content\/uploads\/2023\/03\/Kitchen-Kuchentime-Touch-Magnolia-in-Alicante-Espanol-4-400x533.jpg 400w, https:\/\/casa-interior.com\/wp-content\/uploads\/2023\/03\/Kitchen-Kuchentime-Touch-Magnolia-in-Alicante-Espanol-4-600x800.jpg 600w, https:\/\/casa-interior.com\/wp-content\/uploads\/2023\/03\/Kitchen-Kuchentime-Touch-Magnolia-in-Alicante-Espanol-4-768x1024.jpg 768w, https:\/\/casa-interior.com\/wp-content\/uploads\/2023\/03\/Kitchen-Kuchentime-Touch-Magnolia-in-Alicante-Espanol-4-800x1067.jpg 800w, https:\/\/casa-interior.com\/wp-content\/uploads\/2023\/03\/Kitchen-Kuchentime-Touch-Magnolia-in-Alicante-Espanol-4-1152x1536.jpg 1152w, https:\/\/casa-interior.com\/wp-content\/uploads\/2023\/03\/Kitchen-Kuchentime-Touch-Magnolia-in-Alicante-Espanol-4.jpg 1200w\" sizes=\"(max-width: 1200px) 100vw, 1200px\" \/><\/a><\/div><\/div><\/div><div class=\"swiper-slide\"><div class=\"fusion-carousel-item-wrapper\"><div class=\"fusion-image-wrapper hover-type-none\"><a data-rel=\"iLightbox[image_carousel_1]\" data-title=\"Cocina moderna K\u00fcchentime Touch Magnolia en Alicante\" aria-label=\"Cocina moderna K\u00fcchentime Touch Magnolia en Alicante\" href=\"https:\/\/casa-interior.com\/wp-content\/uploads\/2023\/03\/Kitchen-Kuchentime-Touch-Magnolia-in-Alicante-Espanol-5.jpg\" target=\"_self\"><img decoding=\"async\" width=\"1200\" height=\"1600\" src=\"https:\/\/casa-interior.com\/wp-content\/uploads\/2023\/03\/Kitchen-Kuchentime-Touch-Magnolia-in-Alicante-Espanol-5.jpg\" class=\"attachment-full size-full\" alt=\"Cocina moderna K\u00fcchentime Touch Magnolia en Alicante\" srcset=\"https:\/\/casa-interior.com\/wp-content\/uploads\/2023\/03\/Kitchen-Kuchentime-Touch-Magnolia-in-Alicante-Espanol-5-200x267.jpg 200w, https:\/\/casa-interior.com\/wp-content\/uploads\/2023\/03\/Kitchen-Kuchentime-Touch-Magnolia-in-Alicante-Espanol-5-225x300.jpg 225w, https:\/\/casa-interior.com\/wp-content\/uploads\/2023\/03\/Kitchen-Kuchentime-Touch-Magnolia-in-Alicante-Espanol-5-400x533.jpg 400w, https:\/\/casa-interior.com\/wp-content\/uploads\/2023\/03\/Kitchen-Kuchentime-Touch-Magnolia-in-Alicante-Espanol-5-600x800.jpg 600w, https:\/\/casa-interior.com\/wp-content\/uploads\/2023\/03\/Kitchen-Kuchentime-Touch-Magnolia-in-Alicante-Espanol-5-768x1024.jpg 768w, https:\/\/casa-interior.com\/wp-content\/uploads\/2023\/03\/Kitchen-Kuchentime-Touch-Magnolia-in-Alicante-Espanol-5-800x1067.jpg 800w, https:\/\/casa-interior.com\/wp-content\/uploads\/2023\/03\/Kitchen-Kuchentime-Touch-Magnolia-in-Alicante-Espanol-5-1152x1536.jpg 1152w, https:\/\/casa-interior.com\/wp-content\/uploads\/2023\/03\/Kitchen-Kuchentime-Touch-Magnolia-in-Alicante-Espanol-5.jpg 1200w\" sizes=\"(max-width: 1200px) 100vw, 1200px\" \/><\/a><\/div><\/div><\/div><\/div><div class=\"awb-swiper-button awb-swiper-button-prev\"><i class=\"awb-icon-angle-left\" aria-hidden=\"true\"><\/i><\/div><div class=\"awb-swiper-button awb-swiper-button-next\"><i class=\"awb-icon-angle-right\" aria-hidden=\"true\"><\/i><\/div><\/div><\/div><div class=\"fusion-clearfix\"><\/div><\/div><\/div><\/div><\/div><div class=\"fusion-fullwidth fullwidth-box fusion-builder-row-3 fusion-flex-container nonhundred-percent-fullwidth non-hundred-percent-height-scrolling\" style=\"--awb-border-radius-top-left:0px;--awb-border-radius-top-right:0px;--awb-border-radius-bottom-right:0px;--awb-border-radius-bottom-left:0px;--awb-flex-wrap:wrap;\" ><div class=\"fusion-builder-row fusion-row fusion-flex-align-items-flex-start fusion-flex-content-wrap\" style=\"max-width:1216.8px;margin-left: calc(-4% \/ 2 );margin-right: calc(-4% \/ 2 );\"><div class=\"fusion-layout-column fusion_builder_column fusion-builder-column-3 fusion_builder_column_1_1 1_1 fusion-flex-column\" style=\"--awb-bg-size:cover;--awb-width-large:100%;--awb-margin-top-large:0px;--awb-spacing-right-large:1.92%;--awb-margin-bottom-large:0px;--awb-spacing-left-large:1.92%;--awb-width-medium:100%;--awb-order-medium:0;--awb-spacing-right-medium:1.92%;--awb-spacing-left-medium:1.92%;--awb-width-small:100%;--awb-order-small:0;--awb-spacing-right-small:1.92%;--awb-spacing-left-small:1.92%;\"><div class=\"fusion-column-wrapper fusion-column-has-shadow fusion-flex-justify-content-flex-start fusion-content-layout-column\"><div class=\"fusion-separator fusion-full-width-sep\" style=\"align-self: center;margin-left: auto;margin-right: auto;margin-top:25px;margin-bottom:25px;width:100%;\"><\/div><div class=\"fusion-title title fusion-title-2 sep-underline sep-dashed fusion-title-center fusion-title-text fusion-title-size-four\" style=\"--awb-margin-top-small:0px;--awb-margin-right-small:0px;--awb-margin-bottom-small:20px;--awb-margin-left-small:0px;\"><h4 class=\"fusion-title-heading title-heading-center fusion-responsive-typography-calculated\" style=\"margin:0;--fontSize:30;line-height:1.5;\">Im\u00e1genes adicionales<\/h4><\/div><div class=\"awb-gallery-wrapper awb-gallery-wrapper-1 button-span-no\" style=\"--more-btn-alignment:center;\" data-limit=\"10\" data-page=\"1\"><div style=\"margin:-5px;--awb-bordersize:0px;\" class=\"fusion-gallery fusion-gallery-container fusion-grid-3 fusion-columns-total-6 fusion-gallery-layout-grid fusion-gallery-1\"><div style=\"padding:5px;\" class=\"fusion-grid-column fusion-gallery-column fusion-gallery-column-3 hover-type-none\"><div class=\"fusion-gallery-image\"><a href=\"https:\/\/casa-interior.com\/wp-content\/uploads\/2023\/03\/Kitchen-Kuchentime-Touch-Magnolia-in-Alicante-Galeria-1.jpg\" rel=\"noreferrer\" data-rel=\"iLightbox[gallery_image_1]\" class=\"fusion-lightbox\" target=\"_blank\"><img decoding=\"async\" src=\"https:\/\/casa-interior.com\/wp-content\/uploads\/2023\/03\/Kitchen-Kuchentime-Touch-Magnolia-in-Alicante-Galeria-1-460x295.jpg\" width=\"460\" height=\"295\" alt=\"Modern Kitchen K\u00fcchentime Touch Magnolia in Alicante\" title=\"Kitchen K\u00fcchentime Touch Magnolia in Alicante &#8211; Galeria (1)\" aria-label=\"Kitchen K\u00fcchentime Touch Magnolia in Alicante &#8211; Galeria (1)\" class=\"img-responsive wp-image-28429 fusion-gallery-image-size-fixed\"  \/><\/a><\/div><\/div><div style=\"padding:5px;\" class=\"fusion-grid-column fusion-gallery-column fusion-gallery-column-3 hover-type-none\"><div class=\"fusion-gallery-image\"><a href=\"https:\/\/casa-interior.com\/wp-content\/uploads\/2023\/03\/Kitchen-Kuchentime-Touch-Magnolia-in-Alicante-Galeria-2.jpg\" rel=\"noreferrer\" data-rel=\"iLightbox[gallery_image_1]\" class=\"fusion-lightbox\" target=\"_blank\"><img decoding=\"async\" src=\"https:\/\/casa-interior.com\/wp-content\/uploads\/2023\/03\/Kitchen-Kuchentime-Touch-Magnolia-in-Alicante-Galeria-2-460x295.jpg\" width=\"460\" height=\"295\" alt=\"Modern Kitchen K\u00fcchentime Touch Magnolia in Alicante\" title=\"Kitchen K\u00fcchentime Touch Magnolia in Alicante &#8211; Galeria (2)\" aria-label=\"Kitchen K\u00fcchentime Touch Magnolia in Alicante &#8211; Galeria (2)\" class=\"img-responsive wp-image-28448 fusion-gallery-image-size-fixed\"  \/><\/a><\/div><\/div><div style=\"padding:5px;\" class=\"fusion-grid-column fusion-gallery-column fusion-gallery-column-3 hover-type-none\"><div class=\"fusion-gallery-image\"><a href=\"https:\/\/casa-interior.com\/wp-content\/uploads\/2023\/03\/Kitchen-Kuchentime-Touch-Magnolia-in-Alicante-Galeria-3.jpg\" rel=\"noreferrer\" data-rel=\"iLightbox[gallery_image_1]\" class=\"fusion-lightbox\" target=\"_blank\"><img decoding=\"async\" src=\"https:\/\/casa-interior.com\/wp-content\/uploads\/2023\/03\/Kitchen-Kuchentime-Touch-Magnolia-in-Alicante-Galeria-3-460x295.jpg\" width=\"460\" height=\"295\" alt=\"Modern Kitchen K\u00fcchentime Touch Magnolia in Alicante\" title=\"Kitchen K\u00fcchentime Touch Magnolia in Alicante &#8211; Galeria (3)\" aria-label=\"Kitchen K\u00fcchentime Touch Magnolia in Alicante &#8211; Galeria (3)\" class=\"img-responsive wp-image-28450 fusion-gallery-image-size-fixed\"  \/><\/a><\/div><\/div><div class=\"clearfix\"><\/div><div style=\"padding:5px;\" class=\"fusion-grid-column fusion-gallery-column fusion-gallery-column-3 hover-type-none\"><div class=\"fusion-gallery-image\"><a href=\"https:\/\/casa-interior.com\/wp-content\/uploads\/2023\/03\/Kitchen-Kuchentime-Touch-Magnolia-in-Alicante-Galeria-4.jpg\" rel=\"noreferrer\" data-rel=\"iLightbox[gallery_image_1]\" class=\"fusion-lightbox\" target=\"_blank\"><img decoding=\"async\" src=\"https:\/\/casa-interior.com\/wp-content\/uploads\/2023\/03\/Kitchen-Kuchentime-Touch-Magnolia-in-Alicante-Galeria-4-460x295.jpg\" width=\"460\" height=\"295\" alt=\"Modern Kitchen K\u00fcchentime Touch Magnolia in Alicante\" title=\"Kitchen K\u00fcchentime Touch Magnolia in Alicante &#8211; Galeria (4)\" aria-label=\"Kitchen K\u00fcchentime Touch Magnolia in Alicante &#8211; Galeria (4)\" class=\"img-responsive wp-image-28442 fusion-gallery-image-size-fixed\"  \/><\/a><\/div><\/div><div style=\"padding:5px;\" class=\"fusion-grid-column fusion-gallery-column fusion-gallery-column-3 hover-type-none\"><div class=\"fusion-gallery-image\"><a href=\"https:\/\/casa-interior.com\/wp-content\/uploads\/2023\/03\/Kitchen-Kuchentime-Touch-Magnolia-in-Alicante-Galeria-5.jpg\" rel=\"noreferrer\" data-rel=\"iLightbox[gallery_image_1]\" class=\"fusion-lightbox\" target=\"_blank\"><img decoding=\"async\" src=\"https:\/\/casa-interior.com\/wp-content\/uploads\/2023\/03\/Kitchen-Kuchentime-Touch-Magnolia-in-Alicante-Galeria-5-460x295.jpg\" width=\"460\" height=\"295\" alt=\"Modern Kitchen K\u00fcchentime Touch Magnolia in Alicante\" title=\"Kitchen K\u00fcchentime Touch Magnolia in Alicante &#8211; Galeria (5)\" aria-label=\"Kitchen K\u00fcchentime Touch Magnolia in Alicante &#8211; Galeria (5)\" class=\"img-responsive wp-image-28444 fusion-gallery-image-size-fixed\"  \/><\/a><\/div><\/div><div style=\"padding:5px;\" class=\"fusion-grid-column fusion-gallery-column fusion-gallery-column-3 hover-type-none\"><div class=\"fusion-gallery-image\"><a href=\"https:\/\/casa-interior.com\/wp-content\/uploads\/2023\/03\/Kitchen-Kuchentime-Touch-Magnolia-in-Alicante-Galeria-6.jpg\" rel=\"noreferrer\" data-rel=\"iLightbox[gallery_image_1]\" class=\"fusion-lightbox\" target=\"_blank\"><img decoding=\"async\" src=\"https:\/\/casa-interior.com\/wp-content\/uploads\/2023\/03\/Kitchen-Kuchentime-Touch-Magnolia-in-Alicante-Galeria-6-460x295.jpg\" width=\"460\" height=\"295\" alt=\"Modern Kitchen K\u00fcchentime Touch Magnolia in Alicante\" title=\"Kitchen K\u00fcchentime Touch Magnolia in Alicante &#8211; Galeria (6)\" aria-label=\"Kitchen K\u00fcchentime Touch Magnolia in Alicante &#8211; Galeria (6)\" class=\"img-responsive wp-image-28446 fusion-gallery-image-size-fixed\"  \/><\/a><\/div><\/div><div class=\"clearfix\"><\/div><\/div><\/div><\/div><\/div><\/div><\/div><\/p>\n","protected":false},"excerpt":{"rendered":"<p>Este proyecto de cocina lo hemos desarrollado en la capital de la provincia, Alicante. Se trata de un apartamento tur\u00edstico que nuestros clientes quer\u00edan reformar. El reto ha sido en trasladar todas las instalaciones de la cocina, que estaba situada en la parte trasera del apartamento hasta el sal\u00f3n comedor, para hacer una cocina abierta a las fant\u00e1sticas vistas del mar Mediterr\u00e1neo. <\/p>\n","protected":false},"author":1,"featured_media":28453,"menu_order":0,"comment_status":"open","ping_status":"closed","template":"","format":"standard","meta":{"footnotes":""},"portfolio_category":[717],"portfolio_skills":[],"portfolio_tags":[2694,2332,2543,2797,710,1402,696,2494,1417,694,1596,2216,2495,720],"class_list":["post-28424","avada_portfolio","type-avada_portfolio","status-publish","format-standard","has-post-thumbnail","hentry","portfolio_category-proyectos","portfolio_tags-317-es","portfolio_tags-366-es","portfolio_tags-430-es","portfolio_tags-alicante-es","portfolio_tags-blanco","portfolio_tags-bosch-es","portfolio_tags-cocina-moderna","portfolio_tags-fokos-es","portfolio_tags-integrado","portfolio_tags-kuchentime-es","portfolio_tags-laminam-es","portfolio_tags-magnolia-es","portfolio_tags-terra-es","portfolio_tags-touch-es"],"yoast_head":"<!-- This site is optimized with the Yoast SEO plugin v27.3 - https:\/\/yoast.com\/product\/yoast-seo-wordpress\/ -->\n<title>Casa Interior - Proyectos - Antes y Despu\u00e9s - K\u00fcchentime Touch<\/title>\n<meta name=\"robots\" content=\"index, follow, max-snippet:-1, max-image-preview:large, max-video-preview:-1\" \/>\n<link rel=\"canonical\" href=\"https:\/\/casa-interior.com\/es\/portfolio-items\/kuchentime-touch-magnolia-alicante\/\" \/>\n<meta property=\"og:locale\" content=\"es_ES\" \/>\n<meta property=\"og:type\" content=\"article\" \/>\n<meta property=\"og:title\" content=\"Casa Interior - Proyectos - Antes y Despu\u00e9s - K\u00fcchentime Touch\" \/>\n<meta property=\"og:description\" content=\"Este proyecto de cocina lo hemos desarrollado en la capital de la provincia, Alicante. Se trata de un apartamento tur\u00edstico que nuestros clientes quer\u00edan reformar. El reto ha sido en trasladar todas las instalaciones de la cocina, que estaba situada en la parte trasera del apartamento hasta el sal\u00f3n comedor, para hacer una cocina abierta a las fant\u00e1sticas vistas del mar Mediterr\u00e1neo.\" \/>\n<meta property=\"og:url\" content=\"https:\/\/casa-interior.com\/es\/portfolio-items\/kuchentime-touch-magnolia-alicante\/\" \/>\n<meta property=\"og:site_name\" content=\"Casa Interior\" \/>\n<meta property=\"article:publisher\" content=\"https:\/\/www.facebook.com\/kitchens.costa.blanca\/\" \/>\n<meta property=\"article:modified_time\" content=\"2023-03-05T12:27:10+00:00\" \/>\n<meta property=\"og:image\" content=\"https:\/\/casa-interior.com\/wp-content\/uploads\/2023\/03\/Kitchen-Kuchentime-Touch-Magnolia-in-Alicante-Portada.jpg\" \/>\n\t<meta property=\"og:image:width\" content=\"1280\" \/>\n\t<meta property=\"og:image:height\" content=\"754\" \/>\n\t<meta property=\"og:image:type\" content=\"image\/jpeg\" \/>\n<meta name=\"twitter:card\" content=\"summary_large_image\" \/>\n<meta name=\"twitter:label1\" content=\"Tiempo de lectura\" \/>\n\t<meta name=\"twitter:data1\" content=\"8 minutos\" \/>\n<script type=\"application\/ld+json\" class=\"yoast-schema-graph\">{\"@context\":\"https:\\\/\\\/schema.org\",\"@graph\":[{\"@type\":\"WebPage\",\"@id\":\"https:\\\/\\\/casa-interior.com\\\/es\\\/portfolio-items\\\/kuchentime-touch-magnolia-alicante\\\/\",\"url\":\"https:\\\/\\\/casa-interior.com\\\/es\\\/portfolio-items\\\/kuchentime-touch-magnolia-alicante\\\/\",\"name\":\"Casa Interior - Proyectos - Antes y Despu\u00e9s - K\u00fcchentime Touch\",\"isPartOf\":{\"@id\":\"https:\\\/\\\/casa-interior.com\\\/es\\\/#website\"},\"primaryImageOfPage\":{\"@id\":\"https:\\\/\\\/casa-interior.com\\\/es\\\/portfolio-items\\\/kuchentime-touch-magnolia-alicante\\\/#primaryimage\"},\"image\":{\"@id\":\"https:\\\/\\\/casa-interior.com\\\/es\\\/portfolio-items\\\/kuchentime-touch-magnolia-alicante\\\/#primaryimage\"},\"thumbnailUrl\":\"https:\\\/\\\/casa-interior.com\\\/wp-content\\\/uploads\\\/2023\\\/03\\\/Kitchen-Kuchentime-Touch-Magnolia-in-Alicante-Portada.jpg\",\"datePublished\":\"2022-05-15T10:00:01+00:00\",\"dateModified\":\"2023-03-05T12:27:10+00:00\",\"breadcrumb\":{\"@id\":\"https:\\\/\\\/casa-interior.com\\\/es\\\/portfolio-items\\\/kuchentime-touch-magnolia-alicante\\\/#breadcrumb\"},\"inLanguage\":\"es\",\"potentialAction\":[{\"@type\":\"ReadAction\",\"target\":[\"https:\\\/\\\/casa-interior.com\\\/es\\\/portfolio-items\\\/kuchentime-touch-magnolia-alicante\\\/\"]}]},{\"@type\":\"ImageObject\",\"inLanguage\":\"es\",\"@id\":\"https:\\\/\\\/casa-interior.com\\\/es\\\/portfolio-items\\\/kuchentime-touch-magnolia-alicante\\\/#primaryimage\",\"url\":\"https:\\\/\\\/casa-interior.com\\\/wp-content\\\/uploads\\\/2023\\\/03\\\/Kitchen-Kuchentime-Touch-Magnolia-in-Alicante-Portada.jpg\",\"contentUrl\":\"https:\\\/\\\/casa-interior.com\\\/wp-content\\\/uploads\\\/2023\\\/03\\\/Kitchen-Kuchentime-Touch-Magnolia-in-Alicante-Portada.jpg\",\"width\":1280,\"height\":754,\"caption\":\"Modern Kitchen K\u00fcchentime Touch Magnolia in Alicante\"},{\"@type\":\"BreadcrumbList\",\"@id\":\"https:\\\/\\\/casa-interior.com\\\/es\\\/portfolio-items\\\/kuchentime-touch-magnolia-alicante\\\/#breadcrumb\",\"itemListElement\":[{\"@type\":\"ListItem\",\"position\":1,\"name\":\"Portada\",\"item\":\"https:\\\/\\\/casa-interior.com\\\/es\\\/casa-interior\\\/\"},{\"@type\":\"ListItem\",\"position\":2,\"name\":\"Portfolio\",\"item\":\"https:\\\/\\\/casa-interior.com\\\/es\\\/portfolio-items\\\/\"},{\"@type\":\"ListItem\",\"position\":3,\"name\":\"K\u00fcchentime Touch Magnolia &#8211; Alicante\"}]},{\"@type\":\"WebSite\",\"@id\":\"https:\\\/\\\/casa-interior.com\\\/es\\\/#website\",\"url\":\"https:\\\/\\\/casa-interior.com\\\/es\\\/\",\"name\":\"Casa Interior\",\"description\":\"Kitchen Designers in Costa Blanca\",\"publisher\":{\"@id\":\"https:\\\/\\\/casa-interior.com\\\/es\\\/#organization\"},\"potentialAction\":[{\"@type\":\"SearchAction\",\"target\":{\"@type\":\"EntryPoint\",\"urlTemplate\":\"https:\\\/\\\/casa-interior.com\\\/es\\\/?s={search_term_string}\"},\"query-input\":{\"@type\":\"PropertyValueSpecification\",\"valueRequired\":true,\"valueName\":\"search_term_string\"}}],\"inLanguage\":\"es\"},{\"@type\":\"Organization\",\"@id\":\"https:\\\/\\\/casa-interior.com\\\/es\\\/#organization\",\"name\":\"Casa Interior\",\"url\":\"https:\\\/\\\/casa-interior.com\\\/es\\\/\",\"logo\":{\"@type\":\"ImageObject\",\"inLanguage\":\"es\",\"@id\":\"https:\\\/\\\/casa-interior.com\\\/es\\\/#\\\/schema\\\/logo\\\/image\\\/\",\"url\":\"https:\\\/\\\/casa-interior.com\\\/wp-content\\\/uploads\\\/2018\\\/03\\\/Logo-Casa-Interior-nuevo-150px.png\",\"contentUrl\":\"https:\\\/\\\/casa-interior.com\\\/wp-content\\\/uploads\\\/2018\\\/03\\\/Logo-Casa-Interior-nuevo-150px.png\",\"width\":150,\"height\":150,\"caption\":\"Casa Interior\"},\"image\":{\"@id\":\"https:\\\/\\\/casa-interior.com\\\/es\\\/#\\\/schema\\\/logo\\\/image\\\/\"},\"sameAs\":[\"https:\\\/\\\/www.facebook.com\\\/kitchens.costa.blanca\\\/\",\"https:\\\/\\\/www.instagram.com\\\/casainterioraltea\"]}]}<\/script>\n<!-- \/ Yoast SEO plugin. -->","yoast_head_json":{"title":"Casa Interior - Proyectos - Antes y Despu\u00e9s - K\u00fcchentime Touch","robots":{"index":"index","follow":"follow","max-snippet":"max-snippet:-1","max-image-preview":"max-image-preview:large","max-video-preview":"max-video-preview:-1"},"canonical":"https:\/\/casa-interior.com\/es\/portfolio-items\/kuchentime-touch-magnolia-alicante\/","og_locale":"es_ES","og_type":"article","og_title":"Casa Interior - Proyectos - Antes y Despu\u00e9s - K\u00fcchentime Touch","og_description":"Este proyecto de cocina lo hemos desarrollado en la capital de la provincia, Alicante. Se trata de un apartamento tur\u00edstico que nuestros clientes quer\u00edan reformar. El reto ha sido en trasladar todas las instalaciones de la cocina, que estaba situada en la parte trasera del apartamento hasta el sal\u00f3n comedor, para hacer una cocina abierta a las fant\u00e1sticas vistas del mar Mediterr\u00e1neo.","og_url":"https:\/\/casa-interior.com\/es\/portfolio-items\/kuchentime-touch-magnolia-alicante\/","og_site_name":"Casa Interior","article_publisher":"https:\/\/www.facebook.com\/kitchens.costa.blanca\/","article_modified_time":"2023-03-05T12:27:10+00:00","og_image":[{"width":1280,"height":754,"url":"https:\/\/casa-interior.com\/wp-content\/uploads\/2023\/03\/Kitchen-Kuchentime-Touch-Magnolia-in-Alicante-Portada.jpg","type":"image\/jpeg"}],"twitter_card":"summary_large_image","twitter_misc":{"Tiempo de lectura":"8 minutos"},"schema":{"@context":"https:\/\/schema.org","@graph":[{"@type":"WebPage","@id":"https:\/\/casa-interior.com\/es\/portfolio-items\/kuchentime-touch-magnolia-alicante\/","url":"https:\/\/casa-interior.com\/es\/portfolio-items\/kuchentime-touch-magnolia-alicante\/","name":"Casa Interior - Proyectos - Antes y Despu\u00e9s - K\u00fcchentime Touch","isPartOf":{"@id":"https:\/\/casa-interior.com\/es\/#website"},"primaryImageOfPage":{"@id":"https:\/\/casa-interior.com\/es\/portfolio-items\/kuchentime-touch-magnolia-alicante\/#primaryimage"},"image":{"@id":"https:\/\/casa-interior.com\/es\/portfolio-items\/kuchentime-touch-magnolia-alicante\/#primaryimage"},"thumbnailUrl":"https:\/\/casa-interior.com\/wp-content\/uploads\/2023\/03\/Kitchen-Kuchentime-Touch-Magnolia-in-Alicante-Portada.jpg","datePublished":"2022-05-15T10:00:01+00:00","dateModified":"2023-03-05T12:27:10+00:00","breadcrumb":{"@id":"https:\/\/casa-interior.com\/es\/portfolio-items\/kuchentime-touch-magnolia-alicante\/#breadcrumb"},"inLanguage":"es","potentialAction":[{"@type":"ReadAction","target":["https:\/\/casa-interior.com\/es\/portfolio-items\/kuchentime-touch-magnolia-alicante\/"]}]},{"@type":"ImageObject","inLanguage":"es","@id":"https:\/\/casa-interior.com\/es\/portfolio-items\/kuchentime-touch-magnolia-alicante\/#primaryimage","url":"https:\/\/casa-interior.com\/wp-content\/uploads\/2023\/03\/Kitchen-Kuchentime-Touch-Magnolia-in-Alicante-Portada.jpg","contentUrl":"https:\/\/casa-interior.com\/wp-content\/uploads\/2023\/03\/Kitchen-Kuchentime-Touch-Magnolia-in-Alicante-Portada.jpg","width":1280,"height":754,"caption":"Modern Kitchen K\u00fcchentime Touch Magnolia in Alicante"},{"@type":"BreadcrumbList","@id":"https:\/\/casa-interior.com\/es\/portfolio-items\/kuchentime-touch-magnolia-alicante\/#breadcrumb","itemListElement":[{"@type":"ListItem","position":1,"name":"Portada","item":"https:\/\/casa-interior.com\/es\/casa-interior\/"},{"@type":"ListItem","position":2,"name":"Portfolio","item":"https:\/\/casa-interior.com\/es\/portfolio-items\/"},{"@type":"ListItem","position":3,"name":"K\u00fcchentime Touch Magnolia &#8211; Alicante"}]},{"@type":"WebSite","@id":"https:\/\/casa-interior.com\/es\/#website","url":"https:\/\/casa-interior.com\/es\/","name":"Casa Interior","description":"Kitchen Designers in Costa Blanca","publisher":{"@id":"https:\/\/casa-interior.com\/es\/#organization"},"potentialAction":[{"@type":"SearchAction","target":{"@type":"EntryPoint","urlTemplate":"https:\/\/casa-interior.com\/es\/?s={search_term_string}"},"query-input":{"@type":"PropertyValueSpecification","valueRequired":true,"valueName":"search_term_string"}}],"inLanguage":"es"},{"@type":"Organization","@id":"https:\/\/casa-interior.com\/es\/#organization","name":"Casa Interior","url":"https:\/\/casa-interior.com\/es\/","logo":{"@type":"ImageObject","inLanguage":"es","@id":"https:\/\/casa-interior.com\/es\/#\/schema\/logo\/image\/","url":"https:\/\/casa-interior.com\/wp-content\/uploads\/2018\/03\/Logo-Casa-Interior-nuevo-150px.png","contentUrl":"https:\/\/casa-interior.com\/wp-content\/uploads\/2018\/03\/Logo-Casa-Interior-nuevo-150px.png","width":150,"height":150,"caption":"Casa Interior"},"image":{"@id":"https:\/\/casa-interior.com\/es\/#\/schema\/logo\/image\/"},"sameAs":["https:\/\/www.facebook.com\/kitchens.costa.blanca\/","https:\/\/www.instagram.com\/casainterioraltea"]}]}},"_links":{"self":[{"href":"https:\/\/casa-interior.com\/es\/wp-json\/wp\/v2\/avada_portfolio\/28424","targetHints":{"allow":["GET"]}}],"collection":[{"href":"https:\/\/casa-interior.com\/es\/wp-json\/wp\/v2\/avada_portfolio"}],"about":[{"href":"https:\/\/casa-interior.com\/es\/wp-json\/wp\/v2\/types\/avada_portfolio"}],"author":[{"embeddable":true,"href":"https:\/\/casa-interior.com\/es\/wp-json\/wp\/v2\/users\/1"}],"replies":[{"embeddable":true,"href":"https:\/\/casa-interior.com\/es\/wp-json\/wp\/v2\/comments?post=28424"}],"version-history":[{"count":0,"href":"https:\/\/casa-interior.com\/es\/wp-json\/wp\/v2\/avada_portfolio\/28424\/revisions"}],"wp:featuredmedia":[{"embeddable":true,"href":"https:\/\/casa-interior.com\/es\/wp-json\/wp\/v2\/media\/28453"}],"wp:attachment":[{"href":"https:\/\/casa-interior.com\/es\/wp-json\/wp\/v2\/media?parent=28424"}],"wp:term":[{"taxonomy":"portfolio_category","embeddable":true,"href":"https:\/\/casa-interior.com\/es\/wp-json\/wp\/v2\/portfolio_category?post=28424"},{"taxonomy":"portfolio_skills","embeddable":true,"href":"https:\/\/casa-interior.com\/es\/wp-json\/wp\/v2\/portfolio_skills?post=28424"},{"taxonomy":"portfolio_tags","embeddable":true,"href":"https:\/\/casa-interior.com\/es\/wp-json\/wp\/v2\/portfolio_tags?post=28424"}],"curies":[{"name":"wp","href":"https:\/\/api.w.org\/{rel}","templated":true}]}}