{"id":15278,"date":"2018-04-22T10:37:51","date_gmt":"2018-04-22T10:37:51","guid":{"rendered":"http:\/\/casa-interior.com\/articulos\/"},"modified":"2018-07-21T13:02:14","modified_gmt":"2018-07-21T11:02:14","slug":"articulos","status":"publish","type":"page","link":"https:\/\/casa-interior.com\/es\/articulos\/","title":{"rendered":"Art\u00edculos"},"content":{"rendered":"<p><div class=\"fusion-fullwidth fullwidth-box fusion-builder-row-1 nonhundred-percent-fullwidth non-hundred-percent-height-scrolling fusion-equal-height-columns\" style=\"--awb-background-position:left top;--awb-border-radius-top-left:0px;--awb-border-radius-top-right:0px;--awb-border-radius-bottom-right:0px;--awb-border-radius-bottom-left:0px;--awb-padding-top:100px;--awb-padding-bottom:55px;--awb-border-sizes-top:0px;--awb-border-sizes-bottom:0px;--awb-flex-wrap:wrap;\" ><div class=\"fusion-builder-row fusion-row\"><div class=\"fusion-layout-column fusion_builder_column fusion-builder-column-0 fusion_builder_column_1_1 1_1 fusion-one-full fusion-column-first fusion-column-last fusion-column-no-min-height\" style=\"--awb-padding-top:30px;--awb-padding-bottom:20px;--awb-bg-size:cover;\"><div class=\"fusion-column-wrapper fusion-flex-column-wrapper-legacy\"><div class=\"fusion-title title fusion-title-1 fusion-sep-none fusion-title-text fusion-title-size-two\" style=\"--awb-margin-top-small:0px;--awb-margin-right-small:0px;--awb-margin-bottom-small:20px;--awb-margin-left-small:0px;\"><h2 class=\"fusion-title-heading title-heading-left fusion-responsive-typography-calculated\" style=\"margin:0;--fontSize:60;line-height:1.17;\">Nuestro blog<\/h2><\/div><div class=\"fusion-sep-clear\"><\/div><div class=\"fusion-separator fusion-full-width-sep\" style=\"margin-left: auto;margin-right: auto;width:100%;\"><\/div><div class=\"fusion-sep-clear\"><\/div><div class=\"fusion-image-element in-legacy-container\" style=\"--awb-caption-title-font-family:var(--h2_typography-font-family);--awb-caption-title-font-weight:var(--h2_typography-font-weight);--awb-caption-title-font-style:var(--h2_typography-font-style);--awb-caption-title-size:var(--h2_typography-font-size);--awb-caption-title-transform:var(--h2_typography-text-transform);--awb-caption-title-line-height:var(--h2_typography-line-height);--awb-caption-title-letter-spacing:var(--h2_typography-letter-spacing);\"><span class=\" fusion-imageframe imageframe-none imageframe-1 hover-type-none\"><img decoding=\"async\" width=\"54\" height=\"60\" alt=\"Logo Casa Interior\" title=\"Separador-Casa-Interior\" src=\"https:\/\/casa-interior.com\/wp-content\/uploads\/2018\/03\/Separador-Casa-Interior-1.png\" class=\"img-responsive wp-image-11980\"\/><\/span><\/div><div class=\"fusion-clearfix\"><\/div><\/div><\/div><div class=\"fusion-layout-column fusion_builder_column fusion-builder-column-1 fusion_builder_column_1_2 1_2 fusion-one-half fusion-column-first\" style=\"--awb-padding-top:0px;--awb-padding-right:40px;--awb-padding-bottom:50px;--awb-padding-left:0px;--awb-bg-size:cover;width:48%; margin-right: 4%;\"><div class=\"fusion-column-wrapper fusion-flex-column-wrapper-legacy\"><div class=\"fusion-column-content-centered\"><div class=\"fusion-column-content\"><div class=\"fusion-text fusion-text-1\"><p><span style=\"font-family: 'playfair'; font-size: 90px; line-height: 30px; vertical-align: middle; margin-bottom: -20px; margin-right: 20px;\">\u00ab<\/span><span style=\"font-family: 'playfair'; font-size: 30px; line-height: 60px; font-weight: 400; font-style: normal;\">La capacidad procede de una fusi\u00f3n de habilidades, conocimiento, comprensi\u00f3n e imaginaci\u00f3n, consolidada por la experiencia.<\/span><\/p>\n<\/div><div class=\"fusion-text fusion-text-2\"><p style=\"font-weight: bold; letter-spacing: 4px;\"><span style=\"color: #fff; background-color: #2176ff; padding-left: 3px;\"> MICHAEL<\/span> KLARKE<\/p>\n<\/div><\/div><\/div><div class=\"fusion-clearfix\"><\/div><\/div><\/div><div class=\"fusion-layout-column fusion_builder_column fusion-builder-column-2 fusion_builder_column_1_2 1_2 fusion-one-half fusion-column-last\" style=\"--awb-padding-top:0px;--awb-padding-right:0px;--awb-padding-bottom:50px;--awb-padding-left:0px;--awb-bg-size:cover;width:48%;\"><div class=\"fusion-column-wrapper fusion-flex-column-wrapper-legacy\"><div class=\"fusion-column-content-centered\"><div class=\"fusion-column-content\"><div class=\"fusion-text fusion-text-3\"><p><span class=\"fusion-dropcap dropcap dropcap-boxed\" style=\"--awb-border-radius:50%;\">N<\/span>uestro blog prentende contar noticias, tendencias, inspiraciones y reflexiones sobre nuestro mundo que es la cocina. Queremos compartir con ustedes todo aquello que creemos que es interesante. S\u00edgannos para mantenerse actualizados.<\/p>\n<\/div><\/div><\/div><div class=\"fusion-clearfix\"><\/div><\/div><\/div><\/div><\/div><div class=\"fusion-fullwidth fullwidth-box fusion-builder-row-2 nonhundred-percent-fullwidth non-hundred-percent-height-scrolling\" style=\"--awb-background-position:left top;--awb-border-radius-top-left:0px;--awb-border-radius-top-right:0px;--awb-border-radius-bottom-right:0px;--awb-border-radius-bottom-left:0px;--awb-padding-top:50px;--awb-padding-bottom:50px;--awb-background-color:#e5e5e5;--awb-border-sizes-top:0px;--awb-border-sizes-bottom:0px;--awb-flex-wrap:wrap;\" ><div class=\"fusion-builder-row fusion-row\"><div class=\"fusion-layout-column fusion_builder_column fusion-builder-column-3 fusion_builder_column_1_5 1_5 fusion-one-fifth fusion-column-first fusion-no-small-visibility\" style=\"--awb-bg-size:cover;width:16.8%; margin-right: 4%;\"><div class=\"fusion-column-wrapper fusion-flex-column-wrapper-legacy\"><div class=\"fusion-clearfix\"><\/div><\/div><\/div><div class=\"fusion-layout-column fusion_builder_column fusion-builder-column-4 fusion_builder_column_3_5 3_5 fusion-three-fifth\" style=\"--awb-bg-size:cover;width:58.4%; margin-right: 4%;\"><div class=\"fusion-column-wrapper fusion-flex-column-wrapper-legacy\"><div class=\"fusion-text fusion-text-4\"><h3 style=\"text-align: center;\">\u00daLTIMO ART\u00cdCULO<\/h3>\n<\/div><div class=\"fusion-image-element fusion-image-align-center in-legacy-container\" style=\"text-align:center;--awb-caption-title-font-family:var(--h2_typography-font-family);--awb-caption-title-font-weight:var(--h2_typography-font-weight);--awb-caption-title-font-style:var(--h2_typography-font-style);--awb-caption-title-size:var(--h2_typography-font-size);--awb-caption-title-transform:var(--h2_typography-text-transform);--awb-caption-title-line-height:var(--h2_typography-line-height);--awb-caption-title-letter-spacing:var(--h2_typography-letter-spacing);\"><div class=\"imageframe-align-center\"><span class=\" fusion-imageframe imageframe-none imageframe-2 hover-type-none\"><img decoding=\"async\" width=\"54\" height=\"60\" alt=\"Logo Casa Interior\" title=\"Separador-Casa-Interior\" src=\"https:\/\/casa-interior.com\/wp-content\/uploads\/2018\/03\/Separador-Casa-Interior-1.png\" class=\"img-responsive wp-image-11980\"\/><\/span><\/div><\/div><div class=\"fusion-sep-clear\"><\/div><div class=\"fusion-separator fusion-full-width-sep\" style=\"margin-left: auto;margin-right: auto;margin-top:20px;width:100%;\"><\/div><div class=\"fusion-sep-clear\"><\/div><div class=\"fusion-clearfix\"><\/div><\/div><\/div><div class=\"fusion-layout-column fusion_builder_column fusion-builder-column-5 fusion_builder_column_1_5 1_5 fusion-one-fifth fusion-column-last fusion-no-small-visibility\" style=\"--awb-bg-size:cover;width:16.8%;\"><div class=\"fusion-column-wrapper fusion-flex-column-wrapper-legacy\"><div class=\"fusion-clearfix\"><\/div><\/div><\/div><div class=\"fusion-layout-column fusion_builder_column fusion-builder-column-6 fusion_builder_column_1_1 1_1 fusion-one-full fusion-column-first fusion-column-last\" style=\"--awb-bg-size:cover;\"><div class=\"fusion-column-wrapper fusion-flex-column-wrapper-legacy\"><div class=\"fusion-blog-shortcode fusion-blog-shortcode-1 fusion-blog-archive fusion-blog-layout-medium fusion-blog-pagination\"><div class=\"fusion-posts-container fusion-posts-container-pagination fusion-no-meta-info fusion-blog-rollover\" data-pages=\"1\"><article id=\"blog-1-post-30126\" class=\"fusion-post-medium post-30126 post type-post status-publish format-gallery has-post-thumbnail hentry category-noticias category-ultimo-articulo tag-3040 tag-abril tag-acanalada tag-arena tag-arredo3-es tag-asia tag-capuccino tag-casa-interior-es tag-chapada tag-cocina-moderna tag-madera tag-roble post_format-post-format-gallery\">\n\t<style type=\"text\/css\">\n\t\t\n\t\t\n\t\t\n\t\t\n\t\t\t<\/style>\n\n\n\t\t\t<div class=\"fusion-flexslider flexslider fusion-flexslider-loading fusion-post-slideshow\" style=\"\">\n\t\t<ul class=\"slides\">\n\t\t\t\n\t\t\t\t\t\t\t\t\t\t\t\t\t\t<li><div  class=\"fusion-image-wrapper fusion-image-size-fixed\" aria-haspopup=\"true\">\n\t\t\t\t<img decoding=\"async\" width=\"320\" height=\"202\" src=\"https:\/\/casa-interior.com\/wp-content\/uploads\/2018\/03\/Arredo3-fondo-verde-320x202.jpg\" class=\"attachment-blog-medium size-blog-medium wp-post-image\" alt=\"Logo Arredo3\" \/><div class=\"fusion-rollover\">\n\t<div class=\"fusion-rollover-content\">\n\n\t\t\t\t\t\t\t\t\t\t\t\t\t\t<a class=\"fusion-rollover-link\" href=\"https:\/\/casa-interior.com\/es\/2026\/04\/01\/abril-pildora-arredo3\/\">Abril: P\u00edldora Arredo3<\/a>\n\t\t\t\n\t\t\t\t\t\t\t\t\n\t\t\n\t\t\t\t\t\t\t\t\n\t\t\t\t\t\t\t\t\n\t\t\n\t\t\t\t\t\t<a class=\"fusion-link-wrapper\" href=\"https:\/\/casa-interior.com\/es\/2026\/04\/01\/abril-pildora-arredo3\/\" aria-label=\"Abril: P\u00edldora Arredo3\"><\/a>\n\t<\/div>\n<\/div>\n<\/div>\n<\/li>\n\t\t\t\n\t\t\t\n\t\t\t\t\t\t\t\t\t\t\t\t\t\t\t\t\t\t\t\t\t\t\t\t\t\t\t\t\t\t\t\t\t\t\t\t\t\t\t\t\t\t\t\t\t\t\t\t\t\t\t\t\t\t\t\t\t\t\t\t\t\t\t\t\t\t\t\t<\/ul>\n\t<\/div>\n\t<div class=\"fusion-post-content post-content\"><h2 class=\"blog-shortcode-post-title entry-title\"><a href=\"https:\/\/casa-interior.com\/es\/2026\/04\/01\/abril-pildora-arredo3\/\">Abril: P\u00edldora Arredo3<\/a><\/h2><div class=\"fusion-post-content-container\"><p>La colecci\u00f3n se caracteriza por su dise\u00f1o contempor\u00e1neo y el uso de puertas de madera, incorporando dos acabados principales: Sand, con tonos naturales tipo roble, y Cappuccino, m\u00e1s oscuro y c\u00e1lido. Ambos tambi\u00e9n est\u00e1n disponibles en versi\u00f3n \u201cmil rayas\u201d, que aporta textura y un dise\u00f1o m\u00e1s exclusivo.<\/p><\/div><\/div><div class=\"fusion-clearfix\"><\/div><\/article>\n<\/div><\/div><div class=\"fusion-clearfix\"><\/div><\/div><\/div><\/div><\/div><div class=\"fusion-fullwidth fullwidth-box fusion-builder-row-3 fusion-parallax-none nonhundred-percent-fullwidth non-hundred-percent-height-scrolling\" style=\"--awb-border-radius-top-left:0px;--awb-border-radius-top-right:0px;--awb-border-radius-bottom-right:0px;--awb-border-radius-bottom-left:0px;--awb-padding-top:100px;--awb-padding-bottom:100px;--awb-background-color:#303745;--awb-background-image:url(&quot;https:\/\/casa-interior.com\/wp-content\/uploads\/2016\/07\/avada-creative-home1.jpg&quot;);--awb-background-size:cover;--awb-border-sizes-top:0px;--awb-border-sizes-bottom:0px;--awb-flex-wrap:wrap;\" ><div class=\"fusion-builder-row fusion-row\"><div class=\"fusion-layout-column fusion_builder_column fusion-builder-column-7 fusion_builder_column_1_1 1_1 fusion-one-full fusion-column-first fusion-column-last\" style=\"--awb-bg-size:cover;\"><div class=\"fusion-column-wrapper fusion-flex-column-wrapper-legacy\"><div class=\"fusion-blog-shortcode fusion-blog-shortcode-2 fusion-blog-archive fusion-blog-layout-grid-wrapper fusion-blog-infinite\"><style type=\"text\/css\">.fusion-blog-shortcode-2 .fusion-blog-layout-grid .fusion-post-grid{padding:20px;}.fusion-blog-shortcode-2 .fusion-posts-container{margin-left: -20px !important; margin-right:-20px !important;}<\/style><div class=\"fusion-posts-container fusion-posts-container-infinite fusion-posts-container-load-more fusion-blog-rollover fusion-blog-layout-grid fusion-blog-layout-grid-3 isotope fusion-blog-equal-heights\" data-pages=\"8\" data-grid-col-space=\"40\" style=\"margin: -20px -20px 0;min-height:500px;\"><article id=\"blog-2-post-28151\" class=\"fusion-post-grid post-28151 post type-post status-publish format-gallery has-post-thumbnail hentry category-noticias tag-2023-es tag-305-es tag-488-es tag-778-es tag-843-es tag-968-es tag-970-es tag-articulo tag-casa-interior-es tag-cascada-es tag-cocina tag-cocina-clasica tag-cocina-moderna tag-easytouch-es tag-line-n-es tag-nobilia-es tag-riva-es tag-senso-es tag-stoneart-es tag-tendencia post_format-post-format-gallery\">\n<div class=\"fusion-post-wrapper\" style=\"background-color:rgba(255,255,255,1);border:1px solid #ffffff;border-bottom-width:3px;\">\n\n\t\t\t<div class=\"fusion-flexslider flexslider fusion-flexslider-loading fusion-post-slideshow\" style=\"border-color:#ffffff;\">\n\t\t<ul class=\"slides\">\n\t\t\t\n\t\t\t\t\t\t\t\t\t\t\t\t\t\t<li><div  class=\"fusion-image-wrapper\" aria-haspopup=\"true\">\n\t\t\t\t<img decoding=\"async\" width=\"1200\" height=\"1200\" src=\"https:\/\/casa-interior.com\/wp-content\/uploads\/2020\/06\/Logo-Nobilia.jpg\" class=\"attachment-full size-full wp-post-image\" alt=\"Logo Nobilia\" srcset=\"https:\/\/casa-interior.com\/wp-content\/uploads\/2020\/06\/Logo-Nobilia-200x200.jpg 200w, https:\/\/casa-interior.com\/wp-content\/uploads\/2020\/06\/Logo-Nobilia-400x400.jpg 400w, https:\/\/casa-interior.com\/wp-content\/uploads\/2020\/06\/Logo-Nobilia-600x600.jpg 600w, https:\/\/casa-interior.com\/wp-content\/uploads\/2020\/06\/Logo-Nobilia-800x800.jpg 800w, https:\/\/casa-interior.com\/wp-content\/uploads\/2020\/06\/Logo-Nobilia.jpg 1200w\" sizes=\"(min-width: 2200px) 100vw, (min-width: 784px) 363px, (min-width: 712px) 545px, (min-width: 640px) 712px, \" \/><div class=\"fusion-rollover\">\n\t<div class=\"fusion-rollover-content\">\n\n\t\t\t\t\t\t\t\t\t\t\t\t\t\t<a class=\"fusion-rollover-link\" href=\"https:\/\/casa-interior.com\/es\/2022\/12\/01\/nobilia-nuevas-tendencias-para-2023\/\">Nobilia: Nuevas tendencias para 2023<\/a>\n\t\t\t\n\t\t\t\t\t\t\t\t\n\t\t\n\t\t\t\t\t\t\t\t\n\t\t\t\t\t\t\t\t\n\t\t\n\t\t\t\t\t\t<a class=\"fusion-link-wrapper\" href=\"https:\/\/casa-interior.com\/es\/2022\/12\/01\/nobilia-nuevas-tendencias-para-2023\/\" aria-label=\"Nobilia: Nuevas tendencias para 2023\"><\/a>\n\t<\/div>\n<\/div>\n<\/div>\n<\/li>\n\t\t\t\n\t\t\t\n\t\t\t\t\t\t\t\t\t\t\t\t\t\t\t\t\t\t\t\t\t\t\t\t\t\t\t\t\t\t\t\t\t\t\t\t\t\t\t\t\t\t\t\t\t\t\t\t\t\t\t\t\t\t\t\t\t\t\t\t\t\t\t\t\t\t\t\t<\/ul>\n\t<\/div>\n\t<div class=\"fusion-post-content-wrapper\" style=\"padding:30px 25px 20px 25px;\"><div class=\"fusion-post-content post-content\"><h2 class=\"blog-shortcode-post-title entry-title\"><a href=\"https:\/\/casa-interior.com\/es\/2022\/12\/01\/nobilia-nuevas-tendencias-para-2023\/\">Nobilia: Nuevas tendencias para 2023<\/a><\/h2><p class=\"fusion-single-line-meta\"><span class=\"vcard\" style=\"display: none;\"><span class=\"fn\"><a href=\"https:\/\/casa-interior.com\/es\/author\/niribas\/\" title=\"Entradas de niribas\" rel=\"author\">niribas<\/a><\/span><\/span><span class=\"updated\" style=\"display:none;\">2026-04-19T13:46:34+02:00<\/span><span>1st diciembre, 2022<\/span><span class=\"fusion-inline-sep\">|<\/span><a href=\"https:\/\/casa-interior.com\/es\/category\/noticias\/\" rel=\"category tag\">Noticias<\/a><span class=\"fusion-inline-sep\">|<\/span><\/p><div class=\"fusion-content-sep sep-none\"><\/div><div class=\"fusion-post-content-container\"><p>Efectos de desinfectantes en las superficies de cocina (Corona virus 2020). Ya conocemos los efectos destructivos de los componentes de cloro y alcohol en nuestras superficies y materiales. No son adecuados para sus uso en la cocina.<\/p><\/div><\/div><div class=\"fusion-meta-info\"><div class=\"fusion-alignleft\"><a class=\"fusion-read-more\" href=\"https:\/\/casa-interior.com\/es\/2022\/12\/01\/nobilia-nuevas-tendencias-para-2023\/\" aria-label=\"More on Nobilia: Nuevas tendencias para 2023\">Leer M\u00e1s<\/a><\/div><\/div><\/div><div class=\"fusion-clearfix\"><\/div><\/div>\n<\/article>\n<article id=\"blog-2-post-22932\" class=\"fusion-post-grid post-22932 post type-post status-publish format-gallery has-post-thumbnail hentry category-noticias tag-2020-es tag-articulo tag-casa-interior-es tag-cocina tag-corona-virus-es tag-covid-es tag-dano tag-desinfectante tag-grieta tag-importante tag-junio tag-nobilia-es tag-superficie post_format-post-format-gallery\">\n<div class=\"fusion-post-wrapper\" style=\"background-color:rgba(255,255,255,1);border:1px solid #ffffff;border-bottom-width:3px;\">\n\n\t\t\t<div class=\"fusion-flexslider flexslider fusion-flexslider-loading fusion-post-slideshow\" style=\"border-color:#ffffff;\">\n\t\t<ul class=\"slides\">\n\t\t\t\n\t\t\t\t\t\t\t\t\t\t\t\t\t\t<li><div  class=\"fusion-image-wrapper\" aria-haspopup=\"true\">\n\t\t\t\t<img decoding=\"async\" width=\"1200\" height=\"1200\" src=\"https:\/\/casa-interior.com\/wp-content\/uploads\/2020\/06\/Logo-Nobilia.jpg\" class=\"attachment-full size-full wp-post-image\" alt=\"Logo Nobilia\" srcset=\"https:\/\/casa-interior.com\/wp-content\/uploads\/2020\/06\/Logo-Nobilia-200x200.jpg 200w, https:\/\/casa-interior.com\/wp-content\/uploads\/2020\/06\/Logo-Nobilia-400x400.jpg 400w, https:\/\/casa-interior.com\/wp-content\/uploads\/2020\/06\/Logo-Nobilia-600x600.jpg 600w, https:\/\/casa-interior.com\/wp-content\/uploads\/2020\/06\/Logo-Nobilia-800x800.jpg 800w, https:\/\/casa-interior.com\/wp-content\/uploads\/2020\/06\/Logo-Nobilia.jpg 1200w\" sizes=\"(min-width: 2200px) 100vw, (min-width: 784px) 363px, (min-width: 712px) 545px, (min-width: 640px) 712px, \" \/><div class=\"fusion-rollover\">\n\t<div class=\"fusion-rollover-content\">\n\n\t\t\t\t\t\t\t\t\t\t\t\t\t\t<a class=\"fusion-rollover-link\" href=\"https:\/\/casa-interior.com\/es\/2020\/06\/08\/efectos-de-desinfectantes-en-las-superficies-de-cocina\/\">Efectos de desinfectantes en las superficies de cocina (Corona virus 2020)<\/a>\n\t\t\t\n\t\t\t\t\t\t\t\t\n\t\t\n\t\t\t\t\t\t\t\t\n\t\t\t\t\t\t\t\t\n\t\t\n\t\t\t\t\t\t<a class=\"fusion-link-wrapper\" href=\"https:\/\/casa-interior.com\/es\/2020\/06\/08\/efectos-de-desinfectantes-en-las-superficies-de-cocina\/\" aria-label=\"Efectos de desinfectantes en las superficies de cocina (Corona virus 2020)\"><\/a>\n\t<\/div>\n<\/div>\n<\/div>\n<\/li>\n\t\t\t\n\t\t\t\n\t\t\t\t\t\t\t\t\t\t\t\t\t\t\t\t\t\t\t\t\t\t\t\t\t\t\t\t\t\t\t\t\t\t\t\t\t\t\t\t\t\t\t\t\t\t\t\t\t\t\t\t\t\t\t\t\t\t\t\t\t\t\t\t\t\t\t\t<\/ul>\n\t<\/div>\n\t<div class=\"fusion-post-content-wrapper\" style=\"padding:30px 25px 20px 25px;\"><div class=\"fusion-post-content post-content\"><h2 class=\"blog-shortcode-post-title entry-title\"><a href=\"https:\/\/casa-interior.com\/es\/2020\/06\/08\/efectos-de-desinfectantes-en-las-superficies-de-cocina\/\">Efectos de desinfectantes en las superficies de cocina (Corona virus 2020)<\/a><\/h2><p class=\"fusion-single-line-meta\"><span class=\"vcard\" style=\"display: none;\"><span class=\"fn\"><a href=\"https:\/\/casa-interior.com\/es\/author\/niribas\/\" title=\"Entradas de niribas\" rel=\"author\">niribas<\/a><\/span><\/span><span class=\"updated\" style=\"display:none;\">2022-12-02T17:43:00+01:00<\/span><span>8th junio, 2020<\/span><span class=\"fusion-inline-sep\">|<\/span><a href=\"https:\/\/casa-interior.com\/es\/category\/noticias\/\" rel=\"category tag\">Noticias<\/a><span class=\"fusion-inline-sep\">|<\/span><\/p><div class=\"fusion-content-sep sep-none\"><\/div><div class=\"fusion-post-content-container\"><p>Efectos de desinfectantes en las superficies de cocina (Corona virus 2020). Ya conocemos los efectos destructivos de los componentes de cloro y alcohol en nuestras superficies y materiales. No son adecuados para sus uso en la cocina.<\/p><\/div><\/div><div class=\"fusion-meta-info\"><div class=\"fusion-alignleft\"><a class=\"fusion-read-more\" href=\"https:\/\/casa-interior.com\/es\/2020\/06\/08\/efectos-de-desinfectantes-en-las-superficies-de-cocina\/\" aria-label=\"More on Efectos de desinfectantes en las superficies de cocina (Corona virus 2020)\">Leer M\u00e1s<\/a><\/div><\/div><\/div><div class=\"fusion-clearfix\"><\/div><\/div>\n<\/article>\n<article id=\"blog-2-post-22917\" class=\"fusion-post-grid post-22917 post type-post status-publish format-gallery has-post-thumbnail hentry category-noticias tag-2020-es tag-articulo tag-casa-interior-es tag-cocina tag-dekton-es tag-homify-es tag-inline-es tag-inspiracion tag-junio tag-moderna tag-proyecto tag-revista post_format-post-format-gallery\">\n<div class=\"fusion-post-wrapper\" style=\"background-color:rgba(255,255,255,1);border:1px solid #ffffff;border-bottom-width:3px;\">\n\n\t\t\t<div class=\"fusion-flexslider flexslider fusion-flexslider-loading fusion-post-slideshow\" style=\"border-color:#ffffff;\">\n\t\t<ul class=\"slides\">\n\t\t\t\n\t\t\t\t\t\t\t\t\t\t\t\t\t\t<li><div  class=\"fusion-image-wrapper\" aria-haspopup=\"true\">\n\t\t\t\t<img decoding=\"async\" width=\"1000\" height=\"1000\" src=\"https:\/\/casa-interior.com\/wp-content\/uploads\/2020\/06\/Homify.png\" class=\"attachment-full size-full wp-post-image\" alt=\"Homify\" srcset=\"https:\/\/casa-interior.com\/wp-content\/uploads\/2020\/06\/Homify-200x200.png 200w, https:\/\/casa-interior.com\/wp-content\/uploads\/2020\/06\/Homify-400x400.png 400w, https:\/\/casa-interior.com\/wp-content\/uploads\/2020\/06\/Homify-600x600.png 600w, https:\/\/casa-interior.com\/wp-content\/uploads\/2020\/06\/Homify-800x800.png 800w, https:\/\/casa-interior.com\/wp-content\/uploads\/2020\/06\/Homify.png 1000w\" sizes=\"(min-width: 2200px) 100vw, (min-width: 784px) 363px, (min-width: 712px) 545px, (min-width: 640px) 712px, \" \/><div class=\"fusion-rollover\">\n\t<div class=\"fusion-rollover-content\">\n\n\t\t\t\t\t\t\t\t\t\t\t\t\t\t<a class=\"fusion-rollover-link\" href=\"https:\/\/casa-interior.com\/es\/2020\/06\/05\/casa-interior-covid-19-nuestro-punto-de-vista\/\">Nuestro proyecto en la revista Homify<\/a>\n\t\t\t\n\t\t\t\t\t\t\t\t\n\t\t\n\t\t\t\t\t\t\t\t\n\t\t\t\t\t\t\t\t\n\t\t\n\t\t\t\t\t\t<a class=\"fusion-link-wrapper\" href=\"https:\/\/casa-interior.com\/es\/2020\/06\/05\/casa-interior-covid-19-nuestro-punto-de-vista\/\" aria-label=\"Nuestro proyecto en la revista Homify\"><\/a>\n\t<\/div>\n<\/div>\n<\/div>\n<\/li>\n\t\t\t\n\t\t\t\n\t\t\t\t\t\t\t\t\t\t\t\t\t\t\t\t\t\t\t\t\t\t\t\t\t\t\t\t\t\t\t\t\t\t\t\t\t\t\t\t\t\t\t\t\t\t\t\t\t\t\t\t\t\t\t\t\t\t\t\t\t\t\t\t\t\t\t\t<\/ul>\n\t<\/div>\n\t<div class=\"fusion-post-content-wrapper\" style=\"padding:30px 25px 20px 25px;\"><div class=\"fusion-post-content post-content\"><h2 class=\"blog-shortcode-post-title entry-title\"><a href=\"https:\/\/casa-interior.com\/es\/2020\/06\/05\/casa-interior-covid-19-nuestro-punto-de-vista\/\">Nuestro proyecto en la revista Homify<\/a><\/h2><p class=\"fusion-single-line-meta\"><span class=\"vcard\" style=\"display: none;\"><span class=\"fn\"><a href=\"https:\/\/casa-interior.com\/es\/author\/niribas\/\" title=\"Entradas de niribas\" rel=\"author\">niribas<\/a><\/span><\/span><span class=\"updated\" style=\"display:none;\">2020-06-08T17:25:59+02:00<\/span><span>5th junio, 2020<\/span><span class=\"fusion-inline-sep\">|<\/span><a href=\"https:\/\/casa-interior.com\/es\/category\/noticias\/\" rel=\"category tag\">Noticias<\/a><span class=\"fusion-inline-sep\">|<\/span><\/p><div class=\"fusion-content-sep sep-none\"><\/div><div class=\"fusion-post-content-container\"><p>Estamos muy orgullosos de haber aparecido en la revista Homify con un proyecto realizado el a\u00f1os pasado. Esperamos que os guste esta cocina moderna con puerta blanca.<\/p><\/div><\/div><div class=\"fusion-meta-info\"><div class=\"fusion-alignleft\"><a class=\"fusion-read-more\" href=\"https:\/\/casa-interior.com\/es\/2020\/06\/05\/casa-interior-covid-19-nuestro-punto-de-vista\/\" aria-label=\"More on Nuestro proyecto en la revista Homify\">Leer M\u00e1s<\/a><\/div><\/div><\/div><div class=\"fusion-clearfix\"><\/div><\/div>\n<\/article>\n<div class=\"fusion-clearfix\"><\/div><\/div><div class=\"fusion-infinite-scroll-trigger\"><\/div><div class=\"pagination infinite-scroll clearfix\" style=\"display:none;\"><span class=\"current\">1<\/span><a href=\"https:\/\/casa-interior.com\/es\/wp-json\/wp\/v2\/pages\/15278\/page\/2\/\" class=\"inactive\">2<\/a><a class=\"pagination-next\" rel=\"next\" href=\"https:\/\/casa-interior.com\/es\/wp-json\/wp\/v2\/pages\/15278\/page\/2\/\"><span class=\"page-text\">Siguiente<\/span><span class=\"page-next\"><\/span><\/a><\/div><div class=\"fusion-clearfix\"><\/div><button class=\"fusion-load-more-button fusion-blog-button fusion-clearfix\">Cargar M\u00e1s Art\u00edculos<\/button><\/div><div class=\"fusion-clearfix\"><\/div><\/div><\/div><\/div><\/div><div class=\"fusion-fullwidth fullwidth-box fusion-builder-row-4 nonhundred-percent-fullwidth non-hundred-percent-height-scrolling fusion-equal-height-columns\" style=\"--awb-background-position:left top;--awb-border-radius-top-left:0px;--awb-border-radius-top-right:0px;--awb-border-radius-bottom-right:0px;--awb-border-radius-bottom-left:0px;--awb-padding-top:100px;--awb-padding-bottom:0px;--awb-border-sizes-top:0px;--awb-border-sizes-bottom:0px;--awb-flex-wrap:wrap;\" id=\"our-work\" ><div class=\"fusion-builder-row fusion-row\"><div class=\"fusion-layout-column fusion_builder_column fusion-builder-column-8 fusion_builder_column_2_3 2_3 fusion-two-third fusion-column-first\" style=\"--awb-bg-size:cover;width:65.3333%; margin-right: 4%;\"><div class=\"fusion-column-wrapper fusion-flex-column-wrapper-legacy\"><div class=\"fusion-column-content-centered\"><div class=\"fusion-column-content\"><div class=\"fusion-text fusion-text-5\"><h2>Archivo de Art\u00edculos<\/h2>\n<\/div><div class=\"fusion-sep-clear\"><\/div><div class=\"fusion-separator fusion-full-width-sep\" style=\"margin-left: auto;margin-right: auto;margin-top:5px;width:100%;\"><\/div><div class=\"fusion-sep-clear\"><\/div><div class=\"fusion-image-element in-legacy-container\" style=\"--awb-caption-title-font-family:var(--h2_typography-font-family);--awb-caption-title-font-weight:var(--h2_typography-font-weight);--awb-caption-title-font-style:var(--h2_typography-font-style);--awb-caption-title-size:var(--h2_typography-font-size);--awb-caption-title-transform:var(--h2_typography-text-transform);--awb-caption-title-line-height:var(--h2_typography-line-height);--awb-caption-title-letter-spacing:var(--h2_typography-letter-spacing);\"><span class=\" fusion-imageframe imageframe-none imageframe-3 hover-type-none\"><img decoding=\"async\" width=\"54\" height=\"60\" alt=\"Logo Casa Interior\" title=\"Separador-Casa-Interior\" src=\"https:\/\/casa-interior.com\/wp-content\/uploads\/2018\/03\/Separador-Casa-Interior-1.png\" class=\"img-responsive wp-image-11980\"\/><\/span><\/div><div class=\"fusion-sep-clear\"><\/div><div class=\"fusion-separator fusion-full-width-sep\" style=\"margin-left: auto;margin-right: auto;margin-top:30px;width:100%;\"><\/div><div class=\"fusion-sep-clear\"><\/div><\/div><\/div><div class=\"fusion-clearfix\"><\/div><\/div><\/div><div class=\"fusion-layout-column fusion_builder_column fusion-builder-column-9 fusion_builder_column_1_3 1_3 fusion-one-third fusion-column-last mobile-left-align\" style=\"--awb-bg-size:cover;width:30.6666%;\"><div class=\"fusion-column-wrapper fusion-flex-column-wrapper-legacy\"><div class=\"fusion-column-content-centered\"><div class=\"fusion-column-content\"><div class=\"fusion-alignright\"><a class=\"fusion-button button-flat fusion-button-default-size button-default fusion-button-default button-1 fusion-button-default-span fusion-button-default-type icon-button\" target=\"_self\" href=\"https:\/\/casa-interior.com\/projects\/\"><i class=\" fa fa-long-arrow-right awb-button__icon awb-button__icon--default button-icon-left\" aria-hidden=\"true\"><\/i><span class=\"fusion-button-text awb-button__text awb-button__text--default\">Nuestros Proyectos<\/span><\/a><\/div><div class=\"fusion-sep-clear\"><\/div><div class=\"fusion-separator fusion-full-width-sep hide-on-desktop\" style=\"margin-left: auto;margin-right: auto;margin-top:50px;width:100%;\"><\/div><div class=\"fusion-sep-clear\"><\/div><\/div><\/div><div class=\"fusion-clearfix\"><\/div><\/div><\/div><\/div><\/div><div class=\"fusion-fullwidth fullwidth-box fusion-builder-row-5 nonhundred-percent-fullwidth non-hundred-percent-height-scrolling\" style=\"--awb-background-position:left top;--awb-border-radius-top-left:0px;--awb-border-radius-top-right:0px;--awb-border-radius-bottom-right:0px;--awb-border-radius-bottom-left:0px;--awb-padding-top:0px;--awb-padding-bottom:150px;--awb-border-sizes-top:0px;--awb-border-sizes-bottom:0px;--awb-flex-wrap:wrap;\" ><div class=\"fusion-builder-row fusion-row\"><div class=\"fusion-layout-column fusion_builder_column fusion-builder-column-10 fusion_builder_column_1_1 1_1 fusion-one-full fusion-column-first fusion-column-last\" style=\"--awb-bg-size:cover;\"><div class=\"fusion-column-wrapper fusion-flex-column-wrapper-legacy\"><div class=\"fusion-recent-posts fusion-recent-posts-1 avada-container layout-thumbnails-on-side layout-columns-1\"><section class=\"fusion-columns columns fusion-columns-1 columns-1\"><article class=\"post fusion-column column col col-lg-12 col-md-12 col-sm-12\"><div class=\"fusion-flexslider fusion-flexslider-loading flexslider floated-slideshow flexslider-hover-type-none\"><ul class=\"slides\"><li><a href=\"https:\/\/casa-interior.com\/es\/2026\/04\/01\/abril-pildora-arredo3\/\" aria-label=\"Abril: P\u00edldora Arredo3\" class=\"hover-type-none\"><img decoding=\"async\" width=\"177\" height=\"142\" src=\"https:\/\/casa-interior.com\/wp-content\/uploads\/2018\/03\/Arredo3-fondo-verde-177x142.jpg\" class=\"attachment-portfolio-five size-portfolio-five\" alt=\"Logo Arredo3\" srcset=\"https:\/\/casa-interior.com\/wp-content\/uploads\/2018\/03\/Arredo3-fondo-verde-177x142.jpg 177w, https:\/\/casa-interior.com\/wp-content\/uploads\/2018\/03\/Arredo3-fondo-verde-500x400.jpg 500w\" sizes=\"(max-width: 177px) 100vw, 177px\" \/><\/a><\/li><\/ul><\/div><div class=\"recent-posts-content\"><span class=\"vcard\" style=\"display: none;\"><span class=\"fn\"><a href=\"https:\/\/casa-interior.com\/es\/author\/niribas\/\" title=\"Entradas de niribas\" rel=\"author\">niribas<\/a><\/span><\/span><span class=\"updated\" style=\"display:none;\">2026-04-19T13:43:32+02:00<\/span><h4 class=\"entry-title\"><a href=\"https:\/\/casa-interior.com\/es\/2026\/04\/01\/abril-pildora-arredo3\/\">Abril: P\u00edldora Arredo3<\/a><\/h4><p class=\"meta\"><span class=\"vcard\" style=\"display: none;\"><span class=\"fn\"><a href=\"https:\/\/casa-interior.com\/es\/author\/niribas\/\" title=\"Entradas de niribas\" rel=\"author\">niribas<\/a><\/span><\/span><span class=\"updated\" style=\"display:none;\">2026-04-19T13:43:32+02:00<\/span><span>1st abril, 2026<\/span><span class=\"fusion-inline-sep\">|<\/span><span class=\"fusion-comments\"><a href=\"https:\/\/casa-interior.com\/es\/2026\/04\/01\/abril-pildora-arredo3\/#respond\">0 Comentarios<\/a><\/span><\/p><p>La colecci\u00f3n se caracteriza por su dise\u00f1o contempor\u00e1neo y el uso de puertas de madera, incorporando dos acabados principales: Sand, con tonos naturales tipo roble, y Cappuccino, m\u00e1s oscuro y c\u00e1lido. Ambos tambi\u00e9n est\u00e1n disponibles en versi\u00f3n \u201cmil rayas\u201d, que aporta textura y un dise\u00f1o m\u00e1s exclusivo.<\/p><\/div><\/article><article class=\"post fusion-column column col col-lg-12 col-md-12 col-sm-12\"><div class=\"fusion-flexslider fusion-flexslider-loading flexslider floated-slideshow flexslider-hover-type-none\"><ul class=\"slides\"><li><a href=\"https:\/\/casa-interior.com\/es\/2022\/12\/01\/nobilia-nuevas-tendencias-para-2023\/\" aria-label=\"Nobilia: Nuevas tendencias para 2023\" class=\"hover-type-none\"><img decoding=\"async\" width=\"177\" height=\"142\" src=\"https:\/\/casa-interior.com\/wp-content\/uploads\/2020\/06\/Logo-Nobilia-177x142.jpg\" class=\"attachment-portfolio-five size-portfolio-five\" alt=\"Logo Nobilia\" \/><\/a><\/li><\/ul><\/div><div class=\"recent-posts-content\"><span class=\"vcard\" style=\"display: none;\"><span class=\"fn\"><a href=\"https:\/\/casa-interior.com\/es\/author\/niribas\/\" title=\"Entradas de niribas\" rel=\"author\">niribas<\/a><\/span><\/span><span class=\"updated\" style=\"display:none;\">2026-04-19T13:46:34+02:00<\/span><h4 class=\"entry-title\"><a href=\"https:\/\/casa-interior.com\/es\/2022\/12\/01\/nobilia-nuevas-tendencias-para-2023\/\">Nobilia: Nuevas tendencias para 2023<\/a><\/h4><p class=\"meta\"><span class=\"vcard\" style=\"display: none;\"><span class=\"fn\"><a href=\"https:\/\/casa-interior.com\/es\/author\/niribas\/\" title=\"Entradas de niribas\" rel=\"author\">niribas<\/a><\/span><\/span><span class=\"updated\" style=\"display:none;\">2026-04-19T13:46:34+02:00<\/span><span>1st diciembre, 2022<\/span><span class=\"fusion-inline-sep\">|<\/span><span class=\"fusion-comments\"><a href=\"https:\/\/casa-interior.com\/es\/2022\/12\/01\/nobilia-nuevas-tendencias-para-2023\/#respond\">0 Comentarios<\/a><\/span><\/p><p>Efectos de desinfectantes en las superficies de cocina (Corona virus 2020). Ya conocemos los efectos destructivos de los componentes de cloro y alcohol en nuestras superficies y materiales. No son adecuados para sus uso en la cocina.<\/p><\/div><\/article><article class=\"post fusion-column column col col-lg-12 col-md-12 col-sm-12\"><div class=\"fusion-flexslider fusion-flexslider-loading flexslider floated-slideshow flexslider-hover-type-none\"><ul class=\"slides\"><li><a href=\"https:\/\/casa-interior.com\/es\/2020\/06\/08\/efectos-de-desinfectantes-en-las-superficies-de-cocina\/\" aria-label=\"Efectos de desinfectantes en las superficies de cocina (Corona virus 2020)\" class=\"hover-type-none\"><img decoding=\"async\" width=\"177\" height=\"142\" src=\"https:\/\/casa-interior.com\/wp-content\/uploads\/2020\/06\/Logo-Nobilia-177x142.jpg\" class=\"attachment-portfolio-five size-portfolio-five\" alt=\"Logo Nobilia\" \/><\/a><\/li><\/ul><\/div><div class=\"recent-posts-content\"><span class=\"vcard\" style=\"display: none;\"><span class=\"fn\"><a href=\"https:\/\/casa-interior.com\/es\/author\/niribas\/\" title=\"Entradas de niribas\" rel=\"author\">niribas<\/a><\/span><\/span><span class=\"updated\" style=\"display:none;\">2022-12-02T17:43:00+01:00<\/span><h4 class=\"entry-title\"><a href=\"https:\/\/casa-interior.com\/es\/2020\/06\/08\/efectos-de-desinfectantes-en-las-superficies-de-cocina\/\">Efectos de desinfectantes en las superficies de cocina (Corona virus 2020)<\/a><\/h4><p class=\"meta\"><span class=\"vcard\" style=\"display: none;\"><span class=\"fn\"><a href=\"https:\/\/casa-interior.com\/es\/author\/niribas\/\" title=\"Entradas de niribas\" rel=\"author\">niribas<\/a><\/span><\/span><span class=\"updated\" style=\"display:none;\">2022-12-02T17:43:00+01:00<\/span><span>8th junio, 2020<\/span><span class=\"fusion-inline-sep\">|<\/span><span class=\"fusion-comments\"><a href=\"https:\/\/casa-interior.com\/es\/2020\/06\/08\/efectos-de-desinfectantes-en-las-superficies-de-cocina\/#respond\">0 Comentarios<\/a><\/span><\/p><p>Efectos de desinfectantes en las superficies de cocina (Corona virus 2020). Ya conocemos los efectos destructivos de los componentes de cloro y alcohol en nuestras superficies y materiales. No son adecuados para sus uso en la cocina.<\/p><\/div><\/article><article class=\"post fusion-column column col col-lg-12 col-md-12 col-sm-12\"><div class=\"fusion-flexslider fusion-flexslider-loading flexslider floated-slideshow flexslider-hover-type-none\"><ul class=\"slides\"><li><a href=\"https:\/\/casa-interior.com\/es\/2020\/06\/05\/casa-interior-covid-19-nuestro-punto-de-vista\/\" aria-label=\"Nuestro proyecto en la revista Homify\" class=\"hover-type-none\"><img decoding=\"async\" width=\"177\" height=\"142\" src=\"https:\/\/casa-interior.com\/wp-content\/uploads\/2020\/06\/Homify-177x142.png\" class=\"attachment-portfolio-five size-portfolio-five\" alt=\"Homify\" \/><\/a><\/li><\/ul><\/div><div class=\"recent-posts-content\"><span class=\"vcard\" style=\"display: none;\"><span class=\"fn\"><a href=\"https:\/\/casa-interior.com\/es\/author\/niribas\/\" title=\"Entradas de niribas\" rel=\"author\">niribas<\/a><\/span><\/span><span class=\"updated\" style=\"display:none;\">2020-06-08T17:25:59+02:00<\/span><h4 class=\"entry-title\"><a href=\"https:\/\/casa-interior.com\/es\/2020\/06\/05\/casa-interior-covid-19-nuestro-punto-de-vista\/\">Nuestro proyecto en la revista Homify<\/a><\/h4><p class=\"meta\"><span class=\"vcard\" style=\"display: none;\"><span class=\"fn\"><a href=\"https:\/\/casa-interior.com\/es\/author\/niribas\/\" title=\"Entradas de niribas\" rel=\"author\">niribas<\/a><\/span><\/span><span class=\"updated\" style=\"display:none;\">2020-06-08T17:25:59+02:00<\/span><span>5th junio, 2020<\/span><span class=\"fusion-inline-sep\">|<\/span><span class=\"fusion-comments\"><a href=\"https:\/\/casa-interior.com\/es\/2020\/06\/05\/casa-interior-covid-19-nuestro-punto-de-vista\/#respond\">0 Comentarios<\/a><\/span><\/p><p>Estamos muy orgullosos de haber aparecido en la revista Homify con un proyecto realizado el a\u00f1os pasado. Esperamos que os guste esta cocina moderna con puerta blanca.<\/p><\/div><\/article><article class=\"post fusion-column column col col-lg-12 col-md-12 col-sm-12\"><div class=\"fusion-flexslider fusion-flexslider-loading flexslider floated-slideshow flexslider-hover-type-none\"><ul class=\"slides\"><li><a href=\"https:\/\/casa-interior.com\/es\/2020\/04\/01\/casa-interior-covid-19-nuestro-punto-de-vista-2\/\" aria-label=\"Casa Interior &#8211; Covid-19, Nuestro Punto De Vista\" class=\"hover-type-none\"><img decoding=\"async\" width=\"177\" height=\"142\" src=\"https:\/\/casa-interior.com\/wp-content\/uploads\/2020\/04\/Logo-Casa-Interior-1600x1200-177x142.jpg\" class=\"attachment-portfolio-five size-portfolio-five\" alt=\"Logo Casa Interior\" \/><\/a><\/li><\/ul><\/div><div class=\"recent-posts-content\"><span class=\"vcard\" style=\"display: none;\"><span class=\"fn\"><a href=\"https:\/\/casa-interior.com\/es\/author\/niribas\/\" title=\"Entradas de niribas\" rel=\"author\">niribas<\/a><\/span><\/span><span class=\"updated\" style=\"display:none;\">2024-10-09T14:07:28+02:00<\/span><h4 class=\"entry-title\"><a href=\"https:\/\/casa-interior.com\/es\/2020\/04\/01\/casa-interior-covid-19-nuestro-punto-de-vista-2\/\">Casa Interior &#8211; Covid-19, Nuestro Punto De Vista<\/a><\/h4><p class=\"meta\"><span class=\"vcard\" style=\"display: none;\"><span class=\"fn\"><a href=\"https:\/\/casa-interior.com\/es\/author\/niribas\/\" title=\"Entradas de niribas\" rel=\"author\">niribas<\/a><\/span><\/span><span class=\"updated\" style=\"display:none;\">2024-10-09T14:07:28+02:00<\/span><span>1st abril, 2020<\/span><span class=\"fusion-inline-sep\">|<\/span><span class=\"fusion-comments\"><a href=\"https:\/\/casa-interior.com\/es\/2020\/04\/01\/casa-interior-covid-19-nuestro-punto-de-vista-2\/#respond\">0 Comentarios<\/a><\/span><\/p><p>\u00a1Que teng\u00e1is una buena estancia en casa, manteneos a salvo y recordad respetarnos el uno al otro! \u00a1Todos juntos saldremos de esta m\u00e1s fuertes y unidos!<\/p><\/div><\/article><article class=\"post fusion-column column col col-lg-12 col-md-12 col-sm-12\"><div class=\"fusion-flexslider fusion-flexslider-loading flexslider floated-slideshow flexslider-hover-type-none\"><ul class=\"slides\"><li><a href=\"https:\/\/casa-interior.com\/es\/2020\/03\/15\/blanco-limpieza-y-mantenimiento\/\" aria-label=\"Blanco: Limpieza y mantenimiento\" class=\"hover-type-none\"><img decoding=\"async\" width=\"177\" height=\"142\" src=\"https:\/\/casa-interior.com\/wp-content\/uploads\/2020\/03\/Logo-Blanco-177x142.jpg\" class=\"attachment-portfolio-five size-portfolio-five\" alt=\"Logo Blanco\" \/><\/a><\/li><\/ul><\/div><div class=\"recent-posts-content\"><span class=\"vcard\" style=\"display: none;\"><span class=\"fn\"><a href=\"https:\/\/casa-interior.com\/es\/author\/niribas\/\" title=\"Entradas de niribas\" rel=\"author\">niribas<\/a><\/span><\/span><span class=\"updated\" style=\"display:none;\">2020-03-27T11:36:08+01:00<\/span><h4 class=\"entry-title\"><a href=\"https:\/\/casa-interior.com\/es\/2020\/03\/15\/blanco-limpieza-y-mantenimiento\/\">Blanco: Limpieza y mantenimiento<\/a><\/h4><p class=\"meta\"><span class=\"vcard\" style=\"display: none;\"><span class=\"fn\"><a href=\"https:\/\/casa-interior.com\/es\/author\/niribas\/\" title=\"Entradas de niribas\" rel=\"author\">niribas<\/a><\/span><\/span><span class=\"updated\" style=\"display:none;\">2020-03-27T11:36:08+01:00<\/span><span>15th marzo, 2020<\/span><span class=\"fusion-inline-sep\">|<\/span><span class=\"fusion-comments\"><a href=\"https:\/\/casa-interior.com\/es\/2020\/03\/15\/blanco-limpieza-y-mantenimiento\/#respond\">0 Comentarios<\/a><\/span><\/p><p>El fregadero es uno de los elementos m\u00e1s utilizado en la cocina. Los hay de diferentes materiales como granito, acero inoxidable o cer\u00e1mica. <\/p><\/div><\/article><article class=\"post fusion-column column col col-lg-12 col-md-12 col-sm-12\"><div class=\"fusion-flexslider fusion-flexslider-loading flexslider floated-slideshow flexslider-hover-type-none\"><ul class=\"slides\"><li><a href=\"https:\/\/casa-interior.com\/es\/2019\/07\/01\/kronos-la-nueva-puerta-de-arredo3\/\" aria-label=\"Kronos: La Nueva Puerta de Arredo3\" class=\"hover-type-none\"><img decoding=\"async\" width=\"177\" height=\"142\" src=\"https:\/\/casa-interior.com\/wp-content\/uploads\/2018\/03\/Arredo3-fondo-verde-177x142.jpg\" class=\"attachment-portfolio-five size-portfolio-five\" alt=\"Logo Arredo3\" srcset=\"https:\/\/casa-interior.com\/wp-content\/uploads\/2018\/03\/Arredo3-fondo-verde-177x142.jpg 177w, https:\/\/casa-interior.com\/wp-content\/uploads\/2018\/03\/Arredo3-fondo-verde-500x400.jpg 500w\" sizes=\"(max-width: 177px) 100vw, 177px\" \/><\/a><\/li><\/ul><\/div><div class=\"recent-posts-content\"><span class=\"vcard\" style=\"display: none;\"><span class=\"fn\"><a href=\"https:\/\/casa-interior.com\/es\/author\/niribas\/\" title=\"Entradas de niribas\" rel=\"author\">niribas<\/a><\/span><\/span><span class=\"updated\" style=\"display:none;\">2020-03-27T11:37:16+01:00<\/span><h4 class=\"entry-title\"><a href=\"https:\/\/casa-interior.com\/es\/2019\/07\/01\/kronos-la-nueva-puerta-de-arredo3\/\">Kronos: La Nueva Puerta de Arredo3<\/a><\/h4><p class=\"meta\"><span class=\"vcard\" style=\"display: none;\"><span class=\"fn\"><a href=\"https:\/\/casa-interior.com\/es\/author\/niribas\/\" title=\"Entradas de niribas\" rel=\"author\">niribas<\/a><\/span><\/span><span class=\"updated\" style=\"display:none;\">2020-03-27T11:37:16+01:00<\/span><span>1st julio, 2019<\/span><span class=\"fusion-inline-sep\">|<\/span><span class=\"fusion-comments\"><a href=\"https:\/\/casa-interior.com\/es\/2019\/07\/01\/kronos-la-nueva-puerta-de-arredo3\/#respond\">0 Comentarios<\/a><\/span><\/p><p>Un proyecto avanzado capaz de combinar caracter\u00edsticas t\u00e9cnicas avanzadas y materiales de primera calidad para crear ambientes que superan la prueba del tiempo.<\/p><\/div><\/article><article class=\"post fusion-column column col col-lg-12 col-md-12 col-sm-12\"><div class=\"fusion-flexslider fusion-flexslider-loading flexslider floated-slideshow flexslider-hover-type-none\"><ul class=\"slides\"><li><a href=\"https:\/\/casa-interior.com\/es\/2019\/06\/08\/cooking-rak-en-casa-interior\/\" aria-label=\"Cooking Rak en Casa Interior\" class=\"hover-type-none\"><img decoding=\"async\" width=\"177\" height=\"142\" src=\"https:\/\/casa-interior.com\/wp-content\/uploads\/2019\/06\/Casa-Interior-and-Francisco-Hita-177x142.jpg\" class=\"attachment-portfolio-five size-portfolio-five\" alt=\"Casa Interior &amp; Francisco Hita\" \/><\/a><\/li><\/ul><\/div><div class=\"recent-posts-content\"><span class=\"vcard\" style=\"display: none;\"><span class=\"fn\"><a href=\"https:\/\/casa-interior.com\/es\/author\/niribas\/\" title=\"Entradas de niribas\" rel=\"author\">niribas<\/a><\/span><\/span><span class=\"updated\" style=\"display:none;\">2019-07-09T16:27:47+02:00<\/span><h4 class=\"entry-title\"><a href=\"https:\/\/casa-interior.com\/es\/2019\/06\/08\/cooking-rak-en-casa-interior\/\">Cooking Rak en Casa Interior<\/a><\/h4><p class=\"meta\"><span class=\"vcard\" style=\"display: none;\"><span class=\"fn\"><a href=\"https:\/\/casa-interior.com\/es\/author\/niribas\/\" title=\"Entradas de niribas\" rel=\"author\">niribas<\/a><\/span><\/span><span class=\"updated\" style=\"display:none;\">2019-07-09T16:27:47+02:00<\/span><span>8th junio, 2019<\/span><span class=\"fusion-inline-sep\">|<\/span><span class=\"fusion-comments\"><a href=\"https:\/\/casa-interior.com\/es\/2019\/06\/08\/cooking-rak-en-casa-interior\/#respond\">0 Comentarios<\/a><\/span><\/p><p>La semana pasado tuvimos el placer de tener en nuestra tienda de Casa Interior en Altea al Chef Francisco Hita, el chef ejecutivo de Cooking Rak. Pasamos un gran d\u00eda probando el magn\u00edfico men\u00fa dise\u00f1ado por \u00e9l y preparado en la placa de inducci\u00f3n integrada en la encimera de Cooking Rak.<\/p><\/div><\/article><article class=\"post fusion-column column col col-lg-12 col-md-12 col-sm-12\"><div class=\"fusion-flexslider fusion-flexslider-loading flexslider floated-slideshow flexslider-hover-type-none\"><ul class=\"slides\"><li><a href=\"https:\/\/casa-interior.com\/es\/2019\/04\/25\/kuchentime-encimera-xtra\/\" aria-label=\"Nuevo cat\u00e1logo K\u00fcchentime 2019\" class=\"hover-type-none\"><img decoding=\"async\" width=\"177\" height=\"142\" src=\"https:\/\/casa-interior.com\/wp-content\/uploads\/2018\/03\/Kuchentime-177x142.jpg\" class=\"attachment-portfolio-five size-portfolio-five\" alt=\"K\u00fcchentime 2019\" srcset=\"https:\/\/casa-interior.com\/wp-content\/uploads\/2018\/03\/Kuchentime-177x142.jpg 177w, https:\/\/casa-interior.com\/wp-content\/uploads\/2018\/03\/Kuchentime-500x400.jpg 500w\" sizes=\"(max-width: 177px) 100vw, 177px\" \/><\/a><\/li><\/ul><\/div><div class=\"recent-posts-content\"><span class=\"vcard\" style=\"display: none;\"><span class=\"fn\"><a href=\"https:\/\/casa-interior.com\/es\/author\/niribas\/\" title=\"Entradas de niribas\" rel=\"author\">niribas<\/a><\/span><\/span><span class=\"updated\" style=\"display:none;\">2019-06-07T18:02:04+02:00<\/span><h4 class=\"entry-title\"><a href=\"https:\/\/casa-interior.com\/es\/2019\/04\/25\/kuchentime-encimera-xtra\/\">Nuevo cat\u00e1logo K\u00fcchentime 2019<\/a><\/h4><p class=\"meta\"><span class=\"vcard\" style=\"display: none;\"><span class=\"fn\"><a href=\"https:\/\/casa-interior.com\/es\/author\/niribas\/\" title=\"Entradas de niribas\" rel=\"author\">niribas<\/a><\/span><\/span><span class=\"updated\" style=\"display:none;\">2019-06-07T18:02:04+02:00<\/span><span>25th abril, 2019<\/span><span class=\"fusion-inline-sep\">|<\/span><span class=\"fusion-comments\"><a href=\"https:\/\/casa-interior.com\/es\/2019\/04\/25\/kuchentime-encimera-xtra\/#respond\">0 Comentarios<\/a><\/span><\/p><p>K\u00fcchentime nos trae el nuevo cat\u00e1logo para 2019. Ahora podemos mostrar las nuevas puertas y decir adios a algunos modelos que no estar\u00e1n disponibles a partir de ahora. Adem\u00e1s, hay nuevos dise\u00f1os para los colores de carcasa, las encimeras de cocinas y los tiradores de las puertas.<\/p><\/div><\/article><article class=\"post fusion-column column col col-lg-12 col-md-12 col-sm-12\"><div class=\"fusion-flexslider fusion-flexslider-loading flexslider floated-slideshow flexslider-hover-type-none\"><ul class=\"slides\"><li><a href=\"https:\/\/casa-interior.com\/es\/2019\/03\/11\/kuchentime-encimera-xtra-3\/\" aria-label=\"Bora &#8211; Placa con extractor\" class=\"hover-type-none\"><img decoding=\"async\" width=\"177\" height=\"142\" src=\"https:\/\/casa-interior.com\/wp-content\/uploads\/2019\/03\/Bora-Professional-6-177x142.jpg\" class=\"attachment-portfolio-five size-portfolio-five\" alt=\"Bora Professional\" \/><\/a><\/li><\/ul><\/div><div class=\"recent-posts-content\"><span class=\"vcard\" style=\"display: none;\"><span class=\"fn\"><a href=\"https:\/\/casa-interior.com\/es\/author\/niribas\/\" title=\"Entradas de niribas\" rel=\"author\">niribas<\/a><\/span><\/span><span class=\"updated\" style=\"display:none;\">2019-04-25T17:57:21+02:00<\/span><h4 class=\"entry-title\"><a href=\"https:\/\/casa-interior.com\/es\/2019\/03\/11\/kuchentime-encimera-xtra-3\/\">Bora &#8211; Placa con extractor<\/a><\/h4><p class=\"meta\"><span class=\"vcard\" style=\"display: none;\"><span class=\"fn\"><a href=\"https:\/\/casa-interior.com\/es\/author\/niribas\/\" title=\"Entradas de niribas\" rel=\"author\">niribas<\/a><\/span><\/span><span class=\"updated\" style=\"display:none;\">2019-04-25T17:57:21+02:00<\/span><span>11th marzo, 2019<\/span><span class=\"fusion-inline-sep\">|<\/span><span class=\"fusion-comments\"><a href=\"https:\/\/casa-interior.com\/es\/2019\/03\/11\/kuchentime-encimera-xtra-3\/#respond\">0 Comentarios<\/a><\/span><\/p><p>Desde Casa Interior queremos mostrarle una soluci\u00f3n que combina eficiencia y estilo para esos lugares donde es imposible instalar un extractor convencional. Bora es una placa con extractor integrado. Ofrece dos opciones diferentes, con extracci\u00f3n aspirante o filtrante, dependiendo de sus necesidades.<\/p><\/div><\/article><article class=\"post fusion-column column col col-lg-12 col-md-12 col-sm-12\"><div class=\"fusion-flexslider fusion-flexslider-loading flexslider floated-slideshow flexslider-hover-type-none\"><ul class=\"slides\"><li><a href=\"https:\/\/casa-interior.com\/es\/2019\/01\/21\/kuchentime-encimera-xtra-2\/\" aria-label=\"Kuchentime &#8211; Encimera Xtra\" class=\"hover-type-none\"><img decoding=\"async\" width=\"177\" height=\"142\" src=\"https:\/\/casa-interior.com\/wp-content\/uploads\/2019\/01\/Casa-Interior-Kuchentime-worktop-Xtra-177x142.jpg\" class=\"attachment-portfolio-five size-portfolio-five\" alt=\"\" \/><\/a><\/li><\/ul><\/div><div class=\"recent-posts-content\"><span class=\"vcard\" style=\"display: none;\"><span class=\"fn\"><a href=\"https:\/\/casa-interior.com\/es\/author\/niribas\/\" title=\"Entradas de niribas\" rel=\"author\">niribas<\/a><\/span><\/span><span class=\"updated\" style=\"display:none;\">2019-03-11T16:18:42+01:00<\/span><h4 class=\"entry-title\"><a href=\"https:\/\/casa-interior.com\/es\/2019\/01\/21\/kuchentime-encimera-xtra-2\/\">Kuchentime &#8211; Encimera Xtra<\/a><\/h4><p class=\"meta\"><span class=\"vcard\" style=\"display: none;\"><span class=\"fn\"><a href=\"https:\/\/casa-interior.com\/es\/author\/niribas\/\" title=\"Entradas de niribas\" rel=\"author\">niribas<\/a><\/span><\/span><span class=\"updated\" style=\"display:none;\">2019-03-11T16:18:42+01:00<\/span><span>21st enero, 2019<\/span><span class=\"fusion-inline-sep\">|<\/span><span class=\"fusion-comments\"><a href=\"https:\/\/casa-interior.com\/es\/2019\/01\/21\/kuchentime-encimera-xtra-2\/#respond\">0 Comentarios<\/a><\/span><\/p><p>La encimera de Kuchentime Xtra ha sido galardonada con el premio del consumidor \u201cInnovaci\u00f3n de cocina del a\u00f1o\u00ae 2018\u201d, con el pro-K Award y con el famoso Red Dot Award en la categor\u00eda de \u201cDise\u00f1o del producto\u201d. <\/p><\/div><\/article><article class=\"post fusion-column column col col-lg-12 col-md-12 col-sm-12\"><div class=\"fusion-flexslider fusion-flexslider-loading flexslider floated-slideshow flexslider-hover-type-none\"><ul class=\"slides\"><li><a href=\"https:\/\/casa-interior.com\/es\/2018\/10\/18\/cooking-rak-la-encimera-inteligente\/\" aria-label=\"Cooking Rak &#8211; La Encimera Inteligente\" class=\"hover-type-none\"><img decoding=\"async\" width=\"177\" height=\"142\" src=\"https:\/\/casa-interior.com\/wp-content\/uploads\/2018\/10\/Cooking-Rak-177x142.jpg\" class=\"attachment-portfolio-five size-portfolio-five\" alt=\"Cooking Rak\" \/><\/a><\/li><\/ul><\/div><div class=\"recent-posts-content\"><span class=\"vcard\" style=\"display: none;\"><span class=\"fn\"><a href=\"https:\/\/casa-interior.com\/es\/author\/niribas\/\" title=\"Entradas de niribas\" rel=\"author\">niribas<\/a><\/span><\/span><span class=\"updated\" style=\"display:none;\">2019-06-08T13:29:04+02:00<\/span><h4 class=\"entry-title\"><a href=\"https:\/\/casa-interior.com\/es\/2018\/10\/18\/cooking-rak-la-encimera-inteligente\/\">Cooking Rak &#8211; La Encimera Inteligente<\/a><\/h4><p class=\"meta\"><span class=\"vcard\" style=\"display: none;\"><span class=\"fn\"><a href=\"https:\/\/casa-interior.com\/es\/author\/niribas\/\" title=\"Entradas de niribas\" rel=\"author\">niribas<\/a><\/span><\/span><span class=\"updated\" style=\"display:none;\">2019-06-08T13:29:04+02:00<\/span><span>18th octubre, 2018<\/span><span class=\"fusion-inline-sep\">|<\/span><span class=\"fusion-comments\"><a href=\"https:\/\/casa-interior.com\/es\/2018\/10\/18\/cooking-rak-la-encimera-inteligente\/#respond\">0 Comentarios<\/a><\/span><\/p><p>CooKingRak presenta una idea revolucionaria, un nuevo sistema oculto de cocci\u00f3n por inducci\u00f3n, que a trav\u00e9s de un proceso de integraci\u00f3n entre material y tecnolog\u00eda consigue ser la primera encimera del mundo.<\/p><\/div><\/article><article class=\"post fusion-column column col col-lg-12 col-md-12 col-sm-12\"><div class=\"fusion-flexslider fusion-flexslider-loading flexslider floated-slideshow flexslider-hover-type-none\"><ul class=\"slides\"><li><a href=\"https:\/\/casa-interior.com\/es\/2018\/09\/21\/visita-a-kuchentime-en-alemania\/\" aria-label=\"Fiestas de Altea\" class=\"hover-type-none\"><img decoding=\"async\" width=\"177\" height=\"142\" src=\"https:\/\/casa-interior.com\/wp-content\/uploads\/2018\/09\/Fiestas-de-Altea-2018-177x142.jpg\" class=\"attachment-portfolio-five size-portfolio-five\" alt=\"\" \/><\/a><\/li><\/ul><\/div><div class=\"recent-posts-content\"><span class=\"vcard\" style=\"display: none;\"><span class=\"fn\"><a href=\"https:\/\/casa-interior.com\/es\/author\/niribas\/\" title=\"Entradas de niribas\" rel=\"author\">niribas<\/a><\/span><\/span><span class=\"updated\" style=\"display:none;\">2018-10-18T17:44:21+02:00<\/span><h4 class=\"entry-title\"><a href=\"https:\/\/casa-interior.com\/es\/2018\/09\/21\/visita-a-kuchentime-en-alemania\/\">Fiestas de Altea<\/a><\/h4><p class=\"meta\"><span class=\"vcard\" style=\"display: none;\"><span class=\"fn\"><a href=\"https:\/\/casa-interior.com\/es\/author\/niribas\/\" title=\"Entradas de niribas\" rel=\"author\">niribas<\/a><\/span><\/span><span class=\"updated\" style=\"display:none;\">2018-10-18T17:44:21+02:00<\/span><span>21st septiembre, 2018<\/span><span class=\"fusion-inline-sep\">|<\/span><span class=\"fusion-comments\"><a href=\"https:\/\/casa-interior.com\/es\/2018\/09\/21\/visita-a-kuchentime-en-alemania\/#respond\">0 Comentarios<\/a><\/span><\/p><p>Estaremos cerrados del 22 al 25 de septiembre por la fiestas de Altea. Lamentamos las molestias.<\/p><\/div><\/article><article class=\"post fusion-column column col col-lg-12 col-md-12 col-sm-12\"><div class=\"fusion-flexslider fusion-flexslider-loading flexslider floated-slideshow flexslider-hover-type-none\"><ul class=\"slides\"><li><a href=\"https:\/\/casa-interior.com\/es\/2018\/07\/21\/visita-a-kuchentime-en-alemania-4\/\" aria-label=\"Visita a Arredo3 en Scorz\u00e8, Venecia\" class=\"hover-type-none\"><img decoding=\"async\" width=\"177\" height=\"142\" src=\"https:\/\/casa-interior.com\/wp-content\/uploads\/2018\/03\/Arredo3-fondo-verde-177x142.jpg\" class=\"attachment-portfolio-five size-portfolio-five\" alt=\"Logo Arredo3\" srcset=\"https:\/\/casa-interior.com\/wp-content\/uploads\/2018\/03\/Arredo3-fondo-verde-177x142.jpg 177w, https:\/\/casa-interior.com\/wp-content\/uploads\/2018\/03\/Arredo3-fondo-verde-500x400.jpg 500w\" sizes=\"(max-width: 177px) 100vw, 177px\" \/><\/a><\/li><\/ul><\/div><div class=\"recent-posts-content\"><span class=\"vcard\" style=\"display: none;\"><span class=\"fn\"><a href=\"https:\/\/casa-interior.com\/es\/author\/niribas\/\" title=\"Entradas de niribas\" rel=\"author\">niribas<\/a><\/span><\/span><span class=\"updated\" style=\"display:none;\">2018-09-21T17:13:29+02:00<\/span><h4 class=\"entry-title\"><a href=\"https:\/\/casa-interior.com\/es\/2018\/07\/21\/visita-a-kuchentime-en-alemania-4\/\">Visita a Arredo3 en Scorz\u00e8, Venecia<\/a><\/h4><p class=\"meta\"><span class=\"vcard\" style=\"display: none;\"><span class=\"fn\"><a href=\"https:\/\/casa-interior.com\/es\/author\/niribas\/\" title=\"Entradas de niribas\" rel=\"author\">niribas<\/a><\/span><\/span><span class=\"updated\" style=\"display:none;\">2018-09-21T17:13:29+02:00<\/span><span>21st julio, 2018<\/span><span class=\"fusion-inline-sep\">|<\/span><span class=\"fusion-comments\"><a href=\"https:\/\/casa-interior.com\/es\/2018\/07\/21\/visita-a-kuchentime-en-alemania-4\/#respond\">0 Comentarios<\/a><\/span><\/p><p>La semana pasada fuimos invitados por Arredo3 para conocer las \u00faltimas novedades, as\u00ed como para visitar el showroom y la f\u00e1brica que ocupa m\u00e1s de 150.000 metros cuadrados en la ciudad de Scorz\u00e8, en Venecia.<\/p><\/div><\/article><article class=\"post fusion-column column col col-lg-12 col-md-12 col-sm-12\"><div class=\"fusion-flexslider fusion-flexslider-loading flexslider floated-slideshow flexslider-hover-type-none\"><ul class=\"slides\"><li><a href=\"https:\/\/casa-interior.com\/es\/2018\/05\/28\/visita-a-kuchentime-en-alemania-3\/\" aria-label=\"Expo de Cosentino, Veravent y Wolf Expo en Alicante\" class=\"hover-type-none\"><img decoding=\"async\" width=\"177\" height=\"142\" src=\"https:\/\/casa-interior.com\/wp-content\/uploads\/2018\/05\/2018-05-Cosentino-Veravent-Wolf-Sub-Zero-177x142.jpg\" class=\"attachment-portfolio-five size-portfolio-five\" alt=\"\" \/><\/a><\/li><\/ul><\/div><div class=\"recent-posts-content\"><span class=\"vcard\" style=\"display: none;\"><span class=\"fn\"><a href=\"https:\/\/casa-interior.com\/es\/author\/niribas\/\" title=\"Entradas de niribas\" rel=\"author\">niribas<\/a><\/span><\/span><span class=\"updated\" style=\"display:none;\">2018-07-21T12:52:11+02:00<\/span><h4 class=\"entry-title\"><a href=\"https:\/\/casa-interior.com\/es\/2018\/05\/28\/visita-a-kuchentime-en-alemania-3\/\">Expo de Cosentino, Veravent y Wolf Expo en Alicante<\/a><\/h4><p class=\"meta\"><span class=\"vcard\" style=\"display: none;\"><span class=\"fn\"><a href=\"https:\/\/casa-interior.com\/es\/author\/niribas\/\" title=\"Entradas de niribas\" rel=\"author\">niribas<\/a><\/span><\/span><span class=\"updated\" style=\"display:none;\">2018-07-21T12:52:11+02:00<\/span><span>28th mayo, 2018<\/span><span class=\"fusion-inline-sep\">|<\/span><span class=\"fusion-comments\"><a href=\"https:\/\/casa-interior.com\/es\/2018\/05\/28\/visita-a-kuchentime-en-alemania-3\/#respond\">0 Comentarios<\/a><\/span><\/p><p>Hemos sido invitados a la exposici\u00f3n de Cosentino, Veravent y Wolf \/ SubZero en Alicante. Nos han presentado las \u00faltimas novedades de sus marcas, Cosentino (Silestone, Dekton and Sensa), Veravent (Schock, Pyramis, Naber, Novi and Pitt) y Wolf \/ Sub-Zero.<\/p><\/div><\/article><article class=\"post fusion-column column col col-lg-12 col-md-12 col-sm-12\"><div class=\"fusion-flexslider fusion-flexslider-loading flexslider floated-slideshow flexslider-hover-type-none\"><ul class=\"slides\"><li><a href=\"https:\/\/casa-interior.com\/es\/2018\/02\/15\/visita-a-kuchentime-en-alemania-2\/\" aria-label=\"Visita a K\u00fcchentime en Alemania\" class=\"hover-type-none\"><img decoding=\"async\" width=\"177\" height=\"142\" src=\"https:\/\/casa-interior.com\/wp-content\/uploads\/2018\/03\/Kuchentime-factory-177x142.jpg\" class=\"attachment-portfolio-five size-portfolio-five\" alt=\"\" \/><\/a><\/li><\/ul><\/div><div class=\"recent-posts-content\"><span class=\"vcard\" style=\"display: none;\"><span class=\"fn\"><a href=\"https:\/\/casa-interior.com\/es\/author\/niribas\/\" title=\"Entradas de niribas\" rel=\"author\">niribas<\/a><\/span><\/span><span class=\"updated\" style=\"display:none;\">2018-05-28T10:43:29+02:00<\/span><h4 class=\"entry-title\"><a href=\"https:\/\/casa-interior.com\/es\/2018\/02\/15\/visita-a-kuchentime-en-alemania-2\/\">Visita a K\u00fcchentime en Alemania<\/a><\/h4><p class=\"meta\"><span class=\"vcard\" style=\"display: none;\"><span class=\"fn\"><a href=\"https:\/\/casa-interior.com\/es\/author\/niribas\/\" title=\"Entradas de niribas\" rel=\"author\">niribas<\/a><\/span><\/span><span class=\"updated\" style=\"display:none;\">2018-05-28T10:43:29+02:00<\/span><span>15th febrero, 2018<\/span><span class=\"fusion-inline-sep\">|<\/span><span class=\"fusion-comments\"><a href=\"https:\/\/casa-interior.com\/es\/2018\/02\/15\/visita-a-kuchentime-en-alemania-2\/#respond\">0 Comentarios<\/a><\/span><\/p><p>\u00a1En Casa Interior, este a\u00f1o queremos enfocar gran parte de nuestro esfuerzo en desarrollar un concepto para los espacios peque\u00f1os! \u00a1Nuestra visi\u00f3n es que todos tengan acceso a una gran cocina sin importar el espacio disponible!<\/p><\/div><\/article><article class=\"post fusion-column column col col-lg-12 col-md-12 col-sm-12\"><div class=\"fusion-flexslider fusion-flexslider-loading flexslider floated-slideshow flexslider-hover-type-none\"><ul class=\"slides\"><li><a href=\"https:\/\/casa-interior.com\/es\/2017\/11\/01\/kuchentime-structura-en-nuestra-exposicion-en-altea\/\" aria-label=\"K\u00fcchentime Structura en nuestra exposici\u00f3n en Altea\" class=\"hover-type-none\"><img decoding=\"async\" width=\"177\" height=\"142\" src=\"https:\/\/casa-interior.com\/wp-content\/uploads\/2018\/03\/1-1-177x142.jpg\" class=\"attachment-portfolio-five size-portfolio-five\" alt=\"\" \/><\/a><\/li><\/ul><\/div><div class=\"recent-posts-content\"><span class=\"vcard\" style=\"display: none;\"><span class=\"fn\"><a href=\"https:\/\/casa-interior.com\/es\/author\/niribas\/\" title=\"Entradas de niribas\" rel=\"author\">niribas<\/a><\/span><\/span><span class=\"updated\" style=\"display:none;\">2018-05-26T13:25:46+02:00<\/span><h4 class=\"entry-title\"><a href=\"https:\/\/casa-interior.com\/es\/2017\/11\/01\/kuchentime-structura-en-nuestra-exposicion-en-altea\/\">K\u00fcchentime Structura en nuestra exposici\u00f3n en Altea<\/a><\/h4><p class=\"meta\"><span class=\"vcard\" style=\"display: none;\"><span class=\"fn\"><a href=\"https:\/\/casa-interior.com\/es\/author\/niribas\/\" title=\"Entradas de niribas\" rel=\"author\">niribas<\/a><\/span><\/span><span class=\"updated\" style=\"display:none;\">2018-05-26T13:25:46+02:00<\/span><span>1st noviembre, 2017<\/span><span class=\"fusion-inline-sep\">|<\/span><span class=\"fusion-comments\"><a href=\"https:\/\/casa-interior.com\/es\/2017\/11\/01\/kuchentime-structura-en-nuestra-exposicion-en-altea\/#respond\">0 Comentarios<\/a><\/span><\/p><p>Una de las cosas que realmente nos gusta de la nueva cocina es el extractor Elica. No es necesario decir que todo el aire pasa a trav\u00e9s de un filtro para limpiarlo, pero tambi\u00e9n este extractor tiene la caracter\u00edstica de mantener la temperatura para que no desperdicie energ\u00eda, tenga que volver a enfriar o recalentar el aire en el resto de su casa. El dise\u00f1o es incre\u00edble y le da un toque genial a su nueva cocina.<\/p><\/div><\/article><article class=\"post fusion-column column col col-lg-12 col-md-12 col-sm-12\"><div class=\"fusion-flexslider fusion-flexslider-loading flexslider floated-slideshow flexslider-hover-type-none\"><ul class=\"slides\"><li><a href=\"https:\/\/casa-interior.com\/es\/2017\/10\/01\/kuchentime-en-nuestra-exposicion-de-altea\/\" aria-label=\"K\u00fcchentime en nuestra exposici\u00f3n de Altea\" class=\"hover-type-none\"><img decoding=\"async\" width=\"177\" height=\"142\" src=\"https:\/\/casa-interior.com\/wp-content\/uploads\/2018\/03\/2-177x142.jpg\" class=\"attachment-portfolio-five size-portfolio-five\" alt=\"\" \/><\/a><\/li><\/ul><\/div><div class=\"recent-posts-content\"><span class=\"vcard\" style=\"display: none;\"><span class=\"fn\"><a href=\"https:\/\/casa-interior.com\/es\/author\/niribas\/\" title=\"Entradas de niribas\" rel=\"author\">niribas<\/a><\/span><\/span><span class=\"updated\" style=\"display:none;\">2018-05-26T13:26:23+02:00<\/span><h4 class=\"entry-title\"><a href=\"https:\/\/casa-interior.com\/es\/2017\/10\/01\/kuchentime-en-nuestra-exposicion-de-altea\/\">K\u00fcchentime en nuestra exposici\u00f3n de Altea<\/a><\/h4><p class=\"meta\"><span class=\"vcard\" style=\"display: none;\"><span class=\"fn\"><a href=\"https:\/\/casa-interior.com\/es\/author\/niribas\/\" title=\"Entradas de niribas\" rel=\"author\">niribas<\/a><\/span><\/span><span class=\"updated\" style=\"display:none;\">2018-05-26T13:26:23+02:00<\/span><span>1st octubre, 2017<\/span><span class=\"fusion-inline-sep\">|<\/span><span class=\"fusion-comments\"><a href=\"https:\/\/casa-interior.com\/es\/2017\/10\/01\/kuchentime-en-nuestra-exposicion-de-altea\/#respond\">0 Comentarios<\/a><\/span><\/p><p>Tenemos el placer de mostrarles nuestra nueva cocina de exposici\u00f3n en nuestra tienda de Altea. Nos hemos decidido por un estilo moderno, del que estamos muy orgullosos. La cocina est\u00e1 dividida en tres partes:\r\nLa primera es la de trabajo, con la encimera, el fregadero, la placa de inducci\u00f3n etc, la segunda es la de almacenaje con las columnas, el horno y microondas; y la tercera es la isla con un gran mueble de cajones y una mesa auxiliar.<\/p><\/div><\/article><article class=\"post fusion-column column col col-lg-12 col-md-12 col-sm-12\"><div class=\"fusion-flexslider fusion-flexslider-loading flexslider floated-slideshow flexslider-hover-type-none\"><ul class=\"slides\"><li><a href=\"https:\/\/casa-interior.com\/es\/2017\/09\/01\/casa-interior\/\" aria-label=\"Casa Interior\" class=\"hover-type-none\"><img decoding=\"async\" width=\"177\" height=\"142\" src=\"https:\/\/casa-interior.com\/wp-content\/uploads\/2018\/03\/Altea-177x142.jpg\" class=\"attachment-portfolio-five size-portfolio-five\" alt=\"\" \/><\/a><\/li><\/ul><\/div><div class=\"recent-posts-content\"><span class=\"vcard\" style=\"display: none;\"><span class=\"fn\"><a href=\"https:\/\/casa-interior.com\/es\/author\/niribas\/\" title=\"Entradas de niribas\" rel=\"author\">niribas<\/a><\/span><\/span><span class=\"updated\" style=\"display:none;\">2018-05-26T13:26:54+02:00<\/span><h4 class=\"entry-title\"><a href=\"https:\/\/casa-interior.com\/es\/2017\/09\/01\/casa-interior\/\">Casa Interior<\/a><\/h4><p class=\"meta\"><span class=\"vcard\" style=\"display: none;\"><span class=\"fn\"><a href=\"https:\/\/casa-interior.com\/es\/author\/niribas\/\" title=\"Entradas de niribas\" rel=\"author\">niribas<\/a><\/span><\/span><span class=\"updated\" style=\"display:none;\">2018-05-26T13:26:54+02:00<\/span><span>1st septiembre, 2017<\/span><span class=\"fusion-inline-sep\">|<\/span><span class=\"fusion-comments\"><a href=\"https:\/\/casa-interior.com\/es\/2017\/09\/01\/casa-interior\/#respond\">0 Comentarios<\/a><\/span><\/p><p>Esta es una tierra llena de contrastes, largas playas con incre\u00edbles aguas azules y altas monta\u00f1as de color p\u00farpura. En el medio de ellos hay ciudades incre\u00edbles, la poderosa \u00e1rea tur\u00edstica de Benidorm, las casas de colores en Villajoyosa, el pintoresco pueblo de Guadalest, la tranquilidad de El Albir, las casas blancas en Altea, y todas las otras ciudades, Alfaz del Pi, La Nuc\u00eda, Calpe, Callosa d'en Sarri\u00e0, Relleu, Polop de la Marina, Orcheta, T\u00e1rbena, Sella, Benimantell, Bolulla, Confrides, Beniard\u00e1 y Benifato.<\/p><\/div><\/article><article class=\"post fusion-column column col col-lg-12 col-md-12 col-sm-12\"><div class=\"fusion-flexslider fusion-flexslider-loading flexslider floated-slideshow flexslider-hover-type-none\"><ul class=\"slides\"><li><a href=\"https:\/\/casa-interior.com\/es\/2017\/06\/01\/smeg-pequenos-electrodomesticos-de-cocina\/\" aria-label=\"Smeg &#8211; Peque\u00f1os electrodom\u00e9sticos de cocina\" class=\"hover-type-none\"><img decoding=\"async\" width=\"177\" height=\"142\" src=\"https:\/\/casa-interior.com\/wp-content\/uploads\/2017\/06\/Smeg-Logo-1-177x142.jpg\" class=\"attachment-portfolio-five size-portfolio-five\" alt=\"\" \/><\/a><\/li><\/ul><\/div><div class=\"recent-posts-content\"><span class=\"vcard\" style=\"display: none;\"><span class=\"fn\"><a href=\"https:\/\/casa-interior.com\/es\/author\/niribas\/\" title=\"Entradas de niribas\" rel=\"author\">niribas<\/a><\/span><\/span><span class=\"updated\" style=\"display:none;\">2018-05-26T20:34:19+02:00<\/span><h4 class=\"entry-title\"><a href=\"https:\/\/casa-interior.com\/es\/2017\/06\/01\/smeg-pequenos-electrodomesticos-de-cocina\/\">Smeg &#8211; Peque\u00f1os electrodom\u00e9sticos de cocina<\/a><\/h4><p class=\"meta\"><span class=\"vcard\" style=\"display: none;\"><span class=\"fn\"><a href=\"https:\/\/casa-interior.com\/es\/author\/niribas\/\" title=\"Entradas de niribas\" rel=\"author\">niribas<\/a><\/span><\/span><span class=\"updated\" style=\"display:none;\">2018-05-26T20:34:19+02:00<\/span><span>1st junio, 2017<\/span><span class=\"fusion-inline-sep\">|<\/span><span class=\"fusion-comments\"><a href=\"https:\/\/casa-interior.com\/es\/2017\/06\/01\/smeg-pequenos-electrodomesticos-de-cocina\/#respond\">0 Comentarios<\/a><\/span><\/p><p>Smeg es una marca italiana con m\u00e1s de 50 a\u00f1os de experiencia. Realmente nos gusta el estilo y el dise\u00f1o de sus productos, en particular de la l\u00ednea retro de los a\u00f1os 50. Aqu\u00ed puede ver alguno ejemplos que vimos en la pasada feria de cocinas Cevisama en Valencia.<\/p><\/div><\/article><article class=\"post fusion-column column col col-lg-12 col-md-12 col-sm-12\"><div class=\"fusion-flexslider fusion-flexslider-loading flexslider floated-slideshow flexslider-hover-type-none\"><ul class=\"slides\"><li><a href=\"https:\/\/casa-interior.com\/es\/2017\/05\/01\/cevisama-3a-parte-grifos-y-fregaderos\/\" aria-label=\"Cevisama 3\u00aa Parte &#8211; Grifos y Fregaderos\" class=\"hover-type-none\"><img decoding=\"async\" width=\"177\" height=\"142\" src=\"https:\/\/casa-interior.com\/wp-content\/uploads\/2018\/03\/Cevisama-Portada-177x142.jpg\" class=\"attachment-portfolio-five size-portfolio-five\" alt=\"\" \/><\/a><\/li><\/ul><\/div><div class=\"recent-posts-content\"><span class=\"vcard\" style=\"display: none;\"><span class=\"fn\"><a href=\"https:\/\/casa-interior.com\/es\/author\/niribas\/\" title=\"Entradas de niribas\" rel=\"author\">niribas<\/a><\/span><\/span><span class=\"updated\" style=\"display:none;\">2018-05-26T13:49:41+02:00<\/span><h4 class=\"entry-title\"><a href=\"https:\/\/casa-interior.com\/es\/2017\/05\/01\/cevisama-3a-parte-grifos-y-fregaderos\/\">Cevisama 3\u00aa Parte &#8211; Grifos y Fregaderos<\/a><\/h4><p class=\"meta\"><span class=\"vcard\" style=\"display: none;\"><span class=\"fn\"><a href=\"https:\/\/casa-interior.com\/es\/author\/niribas\/\" title=\"Entradas de niribas\" rel=\"author\">niribas<\/a><\/span><\/span><span class=\"updated\" style=\"display:none;\">2018-05-26T13:49:41+02:00<\/span><span>1st mayo, 2017<\/span><span class=\"fusion-inline-sep\">|<\/span><span class=\"fusion-comments\"><a href=\"https:\/\/casa-interior.com\/es\/2017\/05\/01\/cevisama-3a-parte-grifos-y-fregaderos\/#respond\">0 Comentarios<\/a><\/span><\/p><p>Hoy queremos mostrarte algunos de los diferentes tipos de grifos que hay ahora en el mercado. Estamos seguros de que lo encontrar\u00e1 interesante. Hay grifos cl\u00e1sicos o modernos, pero todos le dar\u00e1n ideas para su cocina.<\/p><\/div><\/article><article class=\"post fusion-column column col col-lg-12 col-md-12 col-sm-12\"><div class=\"fusion-flexslider fusion-flexslider-loading flexslider floated-slideshow flexslider-hover-type-none\"><ul class=\"slides\"><li><a href=\"https:\/\/casa-interior.com\/es\/2017\/04\/01\/cevisama-2a-parte-extractores\/\" aria-label=\"Cevisama 2\u00aa Parte &#8211; Extractores\" class=\"hover-type-none\"><img decoding=\"async\" width=\"177\" height=\"142\" src=\"https:\/\/casa-interior.com\/wp-content\/uploads\/2018\/03\/Cevisama-Portada-177x142.jpg\" class=\"attachment-portfolio-five size-portfolio-five\" alt=\"\" \/><\/a><\/li><\/ul><\/div><div class=\"recent-posts-content\"><span class=\"vcard\" style=\"display: none;\"><span class=\"fn\"><a href=\"https:\/\/casa-interior.com\/es\/author\/niribas\/\" title=\"Entradas de niribas\" rel=\"author\">niribas<\/a><\/span><\/span><span class=\"updated\" style=\"display:none;\">2018-05-26T13:56:50+02:00<\/span><h4 class=\"entry-title\"><a href=\"https:\/\/casa-interior.com\/es\/2017\/04\/01\/cevisama-2a-parte-extractores\/\">Cevisama 2\u00aa Parte &#8211; Extractores<\/a><\/h4><p class=\"meta\"><span class=\"vcard\" style=\"display: none;\"><span class=\"fn\"><a href=\"https:\/\/casa-interior.com\/es\/author\/niribas\/\" title=\"Entradas de niribas\" rel=\"author\">niribas<\/a><\/span><\/span><span class=\"updated\" style=\"display:none;\">2018-05-26T13:56:50+02:00<\/span><span>1st abril, 2017<\/span><span class=\"fusion-inline-sep\">|<\/span><span class=\"fusion-comments\"><a href=\"https:\/\/casa-interior.com\/es\/2017\/04\/01\/cevisama-2a-parte-extractores\/#respond\">0 Comentarios<\/a><\/span><\/p><p>\u00e1s de nuestra reciente visita a la exposici\u00f3n en Valencia.\r\n\r\nHay muchas noticias recientes y cambios en los extractores de cocina, y hoy queremos mostrarles algunos de ellos. Varios pa\u00edses han legislado nuevas leyes con respecto a las obligaciones de reutilizar el aire del extractor de la cocina este a\u00f1o.<\/p><\/div><\/article><article class=\"post fusion-column column col col-lg-12 col-md-12 col-sm-12\"><div class=\"fusion-flexslider fusion-flexslider-loading flexslider floated-slideshow flexslider-hover-type-none\"><ul class=\"slides\"><li><a href=\"https:\/\/casa-interior.com\/es\/2017\/02\/24\/cevisama-valencia-2017\/\" aria-label=\"Cevisama, Valencia 2017\" class=\"hover-type-none\"><img decoding=\"async\" width=\"177\" height=\"142\" src=\"https:\/\/casa-interior.com\/wp-content\/uploads\/2018\/03\/Cevisama-Portada-177x142.jpg\" class=\"attachment-portfolio-five size-portfolio-five\" alt=\"\" \/><\/a><\/li><\/ul><\/div><div class=\"recent-posts-content\"><span class=\"vcard\" style=\"display: none;\"><span class=\"fn\"><a href=\"https:\/\/casa-interior.com\/es\/author\/niribas\/\" title=\"Entradas de niribas\" rel=\"author\">niribas<\/a><\/span><\/span><span class=\"updated\" style=\"display:none;\">2018-05-26T20:56:05+02:00<\/span><h4 class=\"entry-title\"><a href=\"https:\/\/casa-interior.com\/es\/2017\/02\/24\/cevisama-valencia-2017\/\">Cevisama, Valencia 2017<\/a><\/h4><p class=\"meta\"><span class=\"vcard\" style=\"display: none;\"><span class=\"fn\"><a href=\"https:\/\/casa-interior.com\/es\/author\/niribas\/\" title=\"Entradas de niribas\" rel=\"author\">niribas<\/a><\/span><\/span><span class=\"updated\" style=\"display:none;\">2018-05-26T20:56:05+02:00<\/span><span>24th febrero, 2017<\/span><span class=\"fusion-inline-sep\">|<\/span><span class=\"fusion-comments\"><a href=\"https:\/\/casa-interior.com\/es\/2017\/02\/24\/cevisama-valencia-2017\/#respond\">0 Comentarios<\/a><\/span><\/p><p>Despu\u00e9s de una fant\u00e1stica semana en Valencia, donde hemos visto muchas cosas \u00fatiles e interesantes, en Casa Interior, ahora estamos listos para compartir algunas de las cosas m\u00e1s destacadas que ya est\u00e1n en el mercado.\r\n<\/p><\/div><\/article><\/section><\/div><div class=\"fusion-clearfix\"><\/div><\/div><\/div><\/div><\/div><div class=\"fusion-fullwidth fullwidth-box fusion-builder-row-6 nonhundred-percent-fullwidth non-hundred-percent-height-scrolling fusion-equal-height-columns\" style=\"--awb-border-radius-top-left:0px;--awb-border-radius-top-right:0px;--awb-border-radius-bottom-right:0px;--awb-border-radius-bottom-left:0px;--awb-padding-top:0px;--awb-padding-right:0px;--awb-padding-bottom:0px;--awb-padding-left:0px;--awb-background-color:#cc6669;--awb-border-sizes-top:0px;--awb-border-sizes-bottom:0px;--awb-flex-wrap:wrap;\" ><div class=\"fusion-builder-row fusion-row\"><div class=\"fusion-layout-column fusion_builder_column fusion-builder-column-11 fusion_builder_column_1_1 1_1 fusion-one-full fusion-column-first fusion-column-last\" style=\"--awb-padding-top:18%;--awb-padding-bottom:18%;--awb-bg-size:cover;\"><div class=\"fusion-column-wrapper fusion-flex-column-wrapper-legacy\"><div class=\"fusion-column-content-centered\"><div class=\"fusion-column-content\"><div class=\"fusion-image-element fusion-image-align-center in-legacy-container\" style=\"text-align:center;--awb-caption-title-font-family:var(--h2_typography-font-family);--awb-caption-title-font-weight:var(--h2_typography-font-weight);--awb-caption-title-font-style:var(--h2_typography-font-style);--awb-caption-title-size:var(--h2_typography-font-size);--awb-caption-title-transform:var(--h2_typography-text-transform);--awb-caption-title-line-height:var(--h2_typography-line-height);--awb-caption-title-letter-spacing:var(--h2_typography-letter-spacing);\"><div class=\"imageframe-align-center\"><span class=\" fusion-imageframe imageframe-none imageframe-4 hover-type-none\"><img decoding=\"async\" width=\"54\" height=\"60\" alt=\"Logo Casa Interior\" title=\"Separador-Casa-Interior\" src=\"https:\/\/casa-interior.com\/wp-content\/uploads\/2018\/03\/Separador-Casa-Interior-1.png\" class=\"img-responsive wp-image-11980\"\/><\/span><\/div><\/div><div class=\"fusion-text fusion-text-6\"><h1 style=\"text-align: center;\" data-inline-fontsize=\"true\" data-inline-lineheight=\"true\" data-fontsize=\"84\" data-lineheight=\"60\"><span style=\"color: #ffffff;\">\u00bfPreparado para hablar?<\/span><\/h1>\n<\/div><div class=\"fusion-text fusion-text-7\"><p style=\"font-weight: 300; text-align: center; color: #fff; letter-spacing: 2px;\">\u00bfTIENE UNA IDEA EN LA QUE LE PODAMOS AYUDAR?<\/p>\n<\/div><div class=\"fusion-sep-clear\"><\/div><div class=\"fusion-separator fusion-full-width-sep\" style=\"margin-left: auto;margin-right: auto;margin-top:5px;width:100%;\"><\/div><div class=\"fusion-sep-clear\"><\/div><div class=\"fusion-aligncenter\"><a class=\"fusion-button button-flat fusion-button-default-size button-custom fusion-button-default button-2 fusion-button-default-span fusion-button-default-type\" style=\"--button_accent_color:#1f1f27;--button_accent_hover_color:#ffffff;--button_border_hover_color:#ffffff;--button_gradient_top_color:#ffffff;--button_gradient_bottom_color:#ffffff;--button_gradient_top_color_hover:#cc6669;--button_gradient_bottom_color_hover:#cc6669;\" target=\"_self\" href=\"https:\/\/casa-interior.com\/contact\"><i class=\"fa-play fas awb-button__icon awb-button__icon--default button-icon-left\" aria-hidden=\"true\"><\/i><span class=\"fusion-button-text awb-button__text awb-button__text--default\">Contacte con nosotros<\/span><\/a><\/div><\/div><\/div><div class=\"fusion-clearfix\"><\/div><\/div><\/div><\/div><\/div><\/p>\n","protected":false},"excerpt":{"rendered":"","protected":false},"author":1,"featured_media":0,"parent":0,"menu_order":0,"comment_status":"closed","ping_status":"closed","template":"100-width.php","meta":{"footnotes":""},"class_list":["post-15278","page","type-page","status-publish","hentry"],"yoast_head":"<!-- This site is optimized with the Yoast SEO plugin v27.3 - https:\/\/yoast.com\/product\/yoast-seo-wordpress\/ -->\n<title>Casa Interior - Art\u00edculos -Blog de Casa Interior con Noticias y Experiencias<\/title>\n<meta name=\"robots\" content=\"index, follow, max-snippet:-1, max-image-preview:large, max-video-preview:-1\" \/>\n<link rel=\"canonical\" href=\"https:\/\/casa-interior.com\/es\/articulos\/\" \/>\n<meta property=\"og:locale\" content=\"es_ES\" \/>\n<meta property=\"og:type\" content=\"article\" \/>\n<meta property=\"og:title\" content=\"Casa Interior - Art\u00edculos -Blog de Casa Interior con Noticias y Experiencias\" \/>\n<meta property=\"og:url\" content=\"https:\/\/casa-interior.com\/es\/articulos\/\" \/>\n<meta property=\"og:site_name\" content=\"Casa Interior\" \/>\n<meta property=\"article:publisher\" content=\"https:\/\/www.facebook.com\/kitchens.costa.blanca\/\" \/>\n<meta property=\"article:modified_time\" content=\"2018-07-21T11:02:14+00:00\" \/>\n<meta name=\"twitter:card\" content=\"summary_large_image\" \/>\n<meta name=\"twitter:label1\" content=\"Tiempo de lectura\" \/>\n\t<meta name=\"twitter:data1\" content=\"12 minutos\" \/>\n<script type=\"application\/ld+json\" class=\"yoast-schema-graph\">{\"@context\":\"https:\\\/\\\/schema.org\",\"@graph\":[{\"@type\":\"WebPage\",\"@id\":\"https:\\\/\\\/casa-interior.com\\\/es\\\/articulos\\\/\",\"url\":\"https:\\\/\\\/casa-interior.com\\\/es\\\/articulos\\\/\",\"name\":\"Casa Interior - Art\u00edculos -Blog de Casa Interior con Noticias y Experiencias\",\"isPartOf\":{\"@id\":\"https:\\\/\\\/casa-interior.com\\\/es\\\/#website\"},\"datePublished\":\"2018-04-22T10:37:51+00:00\",\"dateModified\":\"2018-07-21T11:02:14+00:00\",\"breadcrumb\":{\"@id\":\"https:\\\/\\\/casa-interior.com\\\/es\\\/articulos\\\/#breadcrumb\"},\"inLanguage\":\"es\",\"potentialAction\":[{\"@type\":\"ReadAction\",\"target\":[\"https:\\\/\\\/casa-interior.com\\\/es\\\/articulos\\\/\"]}]},{\"@type\":\"BreadcrumbList\",\"@id\":\"https:\\\/\\\/casa-interior.com\\\/es\\\/articulos\\\/#breadcrumb\",\"itemListElement\":[{\"@type\":\"ListItem\",\"position\":1,\"name\":\"Portada\",\"item\":\"https:\\\/\\\/casa-interior.com\\\/es\\\/casa-interior\\\/\"},{\"@type\":\"ListItem\",\"position\":2,\"name\":\"Art\u00edculos\"}]},{\"@type\":\"WebSite\",\"@id\":\"https:\\\/\\\/casa-interior.com\\\/es\\\/#website\",\"url\":\"https:\\\/\\\/casa-interior.com\\\/es\\\/\",\"name\":\"Casa Interior\",\"description\":\"Kitchen Designers in Costa Blanca\",\"publisher\":{\"@id\":\"https:\\\/\\\/casa-interior.com\\\/es\\\/#organization\"},\"potentialAction\":[{\"@type\":\"SearchAction\",\"target\":{\"@type\":\"EntryPoint\",\"urlTemplate\":\"https:\\\/\\\/casa-interior.com\\\/es\\\/?s={search_term_string}\"},\"query-input\":{\"@type\":\"PropertyValueSpecification\",\"valueRequired\":true,\"valueName\":\"search_term_string\"}}],\"inLanguage\":\"es\"},{\"@type\":\"Organization\",\"@id\":\"https:\\\/\\\/casa-interior.com\\\/es\\\/#organization\",\"name\":\"Casa Interior\",\"url\":\"https:\\\/\\\/casa-interior.com\\\/es\\\/\",\"logo\":{\"@type\":\"ImageObject\",\"inLanguage\":\"es\",\"@id\":\"https:\\\/\\\/casa-interior.com\\\/es\\\/#\\\/schema\\\/logo\\\/image\\\/\",\"url\":\"https:\\\/\\\/casa-interior.com\\\/wp-content\\\/uploads\\\/2018\\\/03\\\/Logo-Casa-Interior-nuevo-150px.png\",\"contentUrl\":\"https:\\\/\\\/casa-interior.com\\\/wp-content\\\/uploads\\\/2018\\\/03\\\/Logo-Casa-Interior-nuevo-150px.png\",\"width\":150,\"height\":150,\"caption\":\"Casa Interior\"},\"image\":{\"@id\":\"https:\\\/\\\/casa-interior.com\\\/es\\\/#\\\/schema\\\/logo\\\/image\\\/\"},\"sameAs\":[\"https:\\\/\\\/www.facebook.com\\\/kitchens.costa.blanca\\\/\",\"https:\\\/\\\/www.instagram.com\\\/casainterioraltea\"]}]}<\/script>\n<!-- \/ Yoast SEO plugin. -->","yoast_head_json":{"title":"Casa Interior - Art\u00edculos -Blog de Casa Interior con Noticias y Experiencias","robots":{"index":"index","follow":"follow","max-snippet":"max-snippet:-1","max-image-preview":"max-image-preview:large","max-video-preview":"max-video-preview:-1"},"canonical":"https:\/\/casa-interior.com\/es\/articulos\/","og_locale":"es_ES","og_type":"article","og_title":"Casa Interior - Art\u00edculos -Blog de Casa Interior con Noticias y Experiencias","og_url":"https:\/\/casa-interior.com\/es\/articulos\/","og_site_name":"Casa Interior","article_publisher":"https:\/\/www.facebook.com\/kitchens.costa.blanca\/","article_modified_time":"2018-07-21T11:02:14+00:00","twitter_card":"summary_large_image","twitter_misc":{"Tiempo de lectura":"12 minutos"},"schema":{"@context":"https:\/\/schema.org","@graph":[{"@type":"WebPage","@id":"https:\/\/casa-interior.com\/es\/articulos\/","url":"https:\/\/casa-interior.com\/es\/articulos\/","name":"Casa Interior - Art\u00edculos -Blog de Casa Interior con Noticias y Experiencias","isPartOf":{"@id":"https:\/\/casa-interior.com\/es\/#website"},"datePublished":"2018-04-22T10:37:51+00:00","dateModified":"2018-07-21T11:02:14+00:00","breadcrumb":{"@id":"https:\/\/casa-interior.com\/es\/articulos\/#breadcrumb"},"inLanguage":"es","potentialAction":[{"@type":"ReadAction","target":["https:\/\/casa-interior.com\/es\/articulos\/"]}]},{"@type":"BreadcrumbList","@id":"https:\/\/casa-interior.com\/es\/articulos\/#breadcrumb","itemListElement":[{"@type":"ListItem","position":1,"name":"Portada","item":"https:\/\/casa-interior.com\/es\/casa-interior\/"},{"@type":"ListItem","position":2,"name":"Art\u00edculos"}]},{"@type":"WebSite","@id":"https:\/\/casa-interior.com\/es\/#website","url":"https:\/\/casa-interior.com\/es\/","name":"Casa Interior","description":"Kitchen Designers in Costa Blanca","publisher":{"@id":"https:\/\/casa-interior.com\/es\/#organization"},"potentialAction":[{"@type":"SearchAction","target":{"@type":"EntryPoint","urlTemplate":"https:\/\/casa-interior.com\/es\/?s={search_term_string}"},"query-input":{"@type":"PropertyValueSpecification","valueRequired":true,"valueName":"search_term_string"}}],"inLanguage":"es"},{"@type":"Organization","@id":"https:\/\/casa-interior.com\/es\/#organization","name":"Casa Interior","url":"https:\/\/casa-interior.com\/es\/","logo":{"@type":"ImageObject","inLanguage":"es","@id":"https:\/\/casa-interior.com\/es\/#\/schema\/logo\/image\/","url":"https:\/\/casa-interior.com\/wp-content\/uploads\/2018\/03\/Logo-Casa-Interior-nuevo-150px.png","contentUrl":"https:\/\/casa-interior.com\/wp-content\/uploads\/2018\/03\/Logo-Casa-Interior-nuevo-150px.png","width":150,"height":150,"caption":"Casa Interior"},"image":{"@id":"https:\/\/casa-interior.com\/es\/#\/schema\/logo\/image\/"},"sameAs":["https:\/\/www.facebook.com\/kitchens.costa.blanca\/","https:\/\/www.instagram.com\/casainterioraltea"]}]}},"_links":{"self":[{"href":"https:\/\/casa-interior.com\/es\/wp-json\/wp\/v2\/pages\/15278","targetHints":{"allow":["GET"]}}],"collection":[{"href":"https:\/\/casa-interior.com\/es\/wp-json\/wp\/v2\/pages"}],"about":[{"href":"https:\/\/casa-interior.com\/es\/wp-json\/wp\/v2\/types\/page"}],"author":[{"embeddable":true,"href":"https:\/\/casa-interior.com\/es\/wp-json\/wp\/v2\/users\/1"}],"replies":[{"embeddable":true,"href":"https:\/\/casa-interior.com\/es\/wp-json\/wp\/v2\/comments?post=15278"}],"version-history":[{"count":0,"href":"https:\/\/casa-interior.com\/es\/wp-json\/wp\/v2\/pages\/15278\/revisions"}],"wp:attachment":[{"href":"https:\/\/casa-interior.com\/es\/wp-json\/wp\/v2\/media?parent=15278"}],"curies":[{"name":"wp","href":"https:\/\/api.w.org\/{rel}","templated":true}]}}